{"id":419,"date":"2023-07-03T21:43:07","date_gmt":"2023-07-03T21:43:07","guid":{"rendered":"https:\/\/elsembradorministries.com\/esne\/desde-el-vaticano\/?page_id=419"},"modified":"2025-05-13T00:41:04","modified_gmt":"2025-05-13T00:41:04","slug":"video-2","status":"publish","type":"page","link":"https:\/\/elsembradorministries.com\/esne\/desde-el-vaticano\/","title":{"rendered":"Video &#8211; 2"},"content":{"rendered":"\t\t<div data-elementor-type=\"wp-page\" data-elementor-id=\"419\" class=\"elementor elementor-419\">\n\t\t\t\t\t\t<section class=\"has_eae_slider elementor-section elementor-top-section elementor-element elementor-element-bd09b7e elementor-section-full_width elementor-section-height-default elementor-section-height-default\" data-eae-slider=\"14197\" data-id=\"bd09b7e\" data-element_type=\"section\" data-e-type=\"section\">\n\t\t\t\t\t\t<div class=\"elementor-container elementor-column-gap-default\">\n\t\t\t\t\t<div class=\"has_eae_slider elementor-column elementor-col-100 elementor-top-column elementor-element elementor-element-2dd4671\" data-eae-slider=\"94524\" data-id=\"2dd4671\" data-element_type=\"column\" data-e-type=\"column\">\n\t\t\t<div class=\"elementor-widget-wrap\">\n\t\t\t\t\t\t\t<\/div>\n\t\t<\/div>\n\t\t\t\t\t<\/div>\n\t\t<\/section>\n\t\t\t\t<section class=\"has_eae_slider elementor-section elementor-top-section elementor-element elementor-element-9329f49 elementor-section-full_width elementor-section-stretched elementor-section-height-default elementor-section-height-default\" data-eae-slider=\"49610\" data-id=\"9329f49\" data-element_type=\"section\" data-e-type=\"section\" data-settings=\"{&quot;stretch_section&quot;:&quot;section-stretched&quot;,&quot;background_background&quot;:&quot;classic&quot;}\">\n\t\t\t\t\t\t<div class=\"elementor-container elementor-column-gap-no\">\n\t\t\t\t\t<div class=\"has_eae_slider elementor-column elementor-col-100 elementor-top-column elementor-element elementor-element-ada83de\" data-eae-slider=\"53572\" data-id=\"ada83de\" data-element_type=\"column\" data-e-type=\"column\">\n\t\t\t<div class=\"elementor-widget-wrap elementor-element-populated\">\n\t\t\t\t\t\t<div class=\"elementor-element elementor-element-1279414 elementor-widget elementor-widget-spacer\" data-id=\"1279414\" data-element_type=\"widget\" data-e-type=\"widget\" data-widget_type=\"spacer.default\">\n\t\t\t\t<div class=\"elementor-widget-container\">\n\t\t\t\t\t\t\t<div class=\"elementor-spacer\">\n\t\t\t<div class=\"elementor-spacer-inner\"><\/div>\n\t\t<\/div>\n\t\t\t\t\t\t<\/div>\n\t\t\t\t<\/div>\n\t\t\t\t\t<\/div>\n\t\t<\/div>\n\t\t\t\t\t<\/div>\n\t\t<\/section>\n\t\t\t\t<section class=\"has_eae_slider elementor-section elementor-top-section elementor-element elementor-element-6d5f977 elementor-section-full_width elementor-hidden-mobile elementor-section-height-default elementor-section-height-default\" data-eae-slider=\"57535\" data-id=\"6d5f977\" data-element_type=\"section\" data-e-type=\"section\" data-settings=\"{&quot;background_background&quot;:&quot;gradient&quot;}\">\n\t\t\t\t\t\t<div class=\"elementor-container elementor-column-gap-no\">\n\t\t\t\t\t<div class=\"has_eae_slider elementor-column elementor-col-100 elementor-top-column elementor-element elementor-element-8b53c76\" data-eae-slider=\"21106\" data-id=\"8b53c76\" data-element_type=\"column\" data-e-type=\"column\">\n\t\t\t<div class=\"elementor-widget-wrap elementor-element-populated\">\n\t\t\t\t\t\t<div class=\"elementor-element elementor-element-8449d2c elementor-widget elementor-widget-text-editor\" data-id=\"8449d2c\" data-element_type=\"widget\" data-e-type=\"widget\" data-widget_type=\"text-editor.default\">\n\t\t\t\t<div class=\"elementor-widget-container\">\n\t\t\t\t\t\t\t\t\t<p>\t<script>\r\n\t(function( $ ) {\r\n\t'use strict';\r\n\r\n\t\t$( document ).ready(function() {\r\n\r\n\t\t\t\/\/ Initial arguments.\r\n\t\t\tvar wpgpygAPIkey       = 'AIzaSyAVc_F0x9kuejX2NUfctTF4I9gyz5yM_bI';\r\n\t\t\tvar wpgpygTheme        = 'scroll';\r\n\t\t\tvar wpgpygSource       = 'playlist';\r\n\t\t\tvar wpgpygSourceID     = 'PL4Rx4o1d0DgwkGhqSY3H3uD-9-pOcjF8B';\r\n\r\n\t\t\t\/\/ Query arguments.\r\n\t\t\tvar wpgpygMaxResult    = '20';\r\n\t\t\tvar wpgpygTitleShow    = '1';\r\n\t\t\tvar wpgpygDescShow     = '0';\r\n\t\t\tvar wpgpygThumbShow    = '1';\r\n\t\t\tvar wpgpygPagingTxt    = 'More';\r\n\t\t\tvar wpgpygOrder        = 'date';\r\n\r\n\t\t\tif('gallery' !== wpgpygTheme) {\r\n\r\n\t\t\t\t$('#youtube').spidochetube({\r\n\t\t\t\t\tkey             : wpgpygAPIkey, \/\/ API Key\r\n\t\t\t\t\tsources         : wpgpygSource,\r\n\t\t\t\t\tid              : wpgpygSourceID, \/\/ Playlist ID\r\n\t\t\t\t\tmax_results     : wpgpygMaxResult,\r\n\t\t\t\t\ttitle_show      : wpgpygTitleShow,\r\n\t\t\t\t\tdesc_show       : wpgpygDescShow,\r\n\t\t\t\t\tthumb_show      : wpgpygThumbShow,\r\n\t\t\t\t\tpaging          : 'loadmore',\r\n\t\t\t\t\tpagingTxt       : wpgpygPagingTxt,\r\n\t\t\t\t\torderBy         : wpgpygOrder,\r\n\t\t\t\t\tscroll_duration : 500,\r\n\t\t\t\t\tcomplete: function(){\r\n\t\t\t\t\t\t\/\/ Initialize the scroll plugin after the playlist is ready\r\n\t\t\t\t\t\t$('#spidochetube_list').niceScroll({\r\n\t\t\t\t\t\t\tcursorcolor  : '#666',\r\n\t\t\t\t\t\t\tcursorborder : '0px solid #fff',\r\n\t\t\t\t\t\t\tautohidemode : false\r\n\t\t\t\t\t\t});\r\n\t\t\t\t\t}\r\n\t\t\t\t});\r\n\t\t\t} else {\r\n\r\n\t\t\t\t$('#youtube').spidochetube({\r\n\t\t\t\t\tkey             : wpgpygAPIkey, \/\/ API Key\r\n\t\t\t\t\tsources         : wpgpygSource,\r\n\t\t\t\t\tid              : wpgpygSourceID, \/\/ Playlist ID\r\n\t\t\t\t\tmax_results     : wpgpygMaxResult,\r\n\t\t\t\t\ttitle_show      : wpgpygTitleShow,\r\n\t\t\t\t\tdesc_show       : wpgpygDescShow,\r\n\t\t\t\t\tthumb_show      : wpgpygThumbShow,\r\n\t\t\t\t\tpaging          : 'loadmore',\r\n\t\t\t\t\tpagingTxt       : wpgpygPagingTxt,\r\n\t\t\t\t\torderBy         : wpgpygOrder,\r\n\t\t\t\t});\r\n\t\t\t}\r\n\r\n\t\t});\r\n\t})( jQuery );\r\n\t<\/script>\r\n\t<style>\r\n\t#player {\r\n\t\tmin-height: 337px !important;\r\n\t}\r\n\t#wpgpyt-wrapper {\r\n\t\tposition: relative;\r\n\t\tdisplay: grid;\r\n\t}\r\n\t.spidochetube {\r\n\t\tmax-width: 1200px;\r\n\t\tmargin: 0 auto;\r\n\t}\r\n\t.wpgpyt-mode-scroll .spidochetube {\r\n\t\tbox-shadow: rgba(50, 50, 93, 0.25) 0px 6px 12px -2px, rgba(0, 0, 0, 0.3) 0px 3px 7px -3px;\r\n\t}\r\n\t.wpgpyt-mode-scroll #spidochetube_loadmore {\r\n\t\tcolor: #999;\r\n\t\tdisplay: block;\r\n\t\ttext-align: right;\r\n\t\tfont-size: 16px;\r\n\t\tline-height: 20px;\r\n\t}\r\n\t#spidochetube_player {padding: 20px 20px;}\t<\/style>\r\n\t<section id=\"wpgpyt-wrapper\" class=\"wpgpyt-mode-scroll\">\r\n\t\t<div id=\"youtube\" class=\"spidochetube\"><\/div>\r\n\t<\/section>\r\n\t<style><\/style><style>#wpgpyg--section-title-418{margin-bottom:px;}#wpgpyt--ytsubscribe{text-align:center;}<\/style><\/p>\t\t\t\t\t\t\t\t<\/div>\n\t\t\t\t<\/div>\n\t\t\t\t\t<\/div>\n\t\t<\/div>\n\t\t\t\t\t<\/div>\n\t\t<\/section>\n\t\t\t\t<section class=\"has_eae_slider elementor-section elementor-top-section elementor-element elementor-element-c770709 elementor-section-stretched elementor-section-full_width elementor-hidden-desktop elementor-hidden-tablet elementor-section-height-default elementor-section-height-default\" data-eae-slider=\"9377\" data-id=\"c770709\" data-element_type=\"section\" data-e-type=\"section\" data-settings=\"{&quot;stretch_section&quot;:&quot;section-stretched&quot;,&quot;background_background&quot;:&quot;gradient&quot;}\">\n\t\t\t\t\t\t<div class=\"elementor-container elementor-column-gap-default\">\n\t\t\t\t\t<div class=\"has_eae_slider elementor-column elementor-col-100 elementor-top-column elementor-element elementor-element-a4d668a\" data-eae-slider=\"80782\" data-id=\"a4d668a\" data-element_type=\"column\" data-e-type=\"column\">\n\t\t\t<div class=\"elementor-widget-wrap elementor-element-populated\">\n\t\t\t\t\t\t<div class=\"elementor-element elementor-element-4640b3a elementor-widget elementor-widget-text-editor\" data-id=\"4640b3a\" data-element_type=\"widget\" data-e-type=\"widget\" data-widget_type=\"text-editor.default\">\n\t\t\t\t<div class=\"elementor-widget-container\">\n\t\t\t\t\t\t\t\t\t<p>\t\t\t<div \n\t\t\tclass=\"yotu-playlist yotuwp yotu-limit-min yotu-player-full  yotu-thumb-43  yotu-template-list\" \n\t\t\tdata-page=\"1\"\n\t\t\tid=\"yotuwp-69f518be95908\"\n\t\t\tdata-yotu=\"69f518bef1634\"\n\t\t\tdata-total=\"261\"\n\t\t\tdata-settings=\"eyJ0eXBlIjoicGxheWxpc3QiLCJpZCI6IlBMNFJ4NG8xZDBEZ3drR2hxU1kzSDN1RC05LXBPY2pGOEIiLCJwYWdpbmF0aW9uIjoib24iLCJwYWdpdHlwZSI6InBhZ2VyIiwiY29sdW1uIjoiMiIsInBlcl9wYWdlIjoiNCIsInRlbXBsYXRlIjoibGlzdCIsInRpdGxlIjoib24iLCJkZXNjcmlwdGlvbiI6Im9mZiIsInRodW1icmF0aW8iOiI0MyIsIm1ldGEiOiJvZmYiLCJtZXRhX2RhdGEiOiJvZmYiLCJtZXRhX3Bvc2l0aW9uIjoib2ZmIiwiZGF0ZV9mb3JtYXQiOiJvZmYiLCJtZXRhX2FsaWduIjoib2ZmIiwic3Vic2NyaWJlIjoib2ZmIiwiZHVyYXRpb24iOiJvZmYiLCJtZXRhX2ljb24iOiJvZmYiLCJuZXh0dGV4dCI6IiIsInByZXZ0ZXh0IjoiIiwibG9hZG1vcmV0ZXh0IjoiIiwicGxheWVyIjp7Im1vZGUiOiJsYXJnZSIsIndpZHRoIjoiMCIsInNjcm9sbGluZyI6IjEwMCIsImF1dG9wbGF5IjowLCJjb250cm9scyI6MSwibW9kZXN0YnJhbmRpbmciOjEsImxvb3AiOjAsImF1dG9uZXh0IjoxLCJzaG93aW5mbyI6MCwicmVsIjowLCJwbGF5aW5nIjowLCJwbGF5aW5nX2Rlc2NyaXB0aW9uIjowLCJ0aHVtYm5haWxzIjowLCJjY19sb2FkX3BvbGljeSI6IjAiLCJjY19sYW5nX3ByZWYiOiIxIiwiaGwiOiIiLCJpdl9sb2FkX3BvbGljeSI6IjMifSwibGFzdF90YWIiOiJwbGF5ZXIiLCJ1c2VfYXNfbW9kYWwiOiJvZmYiLCJtb2RhbF9pZCI6Im9mZiIsImxhc3RfdXBkYXRlIjoiMTY4ODY2OTQ2MiIsInN0eWxpbmciOnsicGFnZXJfbGF5b3V0IjoiZGVmYXVsdCIsImJ1dHRvbiI6IjEiLCJidXR0b25fY29sb3IiOiIiLCJidXR0b25fYmdfY29sb3IiOiIiLCJidXR0b25fY29sb3JfaG92ZXIiOiIiLCJidXR0b25fYmdfY29sb3JfaG92ZXIiOiIiLCJ2aWRlb19zdHlsZSI6IiIsInBsYXlpY29uX2NvbG9yIjoiIiwiaG92ZXJfaWNvbiI6IiIsImdhbGxlcnlfYmciOiIifSwiZWZmZWN0cyI6eyJ2aWRlb19ib3giOiIiLCJmbGlwX2VmZmVjdCI6IiJ9LCJnYWxsZXJ5X2lkIjoiNjlmNTE4YmU5NTkwOCIsIm5leHQiOiJFQUFhSGxCVU9rTkJVV2xGUkdSRlRXcFdRazE2WnpGTmVsSkdUMVZHUTFGNlRRIiwicHJldiI6IiJ9\"\n\t\t\tdata-player=\"large\"\n\t\t\tdata-showdesc=\"off\" >\n\t\t\t\t<div>\n\t\t\t\t\t\t\t\t\t\t<div class=\"yotu-wrapper-player\" style=\"\">\n\t\t\t\t\t\t\t\t\t\t\t\t<div class=\"yotu-player\">\n\t\t\t\t\t\t\t<div class=\"yotu-video-placeholder\" id=\"yotu-player-69f518bef1634\"><\/div>\n\t\t\t\t\t\t<\/div>\n\t\t\t\t\t\t<div class=\"yotu-playing-status\"><\/div>\n\t\t\t\t\t\t\t\t\t\t\t<\/div>\n\n\t\t\t\t\t<div class=\"yotu-pagination yotu-pager_layout-default yotu-pagination-top\">\n<a href=\"#\" class=\"yotu-pagination-prev yotu-button-prs yotu-button-prs-1\" data-page=\"prev\">Prev<\/a>\n<span class=\"yotu-pagination-current\">1<\/span> <span>of<\/span> <span class=\"yotu-pagination-total\">261<\/span>\n<a href=\"#\" class=\"yotu-pagination-next yotu-button-prs yotu-button-prs-1\" data-page=\"next\">Next<\/a>\n<\/div>\n<div class=\"yotu-videos yotu-mode-list yotu-column-2 yotu-player-mode-large\">\n\t<ul>\n\t\t\t\t\t<li class=\" yotu-first\">\n\t\t\t\t\t\t\t\t<a href=\"#1VOcTSYOHVA\" class=\"yotu-video\" data-videoid=\"1VOcTSYOHVA\" data-title=\"El Papa pide a la Iglesia de Colonia que mantenga su ayuda a los cristianos perseguidos\">\n\t\t\t\t\t<div class=\"yotu-video-thumb-wrp\">\n\t\t\t\t\t\t<div>\n\t\t\t\t\t\t\t\t\t\t\t\t\t\t<img decoding=\"async\" class=\"yotu-video-thumb\" src=\"https:\/\/i.ytimg.com\/vi\/1VOcTSYOHVA\/sddefault.jpg\" alt=\"El Papa pide a la Iglesia de Colonia que mantenga su ayuda a los cristianos perseguidos\" \/>\n\t\t\t\t\t\t\t\t\t\t\t\t\t<\/div>\n\t\t\t\t\t<\/div>\n\t\t\t\t\t\t\t\t\t\t\t<h3 class=\"yotu-video-title\">El Papa pide a la Iglesia de Colonia que mantenga su ayuda a los cristianos perseguidos<\/h3>\n\t\t\t\t\t\t\t\t\t\t\t\t\t\t\t\t\t\t\t<\/a>\n\t\t\t\t\t\t\t<\/li>\n\t\t\t\t\n\t\t\t\t\t\t<li class=\"\">\n\t\t\t\t\t\t\t\t<a href=\"#7ZfHwmuAL1I\" class=\"yotu-video\" data-videoid=\"7ZfHwmuAL1I\" data-title=\"Resumen semanal con el Papa Le\u00f3n XIV\">\n\t\t\t\t\t<div class=\"yotu-video-thumb-wrp\">\n\t\t\t\t\t\t<div>\n\t\t\t\t\t\t\t\t\t\t\t\t\t\t<img decoding=\"async\" class=\"yotu-video-thumb\" src=\"https:\/\/i.ytimg.com\/vi\/7ZfHwmuAL1I\/sddefault.jpg\" alt=\"Resumen semanal con el Papa Le\u00f3n XIV\" \/>\n\t\t\t\t\t\t\t\t\t\t\t\t\t<\/div>\n\t\t\t\t\t<\/div>\n\t\t\t\t\t\t\t\t\t\t\t<h3 class=\"yotu-video-title\">Resumen semanal con el Papa Le\u00f3n XIV<\/h3>\n\t\t\t\t\t\t\t\t\t\t\t\t\t\t\t\t\t\t\t<\/a>\n\t\t\t\t\t\t\t<\/li>\n\t\t\t\t\n\t\t\t\t\t\t<li class=\"\">\n\t\t\t\t\t\t\t\t<a href=\"#MBH-lwakMQU\" class=\"yotu-video\" data-videoid=\"MBH-lwakMQU\" data-title=\"Papa Le\u00f3n XIV Insta a optar decididamenta por la paz en Colombia\">\n\t\t\t\t\t<div class=\"yotu-video-thumb-wrp\">\n\t\t\t\t\t\t<div>\n\t\t\t\t\t\t\t\t\t\t\t\t\t\t<img decoding=\"async\" class=\"yotu-video-thumb\" src=\"https:\/\/i.ytimg.com\/vi\/MBH-lwakMQU\/sddefault.jpg\" alt=\"Papa Le\u00f3n XIV Insta a optar decididamenta por la paz en Colombia\" \/>\n\t\t\t\t\t\t\t\t\t\t\t\t\t<\/div>\n\t\t\t\t\t<\/div>\n\t\t\t\t\t\t\t\t\t\t\t<h3 class=\"yotu-video-title\">Papa Le\u00f3n XIV Insta a optar decididamenta por la paz en Colombia<\/h3>\n\t\t\t\t\t\t\t\t\t\t\t\t\t\t\t\t\t\t\t<\/a>\n\t\t\t\t\t\t\t<\/li>\n\t\t\t\t\n\t\t\t\t\t\t<li class=\"\">\n\t\t\t\t\t\t\t\t<a href=\"#QnOlI_qLlF0\" class=\"yotu-video\" data-videoid=\"QnOlI_qLlF0\" data-title=\"Papa Le\u00f3n XIV bendice el Centro Cuore \u201cPapa Francisco\u201d en el Gemelli\">\n\t\t\t\t\t<div class=\"yotu-video-thumb-wrp\">\n\t\t\t\t\t\t<div>\n\t\t\t\t\t\t\t\t\t\t\t\t\t\t<img decoding=\"async\" class=\"yotu-video-thumb\" src=\"https:\/\/i.ytimg.com\/vi\/QnOlI_qLlF0\/sddefault.jpg\" alt=\"Papa Le\u00f3n XIV bendice el Centro Cuore \u201cPapa Francisco\u201d en el Gemelli\" \/>\n\t\t\t\t\t\t\t\t\t\t\t\t\t<\/div>\n\t\t\t\t\t<\/div>\n\t\t\t\t\t\t\t\t\t\t\t<h3 class=\"yotu-video-title\">Papa Le\u00f3n XIV bendice el Centro Cuore \u201cPapa Francisco\u201d en el Gemelli<\/h3>\n\t\t\t\t\t\t\t\t\t\t\t\t\t\t\t\t\t\t\t<\/a>\n\t\t\t\t\t\t\t<\/li>\n\t\t\t\t\n\t\t\t\t<\/ul>\n<\/div><div class=\"yotu-pagination yotu-pager_layout-default yotu-pagination-bottom\">\n<a href=\"#\" class=\"yotu-pagination-prev yotu-button-prs yotu-button-prs-1\" data-page=\"prev\">Prev<\/a>\n<span class=\"yotu-pagination-current\">1<\/span> <span>of<\/span> <span class=\"yotu-pagination-total\">261<\/span>\n<a href=\"#\" class=\"yotu-pagination-next yotu-button-prs yotu-button-prs-1\" data-page=\"next\">Next<\/a>\n<\/div>\n\t\t\t\t<\/div>\n\t\t\t<\/div>\n\t\t\t<\/p>\t\t\t\t\t\t\t\t<\/div>\n\t\t\t\t<\/div>\n\t\t\t\t\t<\/div>\n\t\t<\/div>\n\t\t\t\t\t<\/div>\n\t\t<\/section>\n\t\t\t\t<section class=\"has_eae_slider elementor-section elementor-top-section elementor-element elementor-element-3a0a9c1 elementor-section-boxed elementor-section-height-default elementor-section-height-default\" data-eae-slider=\"65038\" data-id=\"3a0a9c1\" data-element_type=\"section\" data-e-type=\"section\" data-settings=\"{&quot;background_background&quot;:&quot;gradient&quot;}\">\n\t\t\t\t\t\t<div class=\"elementor-container elementor-column-gap-default\">\n\t\t\t\t\t<div class=\"has_eae_slider elementor-column elementor-col-100 elementor-top-column elementor-element elementor-element-2bffcb0\" data-eae-slider=\"27397\" data-id=\"2bffcb0\" data-element_type=\"column\" data-e-type=\"column\">\n\t\t\t<div class=\"elementor-widget-wrap elementor-element-populated\">\n\t\t\t\t\t\t<div class=\"elementor-element elementor-element-9ad5b21 elementor-widget elementor-widget-spacer\" data-id=\"9ad5b21\" data-element_type=\"widget\" data-e-type=\"widget\" data-widget_type=\"spacer.default\">\n\t\t\t\t<div class=\"elementor-widget-container\">\n\t\t\t\t\t\t\t<div class=\"elementor-spacer\">\n\t\t\t<div class=\"elementor-spacer-inner\"><\/div>\n\t\t<\/div>\n\t\t\t\t\t\t<\/div>\n\t\t\t\t<\/div>\n\t\t\t\t\t<\/div>\n\t\t<\/div>\n\t\t\t\t\t<\/div>\n\t\t<\/section>\n\t\t\t\t<section class=\"has_eae_slider elementor-section elementor-top-section elementor-element elementor-element-87a2fe0 elementor-section-boxed elementor-section-height-default elementor-section-height-default\" data-eae-slider=\"77053\" data-id=\"87a2fe0\" data-element_type=\"section\" data-e-type=\"section\">\n\t\t\t\t\t\t<div class=\"elementor-container elementor-column-gap-default\">\n\t\t\t\t\t<div class=\"has_eae_slider elementor-column elementor-col-100 elementor-top-column elementor-element elementor-element-0b1fe51\" data-eae-slider=\"94058\" data-id=\"0b1fe51\" data-element_type=\"column\" data-e-type=\"column\">\n\t\t\t<div class=\"elementor-widget-wrap elementor-element-populated\">\n\t\t\t\t\t\t<div class=\"elementor-element elementor-element-d30383c elementor-widget elementor-widget-spacer\" data-id=\"d30383c\" data-element_type=\"widget\" data-e-type=\"widget\" data-widget_type=\"spacer.default\">\n\t\t\t\t<div class=\"elementor-widget-container\">\n\t\t\t\t\t\t\t<div class=\"elementor-spacer\">\n\t\t\t<div class=\"elementor-spacer-inner\"><\/div>\n\t\t<\/div>\n\t\t\t\t\t\t<\/div>\n\t\t\t\t<\/div>\n\t\t\t\t\t<\/div>\n\t\t<\/div>\n\t\t\t\t\t<\/div>\n\t\t<\/section>\n\t\t\t\t<section class=\"has_eae_slider elementor-section elementor-top-section elementor-element elementor-element-5f2a0b1 elementor-section-boxed elementor-section-height-default elementor-section-height-default\" data-eae-slider=\"80298\" data-id=\"5f2a0b1\" data-element_type=\"section\" data-e-type=\"section\">\n\t\t\t\t\t\t<div class=\"elementor-container elementor-column-gap-default\">\n\t\t\t\t\t<div class=\"has_eae_slider elementor-column elementor-col-50 elementor-top-column elementor-element elementor-element-be4263b\" data-eae-slider=\"84350\" data-id=\"be4263b\" data-element_type=\"column\" data-e-type=\"column\">\n\t\t\t<div class=\"elementor-widget-wrap elementor-element-populated\">\n\t\t\t\t\t\t<div class=\"elementor-element elementor-element-b63ab1d elementor-widget elementor-widget-heading\" data-id=\"b63ab1d\" data-element_type=\"widget\" data-e-type=\"widget\" data-widget_type=\"heading.default\">\n\t\t\t\t<div class=\"elementor-widget-container\">\n\t\t\t\t\t<h2 class=\"elementor-heading-title elementor-size-default\">AUDIENCIAS DEL PAPA<\/h2>\t\t\t\t<\/div>\n\t\t\t\t<\/div>\n\t\t\t\t<div class=\"elementor-element elementor-element-5121ef2 elementor-widget elementor-widget-ucaddon_uc_card_post_carousel\" data-id=\"5121ef2\" data-element_type=\"widget\" data-e-type=\"widget\" data-widget_type=\"ucaddon_uc_card_post_carousel.default\">\n\t\t\t\t<div class=\"elementor-widget-container\">\n\t\t\t\t\t\n<!-- start Post Carousel Lite -->\n\t\t<link id='font-awesome-css' href='https:\/\/elsembradorministries.com\/esne\/desde-el-vaticano\/wp-content\/plugins\/unlimited-elements-for-elementor\/assets_libraries\/font-awesome6\/fontawesome-all.min.css' type='text\/css' rel='stylesheet' >\n\t\t<link id='font-awesome-4-shim-css' href='https:\/\/elsembradorministries.com\/esne\/desde-el-vaticano\/wp-content\/plugins\/unlimited-elements-for-elementor\/assets_libraries\/font-awesome6\/fontawesome-v4-shims.min.css' type='text\/css' rel='stylesheet' >\n\t\t<link id='owl-carousel-css' href='https:\/\/elsembradorministries.com\/esne\/desde-el-vaticano\/wp-content\/plugins\/unlimited-elements-for-elementor\/assets_libraries\/owl-carousel-new\/assets\/owl.carousel.css' type='text\/css' rel='stylesheet' >\n\n<style>\/* widget: Post Carousel Lite *\/\n\n#uc_uc_card_post_carousel_elementor_5121ef2 *{\n  box-sizing:border-box;\n}\n#uc_uc_card_post_carousel_elementor_5121ef2{\n  position:relative;\n  min-height:1px;\n}\n#uc_uc_card_post_carousel_elementor_5121ef2 .uc_image_carousel_content{\n\ttext-align:center;\n    display: flex;\n     flex-flow: column nowrap;\n}\n#uc_uc_card_post_carousel_elementor_5121ef2 .ue_post_carousel_item\n{\n  overflow:hidden;\n  \n}\n\n#uc_uc_card_post_carousel_elementor_5121ef2 .ue_post_btn_holder\n{\n  margin-top:auto;\n}\n\n#uc_uc_card_post_carousel_elementor_5121ef2 .uc_more_btn{\n\n  display:inline-block;\n  text-align:center;\n  text-decoration:none;\n} \n\n.uc_overlay_image_carousel .uc_more_btn{\n  text-decoration:none;\n  display:inline-block;\n}\n\n.uc_overlay_image_carousel .uc_post_title{\n  font-size:21px;\n  text-decoration:none;\n}\n\n#uc_uc_card_post_carousel_elementor_5121ef2 .owl-nav .owl-prev{\n    position:absolute;\n    display:inline-block;\n    text-align:center;\n}\n#uc_uc_card_post_carousel_elementor_5121ef2 .owl-nav .owl-next{\n  position:absolute;\n  display:inline-block;\n  text-align:center;\n}\n\n\n#uc_uc_card_post_carousel_elementor_5121ef2 .owl-dots {\noverflow:hidden;\ndisplay:false !important;\ntext-align:center;\n}\n\n#uc_uc_card_post_carousel_elementor_5121ef2 .owl-dot {\nborder-radius:50%;\ndisplay:inline-block;\n}\n\n<\/style>\n\n<div class=\"uc_overlay_image_carousel\" id=\"uc_uc_card_post_carousel_elementor_5121ef2\" data-custom-sethtml=\"true\" >\n   <div class=\"uc_carousel owl-carousel owl-theme uc-items-wrapper\">\n   \t\t<div id=\"uc_uc_card_post_carousel_elementor_5121ef2_item1\" class=\"uc_image_carousel_container_holder ue_post_carousel_item ue-Audiencias Papales\">\n  <div class=\"uc_image_carousel_placeholder\">\n    <a href=\"https:\/\/elsembradorministries.com\/esne\/desde-el-vaticano\/un-gesto-que-volvio-a-hablar-noel-diaz-y-su-encuentro-con-el-papa-leon-xiv\/\"><div calss=\"uc_image_carousel_bg\" style=\"background-image:url(https:\/\/elsembradorministries.com\/esne\/desde-el-vaticano\/wp-content\/uploads\/sites\/24\/2026\/02\/WhatsApp-Image-2026-02-12-at-5.55.18-PM.jpeg); background-size:contain; background-position:center; height:200px;\"><\/div><\/a>\n  <\/div>\n\n  <div class=\"uc_image_carousel_content\" >\n                <a href=\"https:\/\/elsembradorministries.com\/esne\/desde-el-vaticano\/un-gesto-que-volvio-a-hablar-noel-diaz-y-su-encuentro-con-el-papa-leon-xiv\/\" style=\"text-decoration:none;\"><div class=\"uc_post_title\" style=\"text-decoration:none;\">Un gesto que volvi\u00f3 a hablar: Noel D\u00edaz y su encuentro con el Papa Le\u00f3n XIV<\/div><\/a>    <div class=\"ue_post_intro\">Lee el art\u00edculo de Vatican News Aqu\u00ed:\nHay momentos en la vida que no s\u00f3lo marcan una historia personal,...<\/div>    <div class=\"ue_post_btn_holder\"><a class=\"uc_more_btn\"  href=\"https:\/\/elsembradorministries.com\/esne\/desde-el-vaticano\/un-gesto-que-volvio-a-hablar-noel-diaz-y-su-encuentro-con-el-papa-leon-xiv\/\">Leer m\u00e1s<\/a><\/div>  <\/div>\n<\/div>\n<div id=\"uc_uc_card_post_carousel_elementor_5121ef2_item2\" class=\"uc_image_carousel_container_holder ue_post_carousel_item ue-Audiencias Papales\">\n  <div class=\"uc_image_carousel_placeholder\">\n    <a href=\"https:\/\/elsembradorministries.com\/esne\/desde-el-vaticano\/leon-xiv-jesus-nos-revela-un-dios-que-nos-involucra-en-lo-cotidiano\/\"><div calss=\"uc_image_carousel_bg\" style=\"background-image:url(https:\/\/elsembradorministries.com\/esne\/desde-el-vaticano\/wp-content\/uploads\/sites\/24\/2025\/12\/Fotografia-1-768x432.jpg); background-size:contain; background-position:center; height:200px;\"><\/div><\/a>\n  <\/div>\n\n  <div class=\"uc_image_carousel_content\" >\n                <a href=\"https:\/\/elsembradorministries.com\/esne\/desde-el-vaticano\/leon-xiv-jesus-nos-revela-un-dios-que-nos-involucra-en-lo-cotidiano\/\" style=\"text-decoration:none;\"><div class=\"uc_post_title\" style=\"text-decoration:none;\">Le\u00f3n XIV: Jes\u00fas nos revela un Dios que nos involucra en lo cotidiano<\/div><\/a>    <div class=\"ue_post_intro\">El Papa Le\u00f3n XIV record\u00f3 que el Adviento no es una espera pasiva, sino un tiempo para participar activamente...<\/div>    <div class=\"ue_post_btn_holder\"><a class=\"uc_more_btn\"  href=\"https:\/\/elsembradorministries.com\/esne\/desde-el-vaticano\/leon-xiv-jesus-nos-revela-un-dios-que-nos-involucra-en-lo-cotidiano\/\">Leer m\u00e1s<\/a><\/div>  <\/div>\n<\/div>\n<div id=\"uc_uc_card_post_carousel_elementor_5121ef2_item3\" class=\"uc_image_carousel_container_holder ue_post_carousel_item ue-Audiencias Papales\">\n  <div class=\"uc_image_carousel_placeholder\">\n    <a href=\"https:\/\/elsembradorministries.com\/esne\/desde-el-vaticano\/el-papa-evangelizar-educando-y-educar-evangelizando\/\"><div calss=\"uc_image_carousel_bg\" style=\"background-image:url(https:\/\/elsembradorministries.com\/esne\/desde-el-vaticano\/wp-content\/uploads\/sites\/24\/2025\/05\/Escuelas-cristianas-768x432.jpg); background-size:contain; background-position:center; height:200px;\"><\/div><\/a>\n  <\/div>\n\n  <div class=\"uc_image_carousel_content\" >\n                <a href=\"https:\/\/elsembradorministries.com\/esne\/desde-el-vaticano\/el-papa-evangelizar-educando-y-educar-evangelizando\/\" style=\"text-decoration:none;\"><div class=\"uc_post_title\" style=\"text-decoration:none;\">El Papa: Evangelizar educando y educar evangelizando<\/div><\/a>    <div class=\"ue_post_intro\">El Papa: Evangelizar educando y educar evangelizando\nLos j\u00f3venes como \u00abvolc\u00e1n de vida\u00bb y los profesores...<\/div>    <div class=\"ue_post_btn_holder\"><a class=\"uc_more_btn\"  href=\"https:\/\/elsembradorministries.com\/esne\/desde-el-vaticano\/el-papa-evangelizar-educando-y-educar-evangelizando\/\">Leer m\u00e1s<\/a><\/div>  <\/div>\n<\/div>\n<div id=\"uc_uc_card_post_carousel_elementor_5121ef2_item4\" class=\"uc_image_carousel_container_holder ue_post_carousel_item ue-Audiencias Papales\">\n  <div class=\"uc_image_carousel_placeholder\">\n    <a href=\"https:\/\/elsembradorministries.com\/esne\/desde-el-vaticano\/leon-xiv-a-los-comunicadores-la-paz-comienza-con-cada-uno-de-nosotros\/\"><div calss=\"uc_image_carousel_bg\" style=\"background-image:url(https:\/\/elsembradorministries.com\/esne\/desde-el-vaticano\/wp-content\/uploads\/sites\/24\/2025\/05\/cq5dam.thumbnail.cropped.1500.844-768x506.jpeg); background-size:contain; background-position:center; height:200px;\"><\/div><\/a>\n  <\/div>\n\n  <div class=\"uc_image_carousel_content\" >\n                <a href=\"https:\/\/elsembradorministries.com\/esne\/desde-el-vaticano\/leon-xiv-a-los-comunicadores-la-paz-comienza-con-cada-uno-de-nosotros\/\" style=\"text-decoration:none;\"><div class=\"uc_post_title\" style=\"text-decoration:none;\">Le\u00f3n XIV a los comunicadores: \u201cLa paz comienza con cada uno de nosotros\u201d<\/div><\/a>    <div class=\"ue_post_intro\">Le\u00f3n XIV a los comunicadores: \u201cLa paz comienza con cada uno de nosotros\u201d\nLa primera audiencia del Papa...<\/div>    <div class=\"ue_post_btn_holder\"><a class=\"uc_more_btn\"  href=\"https:\/\/elsembradorministries.com\/esne\/desde-el-vaticano\/leon-xiv-a-los-comunicadores-la-paz-comienza-con-cada-uno-de-nosotros\/\">Leer m\u00e1s<\/a><\/div>  <\/div>\n<\/div>\n<div id=\"uc_uc_card_post_carousel_elementor_5121ef2_item5\" class=\"uc_image_carousel_container_holder ue_post_carousel_item ue-Audiencias Papales\">\n  <div class=\"uc_image_carousel_placeholder\">\n    <a href=\"https:\/\/elsembradorministries.com\/esne\/desde-el-vaticano\/vatican-news-se-hace-eco-de-la-entrevista-de-noel-diaz-al-papa-francisco\/\"><div calss=\"uc_image_carousel_bg\" style=\"background-image:url(https:\/\/elsembradorministries.com\/esne\/desde-el-vaticano\/wp-content\/uploads\/sites\/24\/2025\/05\/Screenshot-2025-05-02-172208-768x432.jpg); background-size:contain; background-position:center; height:200px;\"><\/div><\/a>\n  <\/div>\n\n  <div class=\"uc_image_carousel_content\" >\n                <a href=\"https:\/\/elsembradorministries.com\/esne\/desde-el-vaticano\/vatican-news-se-hace-eco-de-la-entrevista-de-noel-diaz-al-papa-francisco\/\" style=\"text-decoration:none;\"><div class=\"uc_post_title\" style=\"text-decoration:none;\">Vatican News se hace eco de la entrevista de Noel D\u00edaz al Papa Francisco<\/div><\/a>    <div class=\"ue_post_intro\">Vatican News se hace eco de la entrevista de Noel D\u00edaz al Papa Francisco\u00a0\nSu confianza total en Dios,...<\/div>    <div class=\"ue_post_btn_holder\"><a class=\"uc_more_btn\"  href=\"https:\/\/elsembradorministries.com\/esne\/desde-el-vaticano\/vatican-news-se-hace-eco-de-la-entrevista-de-noel-diaz-al-papa-francisco\/\">Leer m\u00e1s<\/a><\/div>  <\/div>\n<\/div>\n<div id=\"uc_uc_card_post_carousel_elementor_5121ef2_item6\" class=\"uc_image_carousel_container_holder ue_post_carousel_item ue-Audiencias Papales\">\n  <div class=\"uc_image_carousel_placeholder\">\n    <a href=\"https:\/\/elsembradorministries.com\/esne\/desde-el-vaticano\/jose-un-sonador-que-preferia-hechos-concretos-mas-que-palabras-al-viento\/\"><div calss=\"uc_image_carousel_bg\" style=\"background-image:url(https:\/\/elsembradorministries.com\/esne\/desde-el-vaticano\/wp-content\/uploads\/sites\/24\/2025\/01\/30-de-enero-768x432.jpg); background-size:contain; background-position:center; height:200px;\"><\/div><\/a>\n  <\/div>\n\n  <div class=\"uc_image_carousel_content\" >\n                <a href=\"https:\/\/elsembradorministries.com\/esne\/desde-el-vaticano\/jose-un-sonador-que-preferia-hechos-concretos-mas-que-palabras-al-viento\/\" style=\"text-decoration:none;\"><div class=\"uc_post_title\" style=\"text-decoration:none;\">Jos\u00e9, un so\u00f1ador que prefer\u00eda hechos concretos m\u00e1s que palabras al viento<\/div><\/a>    <div class=\"ue_post_intro\">Secci\u00f3n noticias ESNE\/\nFuente: Vatican News\nJos\u00e9, un so\u00f1ador que prefer\u00eda hechos concretos m\u00e1s que palabras...<\/div>    <div class=\"ue_post_btn_holder\"><a class=\"uc_more_btn\"  href=\"https:\/\/elsembradorministries.com\/esne\/desde-el-vaticano\/jose-un-sonador-que-preferia-hechos-concretos-mas-que-palabras-al-viento\/\">Leer m\u00e1s<\/a><\/div>  <\/div>\n<\/div>\n<div id=\"uc_uc_card_post_carousel_elementor_5121ef2_item7\" class=\"uc_image_carousel_container_holder ue_post_carousel_item ue-Audiencias Papales\">\n  <div class=\"uc_image_carousel_placeholder\">\n    <a href=\"https:\/\/elsembradorministries.com\/esne\/desde-el-vaticano\/el-papa-pide-prevenir-cualquier-forma-de-abuso-contra-los-ninos\/\"><div calss=\"uc_image_carousel_bg\" style=\"background-image:url(https:\/\/elsembradorministries.com\/esne\/desde-el-vaticano\/wp-content\/uploads\/sites\/24\/2025\/01\/9-de-enero-768x432.jpg); background-size:contain; background-position:center; height:200px;\"><\/div><\/a>\n  <\/div>\n\n  <div class=\"uc_image_carousel_content\" >\n                <a href=\"https:\/\/elsembradorministries.com\/esne\/desde-el-vaticano\/el-papa-pide-prevenir-cualquier-forma-de-abuso-contra-los-ninos\/\" style=\"text-decoration:none;\"><div class=\"uc_post_title\" style=\"text-decoration:none;\">El Papa pide prevenir cualquier forma de abuso contra los ni\u00f1os<\/div><\/a>    <div class=\"ue_post_intro\">Secci\u00f3n noticias ESNE\/\nFuente: Vatican News\n\u201cNo olvidemos rezar por la paz\u201d: fue la exhortaci\u00f3n del Papa...<\/div>    <div class=\"ue_post_btn_holder\"><a class=\"uc_more_btn\"  href=\"https:\/\/elsembradorministries.com\/esne\/desde-el-vaticano\/el-papa-pide-prevenir-cualquier-forma-de-abuso-contra-los-ninos\/\">Leer m\u00e1s<\/a><\/div>  <\/div>\n<\/div>\n<div id=\"uc_uc_card_post_carousel_elementor_5121ef2_item8\" class=\"uc_image_carousel_container_holder ue_post_carousel_item ue-Audiencias Papales\">\n  <div class=\"uc_image_carousel_placeholder\">\n    <a href=\"https:\/\/elsembradorministries.com\/esne\/desde-el-vaticano\/nuevo-ciclo-de-catequesis-evangelio-sobre-la-infancia-de-jesus\/\"><div calss=\"uc_image_carousel_bg\" style=\"background-image:url(https:\/\/elsembradorministries.com\/esne\/desde-el-vaticano\/wp-content\/uploads\/sites\/24\/2024\/12\/19-de-diciembre-2024-768x432.jpg); background-size:contain; background-position:center; height:200px;\"><\/div><\/a>\n  <\/div>\n\n  <div class=\"uc_image_carousel_content\" >\n                <a href=\"https:\/\/elsembradorministries.com\/esne\/desde-el-vaticano\/nuevo-ciclo-de-catequesis-evangelio-sobre-la-infancia-de-jesus\/\" style=\"text-decoration:none;\"><div class=\"uc_post_title\" style=\"text-decoration:none;\">Nuevo ciclo de catequesis: Evangelio sobre la infancia de Jes\u00fas<\/div><\/a>    <div class=\"ue_post_intro\">El Papa Francisco inicia hoy un nuevo ciclo de catequesis, que se desarrollar\u00e1 durante todo el A\u00f1o Jubilar:...<\/div>    <div class=\"ue_post_btn_holder\"><a class=\"uc_more_btn\"  href=\"https:\/\/elsembradorministries.com\/esne\/desde-el-vaticano\/nuevo-ciclo-de-catequesis-evangelio-sobre-la-infancia-de-jesus\/\">Leer m\u00e1s<\/a><\/div>  <\/div>\n<\/div>\n<div id=\"uc_uc_card_post_carousel_elementor_5121ef2_item9\" class=\"uc_image_carousel_container_holder ue_post_carousel_item ue-Audiencias Papales\">\n  <div class=\"uc_image_carousel_placeholder\">\n    <a href=\"https:\/\/elsembradorministries.com\/esne\/desde-el-vaticano\/momento-delicado-en-la-historia-de-siria-deseo-una-solucion-politica\/\"><div calss=\"uc_image_carousel_bg\" style=\"background-image:url(https:\/\/elsembradorministries.com\/esne\/desde-el-vaticano\/wp-content\/uploads\/sites\/24\/2024\/12\/cq5dam.thumbnail.cropped.1500.844-768x432.jpeg); background-size:contain; background-position:center; height:200px;\"><\/div><\/a>\n  <\/div>\n\n  <div class=\"uc_image_carousel_content\" >\n                <a href=\"https:\/\/elsembradorministries.com\/esne\/desde-el-vaticano\/momento-delicado-en-la-historia-de-siria-deseo-una-solucion-politica\/\" style=\"text-decoration:none;\"><div class=\"uc_post_title\" style=\"text-decoration:none;\">Momento delicado en la historia de Siria, deseo una soluci\u00f3n pol\u00edtica<\/div><\/a>    <div class=\"ue_post_intro\">Secci\u00f3n noticias ESNE\/\nFuente: Vatican News\nEl Papa, al final de la audiencia general de hoy, 11 de diciembre,...<\/div>    <div class=\"ue_post_btn_holder\"><a class=\"uc_more_btn\"  href=\"https:\/\/elsembradorministries.com\/esne\/desde-el-vaticano\/momento-delicado-en-la-historia-de-siria-deseo-una-solucion-politica\/\">Leer m\u00e1s<\/a><\/div>  <\/div>\n<\/div>\n<div id=\"uc_uc_card_post_carousel_elementor_5121ef2_item10\" class=\"uc_image_carousel_container_holder ue_post_carousel_item ue-Audiencias Papales\">\n  <div class=\"uc_image_carousel_placeholder\">\n    <a href=\"https:\/\/elsembradorministries.com\/esne\/desde-el-vaticano\/el-papa-a-esne-sigan-llevando-consuelo-a-los-inmigrantes\/\"><div calss=\"uc_image_carousel_bg\" style=\"background-image:url(https:\/\/elsembradorministries.com\/esne\/desde-el-vaticano\/wp-content\/uploads\/sites\/24\/2024\/11\/2024-11-28-noticias-768x432.jpg); background-size:contain; background-position:center; height:200px;\"><\/div><\/a>\n  <\/div>\n\n  <div class=\"uc_image_carousel_content\" >\n                <a href=\"https:\/\/elsembradorministries.com\/esne\/desde-el-vaticano\/el-papa-a-esne-sigan-llevando-consuelo-a-los-inmigrantes\/\" style=\"text-decoration:none;\"><div class=\"uc_post_title\" style=\"text-decoration:none;\">El Papa a ESNE: Sigan llevando consuelo a los inmigrantes<\/div><\/a>    <div class=\"ue_post_intro\">El Santo Padre se encuentra con los miembros del canal &#8220;El Sembrador Nueva Evangelizaci\u00f3n&#8221;,...<\/div>    <div class=\"ue_post_btn_holder\"><a class=\"uc_more_btn\"  href=\"https:\/\/elsembradorministries.com\/esne\/desde-el-vaticano\/el-papa-a-esne-sigan-llevando-consuelo-a-los-inmigrantes\/\">Leer m\u00e1s<\/a><\/div>  <\/div>\n<\/div>\n\n   <\/div>\t\n<\/div>\n\n<!-- --->\n<!-- --->\n<!-- --->\n<!-- end Post Carousel Lite -->\t\t\t\t<\/div>\n\t\t\t\t<\/div>\n\t\t\t\t\t<\/div>\n\t\t<\/div>\n\t\t\t\t<div class=\"has_eae_slider elementor-column elementor-col-50 elementor-top-column elementor-element elementor-element-8177fcc\" data-eae-slider=\"16111\" data-id=\"8177fcc\" data-element_type=\"column\" data-e-type=\"column\">\n\t\t\t<div class=\"elementor-widget-wrap elementor-element-populated\">\n\t\t\t\t\t\t<div class=\"elementor-element elementor-element-91eb988 elementor-widget elementor-widget-heading\" data-id=\"91eb988\" data-element_type=\"widget\" data-e-type=\"widget\" data-widget_type=\"heading.default\">\n\t\t\t\t<div class=\"elementor-widget-container\">\n\t\t\t\t\t<h2 class=\"elementor-heading-title elementor-size-default\">\u00daLTIMAS NOTICIAS<\/h2>\t\t\t\t<\/div>\n\t\t\t\t<\/div>\n\t\t\t\t<div class=\"elementor-element elementor-element-5424648 elementor-widget elementor-widget-ucaddon_post_list\" data-id=\"5424648\" data-element_type=\"widget\" data-e-type=\"widget\" data-widget_type=\"ucaddon_post_list.default\">\n\t\t\t\t<div class=\"elementor-widget-container\">\n\t\t\t\t\t\n<!-- start Post List -->\n\n<style>\/* widget: Post List *\/\n\n\n\n#uc_post_list_elementor_5424648\n{\n  display:grid;\n}\n\n\n#uc_post_list_elementor_5424648 .uc_post_list_image div\n{\n  background-size:cover;\n  background-position:center;\n}\n\n\n.uc_post_list .uc_post_list_box{\n\tposition: relative;\n\toverflow: hidden;\n\tdisplay: flex;\n}\n\n#uc_post_list_elementor_5424648 .uc_post_list_image\n{\n  flex-grow:0;\n  flex-shrink:0;\n}\n\n#uc_post_list_elementor_5424648 .uc_post_list_image img\n{\n  width:100%;\n  display:block;\n  transition:0.3s;\n  \n}\n\n\n.uc_post_list_title a{\n\tcolor: #333333;\n}\n.uc_post_list_date{\n\tfont-size: 12px;\n}\n\n#uc_post_list_elementor_5424648 .uc_post_list_content\n{\n  display:flex;\n  flex-direction:column;\n  flex:1;\n}\n\n#uc_post_list_elementor_5424648 .uc_more_btn{\n\n  text-align:center;\n  text-decoration:none;\n  transition:0.3s;\n}\n\n#uc_post_list_elementor_5424648 .button-on-side\n{\n  display:flex;\n  align-items:center;\n}\n\n\n.ue-grid-item-category a\n{\n  display:inline-block;\n  font-size:10px;\n  text-transform:uppercase;\n}\n\n#uc_post_list_elementor_5424648 .ue-meta-data\n{\n  \n  display:flex;\n\n  flex-wrap: wrap;\n  line-height:1em;\n}\n\n#uc_post_list_elementor_5424648 .ue-grid-item-meta-data\n{\n      display:inline-flex;\n      align-items:center;\n}\n\n.ue-grid-item-meta-data\n{\n  font-size:12px;\n}\n\n#uc_post_list_elementor_5424648 .ue-grid-item-meta-data-icon\n{\n  line-height:1em;\n}\n\n#uc_post_list_elementor_5424648 .ue-grid-item-meta-data-icon svg\n{\n  width:1em;\n  height:1em;\n}\n\n\n\n#uc_post_list_elementor_5424648 .ue-debug-meta\n{\n  padding:10px;\n  border:1px solid red;\n  position:relative;\n  line-height:1.5em;\n  font-size:11px;\n  width:100%;\n}\n\n.uc-remote-parent .uc_post_list_box{\n\tcursor:pointer;\n}\n\n#uc_post_list_elementor_5424648 .ue-post-link-overlay\n{\n  display:block;\n  position:absolute;\n  top:0;\n  bottom:0;\n  right:0;\n  left:0;\n}\n\n<\/style>\n\n<div class=\"uc_post_list uc-items-wrapper \" id=\"uc_post_list_elementor_5424648\"  >    \t\n  <div class=\"uc_post_list_box\">\n    \n  \t    <div class=\"uc_post_list_image\">\n      <a href=\"https:\/\/elsembradorministries.com\/esne\/desde-el-vaticano\/la-jmj-de-seul-2027-anuncia-los-cinco-santos-patronos\/\" title=\"La JMJ de Se\u00fal 2027 anuncia los cinco santos patronos\" target=\"_self\">\n          \n            <img loading=\"lazy\" decoding=\"async\" src=\"https:\/\/elsembradorministries.com\/esne\/desde-el-vaticano\/wp-content\/uploads\/sites\/24\/2026\/04\/Fotografia-2-3-150x150.jpg\"  src=\"https:\/\/elsembradorministries.com\/esne\/desde-el-vaticano\/wp-content\/uploads\/sites\/24\/2026\/04\/Fotografia-2-3-150x150.jpg\" alt=\"Fotografia (2)\" width=\"150\" height=\"150\">\n        \t\n        \n      <\/a>\n    <\/div>\n  \t\t\n  \n    <div class=\"uc_post_list_content\">\n      <div class=\"uc_post_list_content_inside\">\n        \n                        \n         <div class=\"uc_post_list_title\"><a target=\"_self\" href=\"https:\/\/elsembradorministries.com\/esne\/desde-el-vaticano\/la-jmj-de-seul-2027-anuncia-los-cinco-santos-patronos\/\" title=\"La JMJ de Se\u00fal 2027 anuncia los cinco santos patronos\">La JMJ de Se\u00fal 2027 anuncia los cinco santos patronos<\/a><\/div>\t\n         \n        <div class=\"ue-meta-data\">\n            <div class=\"ue-grid-item-meta-data\"><span class=\"ue-grid-item-meta-data-icon\"><i class='fas fa-calendar-week'><\/i><\/span>  April 30, 2026<\/div>                                   \n            \n          \n                        \n            \n                        \n                        \n            \n              \n          <\/div>         \n                \n         <div class=\"uc_post_content\">San Juan Pablo II, San Andr\u00e9s Kim Taegon, Santa Francisca Javier Cabrini, Santa Josefina Bakhita y San...<\/div>        \n                 \n      <\/div>\n    <\/div>\n     \n          <div class=\"button-on-side\">\n           <a target=\"_self\" href='https:\/\/elsembradorministries.com\/esne\/desde-el-vaticano\/la-jmj-de-seul-2027-anuncia-los-cinco-santos-patronos\/' class=\"uc_more_btn  \" title=\"\">Leer m\u00e1s<\/a>\n     <\/div>\n       \n  \n   <\/div>\n<div class=\"uc_post_list_box\">\n    \n  \t    <div class=\"uc_post_list_image\">\n      <a href=\"https:\/\/elsembradorministries.com\/esne\/desde-el-vaticano\/leon-xiv-abandona-guinea-ecuatorial-concluye-el-viaje-apostolico-por-africa\/\" title=\"Le\u00f3n XIV abandona Guinea Ecuatorial, concluye el viaje apost\u00f3lico por \u00c1frica\" target=\"_self\">\n          \n            <img loading=\"lazy\" decoding=\"async\" src=\"https:\/\/elsembradorministries.com\/esne\/desde-el-vaticano\/wp-content\/uploads\/sites\/24\/2026\/04\/Fotografia-1-1-150x150.jpg\"  src=\"https:\/\/elsembradorministries.com\/esne\/desde-el-vaticano\/wp-content\/uploads\/sites\/24\/2026\/04\/Fotografia-1-1-150x150.jpg\" alt=\"Fotografia (1)\" width=\"150\" height=\"150\">\n        \t\n        \n      <\/a>\n    <\/div>\n  \t\t\n  \n    <div class=\"uc_post_list_content\">\n      <div class=\"uc_post_list_content_inside\">\n        \n                        \n         <div class=\"uc_post_list_title\"><a target=\"_self\" href=\"https:\/\/elsembradorministries.com\/esne\/desde-el-vaticano\/leon-xiv-abandona-guinea-ecuatorial-concluye-el-viaje-apostolico-por-africa\/\" title=\"Le\u00f3n XIV abandona Guinea Ecuatorial, concluye el viaje apost\u00f3lico por \u00c1frica\">Le\u00f3n XIV abandona Guinea Ecuatorial, concluye el viaje apost\u00f3lico por \u00c1frica<\/a><\/div>\t\n         \n        <div class=\"ue-meta-data\">\n            <div class=\"ue-grid-item-meta-data\"><span class=\"ue-grid-item-meta-data-icon\"><i class='fas fa-calendar-week'><\/i><\/span>  April 23, 2026<\/div>                                   \n            \n          \n                        \n            \n                        \n                        \n            \n              \n          <\/div>         \n                \n         <div class=\"uc_post_content\">Tras diez d\u00edas de visita a cuatro pa\u00edses, el Papa se despide partiendo con su comitiva a las 12.54 horas...<\/div>        \n                 \n      <\/div>\n    <\/div>\n     \n          <div class=\"button-on-side\">\n           <a target=\"_self\" href='https:\/\/elsembradorministries.com\/esne\/desde-el-vaticano\/leon-xiv-abandona-guinea-ecuatorial-concluye-el-viaje-apostolico-por-africa\/' class=\"uc_more_btn  \" title=\"\">Leer m\u00e1s<\/a>\n     <\/div>\n       \n  \n   <\/div>\n<div class=\"uc_post_list_box\">\n    \n  \t    <div class=\"uc_post_list_image\">\n      <a href=\"https:\/\/elsembradorministries.com\/esne\/desde-el-vaticano\/el-papa-leon-xiv-en-luanda-sanar-las-heridas-del-pasado-para-construir-un-futuro-de-esperanza\/\" title=\"El Papa Le\u00f3n XIV en Luanda: sanar las heridas del pasado para construir un futuro de esperanza\" target=\"_self\">\n          \n            <img loading=\"lazy\" decoding=\"async\" src=\"https:\/\/elsembradorministries.com\/esne\/desde-el-vaticano\/wp-content\/uploads\/sites\/24\/2026\/04\/Fotografia-1-150x150.jpg\"  src=\"https:\/\/elsembradorministries.com\/esne\/desde-el-vaticano\/wp-content\/uploads\/sites\/24\/2026\/04\/Fotografia-1-150x150.jpg\" alt=\"Fotografia\" width=\"150\" height=\"150\">\n        \t\n        \n      <\/a>\n    <\/div>\n  \t\t\n  \n    <div class=\"uc_post_list_content\">\n      <div class=\"uc_post_list_content_inside\">\n        \n                        \n         <div class=\"uc_post_list_title\"><a target=\"_self\" href=\"https:\/\/elsembradorministries.com\/esne\/desde-el-vaticano\/el-papa-leon-xiv-en-luanda-sanar-las-heridas-del-pasado-para-construir-un-futuro-de-esperanza\/\" title=\"El Papa Le\u00f3n XIV en Luanda: sanar las heridas del pasado para construir un futuro de esperanza\">El Papa Le\u00f3n XIV en Luanda: sanar las heridas del pasado para construir un futuro de esperanza<\/a><\/div>\t\n         \n        <div class=\"ue-meta-data\">\n            <div class=\"ue-grid-item-meta-data\"><span class=\"ue-grid-item-meta-data-icon\"><i class='fas fa-calendar-week'><\/i><\/span>  April 19, 2026<\/div>                                   \n            \n          \n                        \n            \n                        \n                        \n            \n              \n          <\/div>         \n                \n         <div class=\"uc_post_content\">En una de las celebraciones m\u00e1s multitudinarias de su Viaje Apost\u00f3lico en \u00c1frica, el Papa Le\u00f3n XIV presidi\u00f3...<\/div>        \n                 \n      <\/div>\n    <\/div>\n     \n          <div class=\"button-on-side\">\n           <a target=\"_self\" href='https:\/\/elsembradorministries.com\/esne\/desde-el-vaticano\/el-papa-leon-xiv-en-luanda-sanar-las-heridas-del-pasado-para-construir-un-futuro-de-esperanza\/' class=\"uc_more_btn  \" title=\"\">Leer m\u00e1s<\/a>\n     <\/div>\n       \n  \n   <\/div>\n<div class=\"uc_post_list_box\">\n    \n  \t    <div class=\"uc_post_list_image\">\n      <a href=\"https:\/\/elsembradorministries.com\/esne\/desde-el-vaticano\/ahora-es-el-momento-de-la-paz-el-clamor-del-papa-leon-xiv-en-una-camerun-herida\/\" title=\"\u201cAhora es el momento de la paz\u201d: el clamor del Papa Le\u00f3n XIV en una Camer\u00fan herida\" target=\"_self\">\n          \n            <img loading=\"lazy\" decoding=\"async\" src=\"https:\/\/elsembradorministries.com\/esne\/desde-el-vaticano\/wp-content\/uploads\/sites\/24\/2026\/04\/Fotografia-150x150.jpg\"  src=\"https:\/\/elsembradorministries.com\/esne\/desde-el-vaticano\/wp-content\/uploads\/sites\/24\/2026\/04\/Fotografia-150x150.jpg\" alt=\"Fotografia\" width=\"150\" height=\"150\">\n        \t\n        \n      <\/a>\n    <\/div>\n  \t\t\n  \n    <div class=\"uc_post_list_content\">\n      <div class=\"uc_post_list_content_inside\">\n        \n                        \n         <div class=\"uc_post_list_title\"><a target=\"_self\" href=\"https:\/\/elsembradorministries.com\/esne\/desde-el-vaticano\/ahora-es-el-momento-de-la-paz-el-clamor-del-papa-leon-xiv-en-una-camerun-herida\/\" title=\"\u201cAhora es el momento de la paz\u201d: el clamor del Papa Le\u00f3n XIV en una Camer\u00fan herida\">\u201cAhora es el momento de la paz\u201d: el clamor del Papa Le\u00f3n XIV en una Camer\u00fan herida<\/a><\/div>\t\n         \n        <div class=\"ue-meta-data\">\n            <div class=\"ue-grid-item-meta-data\"><span class=\"ue-grid-item-meta-data-icon\"><i class='fas fa-calendar-week'><\/i><\/span>  April 16, 2026<\/div>                                   \n            \n          \n                        \n            \n                        \n                        \n            \n              \n          <\/div>         \n                \n         <div class=\"uc_post_content\">La jornada del Papa Le\u00f3n XIV en Bamenda, en Camer\u00fan, estuvo marcada por un fuerte llamado a la reconciliaci\u00f3n...<\/div>        \n                 \n      <\/div>\n    <\/div>\n     \n          <div class=\"button-on-side\">\n           <a target=\"_self\" href='https:\/\/elsembradorministries.com\/esne\/desde-el-vaticano\/ahora-es-el-momento-de-la-paz-el-clamor-del-papa-leon-xiv-en-una-camerun-herida\/' class=\"uc_more_btn  \" title=\"\">Leer m\u00e1s<\/a>\n     <\/div>\n       \n  \n   <\/div>\n\n<\/div>\n\n\n<!-- end Post List -->\t\t\t\t<\/div>\n\t\t\t\t<\/div>\n\t\t\t\t\t<\/div>\n\t\t<\/div>\n\t\t\t\t\t<\/div>\n\t\t<\/section>\n\t\t\t\t<section class=\"has_eae_slider elementor-section elementor-top-section elementor-element elementor-element-0d28ce4 elementor-section-full_width elementor-section-height-default elementor-section-height-default\" data-eae-slider=\"70986\" data-id=\"0d28ce4\" data-element_type=\"section\" data-e-type=\"section\">\n\t\t\t\t\t\t<div class=\"elementor-container elementor-column-gap-default\">\n\t\t\t\t\t<div class=\"has_eae_slider elementor-column elementor-col-100 elementor-top-column elementor-element elementor-element-fec451e\" data-eae-slider=\"52373\" data-id=\"fec451e\" data-element_type=\"column\" data-e-type=\"column\">\n\t\t\t<div class=\"elementor-widget-wrap elementor-element-populated\">\n\t\t\t\t\t\t<div class=\"elementor-element elementor-element-98b816d elementor-widget elementor-widget-heading\" data-id=\"98b816d\" data-element_type=\"widget\" data-e-type=\"widget\" data-widget_type=\"heading.default\">\n\t\t\t\t<div class=\"elementor-widget-container\">\n\t\t\t\t\t<h2 class=\"elementor-heading-title elementor-size-default\">EL VATICANO | VIAJES PAPALES | OTRAS NOTICIAS<\/h2>\t\t\t\t<\/div>\n\t\t\t\t<\/div>\n\t\t\t\t<div class=\"elementor-element elementor-element-dfe32f7 premium-blog-align-left elementor-widget elementor-widget-premium-addon-blog\" data-id=\"dfe32f7\" data-element_type=\"widget\" data-e-type=\"widget\" data-settings=\"{&quot;premium_blog_columns_number&quot;:&quot;20%&quot;,&quot;premium_blog_columns_number_mobile&quot;:&quot;50%&quot;,&quot;premium_blog_columns_number_tablet&quot;:&quot;25%&quot;,&quot;premium_blog_grid&quot;:&quot;yes&quot;,&quot;premium_blog_layout&quot;:&quot;even&quot;}\" data-widget_type=\"premium-addon-blog.default\">\n\t\t\t\t<div class=\"elementor-widget-container\">\n\t\t\t\t\t\r\n\t\t\r\n\r\n\t\t\t\t<div class=\"premium-blog-wrap  premium-blog-even\" data-page=\"419\">\r\n\t\t\t\t\t\t\t\t\t<div class=\"premium-blog-post-outer-container\" data-total=\"9\">\r\n\t\t\t<div class=\"premium-blog-post-container premium-blog-skin-classic\">\r\n\t\t\t\t\t\t\t\t\t<div class=\"premium-blog-thumb-effect-wrapper\">\r\n\t\t\t\t\t\t<div class=\"premium-blog-thumbnail-container premium-blog-zoomin-effect\">\r\n\t\t\t\t\t\t\t<img loading=\"lazy\" decoding=\"async\" width=\"1280\" height=\"720\" src=\"https:\/\/elsembradorministries.com\/esne\/desde-el-vaticano\/wp-content\/uploads\/sites\/24\/2026\/04\/Fotografia-2-3.jpg\" class=\"attachment-full size-full wp-image-1500\" alt=\"\" srcset=\"https:\/\/elsembradorministries.com\/esne\/desde-el-vaticano\/wp-content\/uploads\/sites\/24\/2026\/04\/Fotografia-2-3.jpg 1280w, https:\/\/elsembradorministries.com\/esne\/desde-el-vaticano\/wp-content\/uploads\/sites\/24\/2026\/04\/Fotografia-2-3-300x169.jpg 300w, https:\/\/elsembradorministries.com\/esne\/desde-el-vaticano\/wp-content\/uploads\/sites\/24\/2026\/04\/Fotografia-2-3-1024x576.jpg 1024w, https:\/\/elsembradorministries.com\/esne\/desde-el-vaticano\/wp-content\/uploads\/sites\/24\/2026\/04\/Fotografia-2-3-768x432.jpg 768w, https:\/\/elsembradorministries.com\/esne\/desde-el-vaticano\/wp-content\/uploads\/sites\/24\/2026\/04\/Fotografia-2-3-800x450.jpg 800w\" sizes=\"(max-width: 1280px) 100vw, 1280px\" \/>\t\t\t\t\t\t<\/div>\r\n\t\t\t\t\t\t\t\t\t\t\t\t\t<div class=\"premium-blog-thumbnail-overlay\">\r\n\t\t\t\t\t\t\t\t<a class=\"elementor-icon\" href=\"https:\/\/elsembradorministries.com\/esne\/desde-el-vaticano\/la-jmj-de-seul-2027-anuncia-los-cinco-santos-patronos\/\" target=\"_self\"><\/a>\r\n\t\t\t\t\t\t\t<\/div>\r\n\r\n\t\t\t\t\t\t\t\t\t\t\t\t\t\t\t\t\t\t<\/div>\r\n\t\t\t\t\t\t\t\t\t\t\t\t<div class=\"premium-blog-content-wrapper \">\r\n\r\n\t\t\t\t\t<div class=\"premium-blog-inner-container\">\r\n\r\n\t\t\t\t\t\t\t\t\t\t\t\t\t\t<h2 class=\"premium-blog-entry-title\">\r\n\t\t\t<a href=\"https:\/\/elsembradorministries.com\/esne\/desde-el-vaticano\/la-jmj-de-seul-2027-anuncia-los-cinco-santos-patronos\/\" target=\"_self\">\r\n\t\t\t\tLa JMJ de Se\u00fal 2027 anuncia los cinco santos patronos\t\t\t<\/a>\r\n\t\t<\/h2>\r\n\t\t\t\t<div class=\"premium-blog-entry-meta\">\r\n\t\t\t\r\n\t\t\t\t\t\t\t<span class=\"premium-blog-meta-separator\">\u2022<\/span>\r\n\t\t\t\t<div class=\"premium-blog-post-time premium-blog-meta-data\">\r\n\t\t\t\t\t<i class=\"fa fa-calendar-alt\" aria-hidden=\"true\"><\/i>\r\n\t\t\t\t\t<span>April 30, 2026<\/span>\r\n\t\t\t\t<\/div>\r\n\t\t\t\r\n\t\t\t\t\t\t\t<span class=\"premium-blog-meta-separator\">\u2022<\/span>\r\n\t\t\t\t<div class=\"premium-blog-post-categories premium-blog-meta-data\">\r\n\t\t\t\t\t<i class=\"fa fa-align-left fa-fw\" aria-hidden=\"true\"><\/i>\r\n\t\t\t\t\t<a href=\"https:\/\/elsembradorministries.com\/esne\/desde-el-vaticano\/category\/el-vaticano\/\" rel=\"category tag\">El Vaticano<\/a>\t\t\t\t<\/div>\r\n\t\t\t\r\n\t\t\t\t\t<\/div>\r\n\t\t\r\n\t\t\t\t\t<\/div>\r\n\r\n\t\t\t\t\t\t\t<div class=\"premium-blog-content-inner-wrapper\">\r\n\t\t<p class=\"premium-blog-post-content\">San Juan Pablo II, San Andr\u00e9s Kim Taegon, Santa Francisca Javier Cabrini, Santa Josefina Bakhita y San Carlos Acutis: estos son los \u2026<\/p>\t\t<\/div>\r\n\t\t\t\t\t\t\t\r\n\t\t\t\t<\/div>\r\n\t\t\t<\/div>\r\n\t\t<\/div>\r\n\r\n\t\t\t\t<div class=\"premium-blog-post-outer-container\" data-total=\"9\">\r\n\t\t\t<div class=\"premium-blog-post-container premium-blog-skin-classic\">\r\n\t\t\t\t\t\t\t\t\t<div class=\"premium-blog-thumb-effect-wrapper\">\r\n\t\t\t\t\t\t<div class=\"premium-blog-thumbnail-container premium-blog-zoomin-effect\">\r\n\t\t\t\t\t\t\t<img loading=\"lazy\" decoding=\"async\" width=\"1280\" height=\"720\" src=\"https:\/\/elsembradorministries.com\/esne\/desde-el-vaticano\/wp-content\/uploads\/sites\/24\/2026\/04\/Fotografia-1-1.jpg\" class=\"attachment-full size-full wp-image-1497\" alt=\"\" srcset=\"https:\/\/elsembradorministries.com\/esne\/desde-el-vaticano\/wp-content\/uploads\/sites\/24\/2026\/04\/Fotografia-1-1.jpg 1280w, https:\/\/elsembradorministries.com\/esne\/desde-el-vaticano\/wp-content\/uploads\/sites\/24\/2026\/04\/Fotografia-1-1-300x169.jpg 300w, https:\/\/elsembradorministries.com\/esne\/desde-el-vaticano\/wp-content\/uploads\/sites\/24\/2026\/04\/Fotografia-1-1-1024x576.jpg 1024w, https:\/\/elsembradorministries.com\/esne\/desde-el-vaticano\/wp-content\/uploads\/sites\/24\/2026\/04\/Fotografia-1-1-768x432.jpg 768w, https:\/\/elsembradorministries.com\/esne\/desde-el-vaticano\/wp-content\/uploads\/sites\/24\/2026\/04\/Fotografia-1-1-800x450.jpg 800w\" sizes=\"(max-width: 1280px) 100vw, 1280px\" \/>\t\t\t\t\t\t<\/div>\r\n\t\t\t\t\t\t\t\t\t\t\t\t\t<div class=\"premium-blog-thumbnail-overlay\">\r\n\t\t\t\t\t\t\t\t<a class=\"elementor-icon\" href=\"https:\/\/elsembradorministries.com\/esne\/desde-el-vaticano\/leon-xiv-abandona-guinea-ecuatorial-concluye-el-viaje-apostolico-por-africa\/\" target=\"_self\"><\/a>\r\n\t\t\t\t\t\t\t<\/div>\r\n\r\n\t\t\t\t\t\t\t\t\t\t\t\t\t\t\t\t\t\t<\/div>\r\n\t\t\t\t\t\t\t\t\t\t\t\t<div class=\"premium-blog-content-wrapper \">\r\n\r\n\t\t\t\t\t<div class=\"premium-blog-inner-container\">\r\n\r\n\t\t\t\t\t\t\t\t\t\t\t\t\t\t<h2 class=\"premium-blog-entry-title\">\r\n\t\t\t<a href=\"https:\/\/elsembradorministries.com\/esne\/desde-el-vaticano\/leon-xiv-abandona-guinea-ecuatorial-concluye-el-viaje-apostolico-por-africa\/\" target=\"_self\">\r\n\t\t\t\tLe\u00f3n XIV abandona Guinea Ecuatorial, concluye el viaje apost\u00f3lico por \u00c1frica\t\t\t<\/a>\r\n\t\t<\/h2>\r\n\t\t\t\t<div class=\"premium-blog-entry-meta\">\r\n\t\t\t\r\n\t\t\t\t\t\t\t<span class=\"premium-blog-meta-separator\">\u2022<\/span>\r\n\t\t\t\t<div class=\"premium-blog-post-time premium-blog-meta-data\">\r\n\t\t\t\t\t<i class=\"fa fa-calendar-alt\" aria-hidden=\"true\"><\/i>\r\n\t\t\t\t\t<span>April 23, 2026<\/span>\r\n\t\t\t\t<\/div>\r\n\t\t\t\r\n\t\t\t\t\t\t\t<span class=\"premium-blog-meta-separator\">\u2022<\/span>\r\n\t\t\t\t<div class=\"premium-blog-post-categories premium-blog-meta-data\">\r\n\t\t\t\t\t<i class=\"fa fa-align-left fa-fw\" aria-hidden=\"true\"><\/i>\r\n\t\t\t\t\t<a href=\"https:\/\/elsembradorministries.com\/esne\/desde-el-vaticano\/category\/viajes-papales\/\" rel=\"category tag\">Viajes Papales<\/a>\t\t\t\t<\/div>\r\n\t\t\t\r\n\t\t\t\t\t<\/div>\r\n\t\t\r\n\t\t\t\t\t<\/div>\r\n\r\n\t\t\t\t\t\t\t<div class=\"premium-blog-content-inner-wrapper\">\r\n\t\t<p class=\"premium-blog-post-content\">Tras diez d\u00edas de visita a cuatro pa\u00edses, el Papa se despide partiendo con su comitiva a las 12.54 horas (hora local) \u2026<\/p>\t\t<\/div>\r\n\t\t\t\t\t\t\t\r\n\t\t\t\t<\/div>\r\n\t\t\t<\/div>\r\n\t\t<\/div>\r\n\r\n\t\t\t\t<div class=\"premium-blog-post-outer-container\" data-total=\"9\">\r\n\t\t\t<div class=\"premium-blog-post-container premium-blog-skin-classic\">\r\n\t\t\t\t\t\t\t\t\t<div class=\"premium-blog-thumb-effect-wrapper\">\r\n\t\t\t\t\t\t<div class=\"premium-blog-thumbnail-container premium-blog-zoomin-effect\">\r\n\t\t\t\t\t\t\t<img loading=\"lazy\" decoding=\"async\" width=\"2560\" height=\"1440\" src=\"https:\/\/elsembradorministries.com\/esne\/desde-el-vaticano\/wp-content\/uploads\/sites\/24\/2026\/04\/Fotografia-1-scaled.jpg\" class=\"attachment-full size-full wp-image-1494\" alt=\"\" srcset=\"https:\/\/elsembradorministries.com\/esne\/desde-el-vaticano\/wp-content\/uploads\/sites\/24\/2026\/04\/Fotografia-1-scaled.jpg 2560w, https:\/\/elsembradorministries.com\/esne\/desde-el-vaticano\/wp-content\/uploads\/sites\/24\/2026\/04\/Fotografia-1-300x169.jpg 300w, https:\/\/elsembradorministries.com\/esne\/desde-el-vaticano\/wp-content\/uploads\/sites\/24\/2026\/04\/Fotografia-1-1024x576.jpg 1024w, https:\/\/elsembradorministries.com\/esne\/desde-el-vaticano\/wp-content\/uploads\/sites\/24\/2026\/04\/Fotografia-1-768x432.jpg 768w, https:\/\/elsembradorministries.com\/esne\/desde-el-vaticano\/wp-content\/uploads\/sites\/24\/2026\/04\/Fotografia-1-1536x864.jpg 1536w, https:\/\/elsembradorministries.com\/esne\/desde-el-vaticano\/wp-content\/uploads\/sites\/24\/2026\/04\/Fotografia-1-2048x1152.jpg 2048w, https:\/\/elsembradorministries.com\/esne\/desde-el-vaticano\/wp-content\/uploads\/sites\/24\/2026\/04\/Fotografia-1-800x450.jpg 800w\" sizes=\"(max-width: 2560px) 100vw, 2560px\" \/>\t\t\t\t\t\t<\/div>\r\n\t\t\t\t\t\t\t\t\t\t\t\t\t<div class=\"premium-blog-thumbnail-overlay\">\r\n\t\t\t\t\t\t\t\t<a class=\"elementor-icon\" href=\"https:\/\/elsembradorministries.com\/esne\/desde-el-vaticano\/el-papa-leon-xiv-en-luanda-sanar-las-heridas-del-pasado-para-construir-un-futuro-de-esperanza\/\" target=\"_self\"><\/a>\r\n\t\t\t\t\t\t\t<\/div>\r\n\r\n\t\t\t\t\t\t\t\t\t\t\t\t\t\t\t\t\t\t<\/div>\r\n\t\t\t\t\t\t\t\t\t\t\t\t<div class=\"premium-blog-content-wrapper \">\r\n\r\n\t\t\t\t\t<div class=\"premium-blog-inner-container\">\r\n\r\n\t\t\t\t\t\t\t\t\t\t\t\t\t\t<h2 class=\"premium-blog-entry-title\">\r\n\t\t\t<a href=\"https:\/\/elsembradorministries.com\/esne\/desde-el-vaticano\/el-papa-leon-xiv-en-luanda-sanar-las-heridas-del-pasado-para-construir-un-futuro-de-esperanza\/\" target=\"_self\">\r\n\t\t\t\tEl Papa Le\u00f3n XIV en Luanda: sanar las heridas del pasado para construir un futuro de esperanza\t\t\t<\/a>\r\n\t\t<\/h2>\r\n\t\t\t\t<div class=\"premium-blog-entry-meta\">\r\n\t\t\t\r\n\t\t\t\t\t\t\t<span class=\"premium-blog-meta-separator\">\u2022<\/span>\r\n\t\t\t\t<div class=\"premium-blog-post-time premium-blog-meta-data\">\r\n\t\t\t\t\t<i class=\"fa fa-calendar-alt\" aria-hidden=\"true\"><\/i>\r\n\t\t\t\t\t<span>April 19, 2026<\/span>\r\n\t\t\t\t<\/div>\r\n\t\t\t\r\n\t\t\t\t\t\t\t<span class=\"premium-blog-meta-separator\">\u2022<\/span>\r\n\t\t\t\t<div class=\"premium-blog-post-categories premium-blog-meta-data\">\r\n\t\t\t\t\t<i class=\"fa fa-align-left fa-fw\" aria-hidden=\"true\"><\/i>\r\n\t\t\t\t\t<a href=\"https:\/\/elsembradorministries.com\/esne\/desde-el-vaticano\/category\/viajes-papales\/\" rel=\"category tag\">Viajes Papales<\/a>\t\t\t\t<\/div>\r\n\t\t\t\r\n\t\t\t\t\t<\/div>\r\n\t\t\r\n\t\t\t\t\t<\/div>\r\n\r\n\t\t\t\t\t\t\t<div class=\"premium-blog-content-inner-wrapper\">\r\n\t\t<p class=\"premium-blog-post-content\">En una de las celebraciones m\u00e1s multitudinarias de su Viaje Apost\u00f3lico en \u00c1frica, el Papa Le\u00f3n XIV presidi\u00f3 la Santa Misa en \u2026<\/p>\t\t<\/div>\r\n\t\t\t\t\t\t\t\r\n\t\t\t\t<\/div>\r\n\t\t\t<\/div>\r\n\t\t<\/div>\r\n\r\n\t\t\t\t<div class=\"premium-blog-post-outer-container\" data-total=\"9\">\r\n\t\t\t<div class=\"premium-blog-post-container premium-blog-skin-classic\">\r\n\t\t\t\t\t\t\t\t\t<div class=\"premium-blog-thumb-effect-wrapper\">\r\n\t\t\t\t\t\t<div class=\"premium-blog-thumbnail-container premium-blog-zoomin-effect\">\r\n\t\t\t\t\t\t\t<img loading=\"lazy\" decoding=\"async\" width=\"1280\" height=\"720\" src=\"https:\/\/elsembradorministries.com\/esne\/desde-el-vaticano\/wp-content\/uploads\/sites\/24\/2026\/04\/Fotografia-4.jpg\" class=\"attachment-full size-full wp-image-1482\" alt=\"\" srcset=\"https:\/\/elsembradorministries.com\/esne\/desde-el-vaticano\/wp-content\/uploads\/sites\/24\/2026\/04\/Fotografia-4.jpg 1280w, https:\/\/elsembradorministries.com\/esne\/desde-el-vaticano\/wp-content\/uploads\/sites\/24\/2026\/04\/Fotografia-4-300x169.jpg 300w, https:\/\/elsembradorministries.com\/esne\/desde-el-vaticano\/wp-content\/uploads\/sites\/24\/2026\/04\/Fotografia-4-1024x576.jpg 1024w, https:\/\/elsembradorministries.com\/esne\/desde-el-vaticano\/wp-content\/uploads\/sites\/24\/2026\/04\/Fotografia-4-768x432.jpg 768w, https:\/\/elsembradorministries.com\/esne\/desde-el-vaticano\/wp-content\/uploads\/sites\/24\/2026\/04\/Fotografia-4-800x450.jpg 800w\" sizes=\"(max-width: 1280px) 100vw, 1280px\" \/>\t\t\t\t\t\t<\/div>\r\n\t\t\t\t\t\t\t\t\t\t\t\t\t<div class=\"premium-blog-thumbnail-overlay\">\r\n\t\t\t\t\t\t\t\t<a class=\"elementor-icon\" href=\"https:\/\/elsembradorministries.com\/esne\/desde-el-vaticano\/tras-las-huellas-de-san-agustin-el-papa-leon-xiv-vive-una-jornada-profundamente-espiritual-en-annaba\/\" target=\"_self\"><\/a>\r\n\t\t\t\t\t\t\t<\/div>\r\n\r\n\t\t\t\t\t\t\t\t\t\t\t\t\t\t\t\t\t\t<\/div>\r\n\t\t\t\t\t\t\t\t\t\t\t\t<div class=\"premium-blog-content-wrapper \">\r\n\r\n\t\t\t\t\t<div class=\"premium-blog-inner-container\">\r\n\r\n\t\t\t\t\t\t\t\t\t\t\t\t\t\t<h2 class=\"premium-blog-entry-title\">\r\n\t\t\t<a href=\"https:\/\/elsembradorministries.com\/esne\/desde-el-vaticano\/tras-las-huellas-de-san-agustin-el-papa-leon-xiv-vive-una-jornada-profundamente-espiritual-en-annaba\/\" target=\"_self\">\r\n\t\t\t\tTras las huellas de San Agust\u00edn: el Papa Le\u00f3n XIV vive una jornada profundamente espiritual en Annaba\t\t\t<\/a>\r\n\t\t<\/h2>\r\n\t\t\t\t<div class=\"premium-blog-entry-meta\">\r\n\t\t\t\r\n\t\t\t\t\t\t\t<span class=\"premium-blog-meta-separator\">\u2022<\/span>\r\n\t\t\t\t<div class=\"premium-blog-post-time premium-blog-meta-data\">\r\n\t\t\t\t\t<i class=\"fa fa-calendar-alt\" aria-hidden=\"true\"><\/i>\r\n\t\t\t\t\t<span>April 14, 2026<\/span>\r\n\t\t\t\t<\/div>\r\n\t\t\t\r\n\t\t\t\t\t\t\t<span class=\"premium-blog-meta-separator\">\u2022<\/span>\r\n\t\t\t\t<div class=\"premium-blog-post-categories premium-blog-meta-data\">\r\n\t\t\t\t\t<i class=\"fa fa-align-left fa-fw\" aria-hidden=\"true\"><\/i>\r\n\t\t\t\t\t<a href=\"https:\/\/elsembradorministries.com\/esne\/desde-el-vaticano\/category\/viajes-papales\/\" rel=\"category tag\">Viajes Papales<\/a>\t\t\t\t<\/div>\r\n\t\t\t\r\n\t\t\t\t\t<\/div>\r\n\t\t\r\n\t\t\t\t\t<\/div>\r\n\r\n\t\t\t\t\t\t\t<div class=\"premium-blog-content-inner-wrapper\">\r\n\t\t<p class=\"premium-blog-post-content\">En el segundo d\u00eda de su Viaje Apost\u00f3lico en Argelia, el Papa Le\u00f3n XIV se traslad\u00f3 a Annaba, la antigua Hipona, en \u2026<\/p>\t\t<\/div>\r\n\t\t\t\t\t\t\t\r\n\t\t\t\t<\/div>\r\n\t\t\t<\/div>\r\n\t\t<\/div>\r\n\r\n\t\t\t\t<div class=\"premium-blog-post-outer-container\" data-total=\"9\">\r\n\t\t\t<div class=\"premium-blog-post-container premium-blog-skin-classic\">\r\n\t\t\t\t\t\t\t\t\t<div class=\"premium-blog-thumb-effect-wrapper\">\r\n\t\t\t\t\t\t<div class=\"premium-blog-thumbnail-container premium-blog-zoomin-effect\">\r\n\t\t\t\t\t\t\t<img loading=\"lazy\" decoding=\"async\" width=\"2560\" height=\"1440\" src=\"https:\/\/elsembradorministries.com\/esne\/desde-el-vaticano\/wp-content\/uploads\/sites\/24\/2026\/04\/Fotografia-2-scaled.jpg\" class=\"attachment-full size-full wp-image-1476\" alt=\"\" srcset=\"https:\/\/elsembradorministries.com\/esne\/desde-el-vaticano\/wp-content\/uploads\/sites\/24\/2026\/04\/Fotografia-2-scaled.jpg 2560w, https:\/\/elsembradorministries.com\/esne\/desde-el-vaticano\/wp-content\/uploads\/sites\/24\/2026\/04\/Fotografia-2-300x169.jpg 300w, https:\/\/elsembradorministries.com\/esne\/desde-el-vaticano\/wp-content\/uploads\/sites\/24\/2026\/04\/Fotografia-2-1024x576.jpg 1024w, https:\/\/elsembradorministries.com\/esne\/desde-el-vaticano\/wp-content\/uploads\/sites\/24\/2026\/04\/Fotografia-2-768x432.jpg 768w, https:\/\/elsembradorministries.com\/esne\/desde-el-vaticano\/wp-content\/uploads\/sites\/24\/2026\/04\/Fotografia-2-1536x864.jpg 1536w, https:\/\/elsembradorministries.com\/esne\/desde-el-vaticano\/wp-content\/uploads\/sites\/24\/2026\/04\/Fotografia-2-2048x1152.jpg 2048w, https:\/\/elsembradorministries.com\/esne\/desde-el-vaticano\/wp-content\/uploads\/sites\/24\/2026\/04\/Fotografia-2-800x450.jpg 800w\" sizes=\"(max-width: 2560px) 100vw, 2560px\" \/>\t\t\t\t\t\t<\/div>\r\n\t\t\t\t\t\t\t\t\t\t\t\t\t<div class=\"premium-blog-thumbnail-overlay\">\r\n\t\t\t\t\t\t\t\t<a class=\"elementor-icon\" href=\"https:\/\/elsembradorministries.com\/esne\/desde-el-vaticano\/el-papa-leon-xiv-en-argelia-encontremonos-en-la-paz-y-respetemonos-unos-a-otros\/\" target=\"_self\"><\/a>\r\n\t\t\t\t\t\t\t<\/div>\r\n\r\n\t\t\t\t\t\t\t\t\t\t\t\t\t\t\t\t\t\t<\/div>\r\n\t\t\t\t\t\t\t\t\t\t\t\t<div class=\"premium-blog-content-wrapper \">\r\n\r\n\t\t\t\t\t<div class=\"premium-blog-inner-container\">\r\n\r\n\t\t\t\t\t\t\t\t\t\t\t\t\t\t<h2 class=\"premium-blog-entry-title\">\r\n\t\t\t<a href=\"https:\/\/elsembradorministries.com\/esne\/desde-el-vaticano\/el-papa-leon-xiv-en-argelia-encontremonos-en-la-paz-y-respetemonos-unos-a-otros\/\" target=\"_self\">\r\n\t\t\t\tEl Papa Le\u00f3n XIV en Argelia: \u201cEncontr\u00e9monos en la paz y respet\u00e9monos unos a otros\u201d\t\t\t<\/a>\r\n\t\t<\/h2>\r\n\t\t\t\t<div class=\"premium-blog-entry-meta\">\r\n\t\t\t\r\n\t\t\t\t\t\t\t<span class=\"premium-blog-meta-separator\">\u2022<\/span>\r\n\t\t\t\t<div class=\"premium-blog-post-time premium-blog-meta-data\">\r\n\t\t\t\t\t<i class=\"fa fa-calendar-alt\" aria-hidden=\"true\"><\/i>\r\n\t\t\t\t\t<span>April 13, 2026<\/span>\r\n\t\t\t\t<\/div>\r\n\t\t\t\r\n\t\t\t\t\t\t\t<span class=\"premium-blog-meta-separator\">\u2022<\/span>\r\n\t\t\t\t<div class=\"premium-blog-post-categories premium-blog-meta-data\">\r\n\t\t\t\t\t<i class=\"fa fa-align-left fa-fw\" aria-hidden=\"true\"><\/i>\r\n\t\t\t\t\t<a href=\"https:\/\/elsembradorministries.com\/esne\/desde-el-vaticano\/category\/viajes-papales\/\" rel=\"category tag\">Viajes Papales<\/a>\t\t\t\t<\/div>\r\n\t\t\t\r\n\t\t\t\t\t<\/div>\r\n\t\t\r\n\t\t\t\t\t<\/div>\r\n\r\n\t\t\t\t\t\t\t<div class=\"premium-blog-content-inner-wrapper\">\r\n\t\t<p class=\"premium-blog-post-content\">En el inicio de su Viaje Apost\u00f3lico a \u00c1frica, el Papa Le\u00f3n XIV vivi\u00f3 una jornada intensa en Argelia, marcada por encuentros \u2026<\/p>\t\t<\/div>\r\n\t\t\t\t\t\t\t\r\n\t\t\t\t<\/div>\r\n\t\t\t<\/div>\r\n\t\t<\/div>\r\n\r\n\t\t\t\t<div class=\"premium-blog-post-outer-container\" data-total=\"9\">\r\n\t\t\t<div class=\"premium-blog-post-container premium-blog-skin-classic\">\r\n\t\t\t\t\t\t\t\t\t<div class=\"premium-blog-thumb-effect-wrapper\">\r\n\t\t\t\t\t\t<div class=\"premium-blog-thumbnail-container premium-blog-zoomin-effect\">\r\n\t\t\t\t\t\t\t<img loading=\"lazy\" decoding=\"async\" width=\"1280\" height=\"720\" src=\"https:\/\/elsembradorministries.com\/esne\/desde-el-vaticano\/wp-content\/uploads\/sites\/24\/2026\/04\/Fotografia-13.jpg\" class=\"attachment-full size-full wp-image-1473\" alt=\"\" srcset=\"https:\/\/elsembradorministries.com\/esne\/desde-el-vaticano\/wp-content\/uploads\/sites\/24\/2026\/04\/Fotografia-13.jpg 1280w, https:\/\/elsembradorministries.com\/esne\/desde-el-vaticano\/wp-content\/uploads\/sites\/24\/2026\/04\/Fotografia-13-300x169.jpg 300w, https:\/\/elsembradorministries.com\/esne\/desde-el-vaticano\/wp-content\/uploads\/sites\/24\/2026\/04\/Fotografia-13-1024x576.jpg 1024w, https:\/\/elsembradorministries.com\/esne\/desde-el-vaticano\/wp-content\/uploads\/sites\/24\/2026\/04\/Fotografia-13-768x432.jpg 768w, https:\/\/elsembradorministries.com\/esne\/desde-el-vaticano\/wp-content\/uploads\/sites\/24\/2026\/04\/Fotografia-13-800x450.jpg 800w\" sizes=\"(max-width: 1280px) 100vw, 1280px\" \/>\t\t\t\t\t\t<\/div>\r\n\t\t\t\t\t\t\t\t\t\t\t\t\t<div class=\"premium-blog-thumbnail-overlay\">\r\n\t\t\t\t\t\t\t\t<a class=\"elementor-icon\" href=\"https:\/\/elsembradorministries.com\/esne\/desde-el-vaticano\/leon-xiv-en-africa-peregrino-entre-diferentes-pueblos-y-mundos\/\" target=\"_self\"><\/a>\r\n\t\t\t\t\t\t\t<\/div>\r\n\r\n\t\t\t\t\t\t\t\t\t\t\t\t\t\t\t\t\t\t<\/div>\r\n\t\t\t\t\t\t\t\t\t\t\t\t<div class=\"premium-blog-content-wrapper \">\r\n\r\n\t\t\t\t\t<div class=\"premium-blog-inner-container\">\r\n\r\n\t\t\t\t\t\t\t\t\t\t\t\t\t\t<h2 class=\"premium-blog-entry-title\">\r\n\t\t\t<a href=\"https:\/\/elsembradorministries.com\/esne\/desde-el-vaticano\/leon-xiv-en-africa-peregrino-entre-diferentes-pueblos-y-mundos\/\" target=\"_self\">\r\n\t\t\t\tLe\u00f3n XIV en \u00c1frica: Peregrino entre &#8220;diferentes pueblos y mundos&#8221;\t\t\t<\/a>\r\n\t\t<\/h2>\r\n\t\t\t\t<div class=\"premium-blog-entry-meta\">\r\n\t\t\t\r\n\t\t\t\t\t\t\t<span class=\"premium-blog-meta-separator\">\u2022<\/span>\r\n\t\t\t\t<div class=\"premium-blog-post-time premium-blog-meta-data\">\r\n\t\t\t\t\t<i class=\"fa fa-calendar-alt\" aria-hidden=\"true\"><\/i>\r\n\t\t\t\t\t<span>April 9, 2026<\/span>\r\n\t\t\t\t<\/div>\r\n\t\t\t\r\n\t\t\t\t\t\t\t<span class=\"premium-blog-meta-separator\">\u2022<\/span>\r\n\t\t\t\t<div class=\"premium-blog-post-categories premium-blog-meta-data\">\r\n\t\t\t\t\t<i class=\"fa fa-align-left fa-fw\" aria-hidden=\"true\"><\/i>\r\n\t\t\t\t\t<a href=\"https:\/\/elsembradorministries.com\/esne\/desde-el-vaticano\/category\/el-vaticano\/\" rel=\"category tag\">El Vaticano<\/a>\t\t\t\t<\/div>\r\n\t\t\t\r\n\t\t\t\t\t<\/div>\r\n\t\t\r\n\t\t\t\t\t<\/div>\r\n\r\n\t\t\t\t\t\t\t<div class=\"premium-blog-content-inner-wrapper\">\r\n\t\t<p class=\"premium-blog-post-content\">El director de la Oficina de Prensa de la Santa Sede, Matteo Bruni, present\u00f3 a los periodistas el extenso viaje apost\u00f3lico del \u2026<\/p>\t\t<\/div>\r\n\t\t\t\t\t\t\t\r\n\t\t\t\t<\/div>\r\n\t\t\t<\/div>\r\n\t\t<\/div>\r\n\r\n\t\t\t\t<div class=\"premium-blog-post-outer-container\" data-total=\"9\">\r\n\t\t\t<div class=\"premium-blog-post-container premium-blog-skin-classic\">\r\n\t\t\t\t\t\t\t\t\t<div class=\"premium-blog-thumb-effect-wrapper\">\r\n\t\t\t\t\t\t<div class=\"premium-blog-thumbnail-container premium-blog-zoomin-effect\">\r\n\t\t\t\t\t\t\t<img loading=\"lazy\" decoding=\"async\" width=\"1280\" height=\"720\" src=\"https:\/\/elsembradorministries.com\/esne\/desde-el-vaticano\/wp-content\/uploads\/sites\/24\/2026\/03\/Fotografia-11.jpg\" class=\"attachment-full size-full wp-image-1462\" alt=\"\" srcset=\"https:\/\/elsembradorministries.com\/esne\/desde-el-vaticano\/wp-content\/uploads\/sites\/24\/2026\/03\/Fotografia-11.jpg 1280w, https:\/\/elsembradorministries.com\/esne\/desde-el-vaticano\/wp-content\/uploads\/sites\/24\/2026\/03\/Fotografia-11-300x169.jpg 300w, https:\/\/elsembradorministries.com\/esne\/desde-el-vaticano\/wp-content\/uploads\/sites\/24\/2026\/03\/Fotografia-11-1024x576.jpg 1024w, https:\/\/elsembradorministries.com\/esne\/desde-el-vaticano\/wp-content\/uploads\/sites\/24\/2026\/03\/Fotografia-11-768x432.jpg 768w, https:\/\/elsembradorministries.com\/esne\/desde-el-vaticano\/wp-content\/uploads\/sites\/24\/2026\/03\/Fotografia-11-800x450.jpg 800w\" sizes=\"(max-width: 1280px) 100vw, 1280px\" \/>\t\t\t\t\t\t<\/div>\r\n\t\t\t\t\t\t\t\t\t\t\t\t\t<div class=\"premium-blog-thumbnail-overlay\">\r\n\t\t\t\t\t\t\t\t<a class=\"elementor-icon\" href=\"https:\/\/elsembradorministries.com\/esne\/desde-el-vaticano\/amoris-laetitia-el-papa-convoca-a-los-obispos-del-mundo-a-una-cumbre-sobre-la-familia\/\" target=\"_self\"><\/a>\r\n\t\t\t\t\t\t\t<\/div>\r\n\r\n\t\t\t\t\t\t\t\t\t\t\t\t\t\t\t\t\t\t<\/div>\r\n\t\t\t\t\t\t\t\t\t\t\t\t<div class=\"premium-blog-content-wrapper \">\r\n\r\n\t\t\t\t\t<div class=\"premium-blog-inner-container\">\r\n\r\n\t\t\t\t\t\t\t\t\t\t\t\t\t\t<h2 class=\"premium-blog-entry-title\">\r\n\t\t\t<a href=\"https:\/\/elsembradorministries.com\/esne\/desde-el-vaticano\/amoris-laetitia-el-papa-convoca-a-los-obispos-del-mundo-a-una-cumbre-sobre-la-familia\/\" target=\"_self\">\r\n\t\t\t\tAmoris laetitia: el Papa convoca a los obispos del mundo a una cumbre sobre la familia\t\t\t<\/a>\r\n\t\t<\/h2>\r\n\t\t\t\t<div class=\"premium-blog-entry-meta\">\r\n\t\t\t\r\n\t\t\t\t\t\t\t<span class=\"premium-blog-meta-separator\">\u2022<\/span>\r\n\t\t\t\t<div class=\"premium-blog-post-time premium-blog-meta-data\">\r\n\t\t\t\t\t<i class=\"fa fa-calendar-alt\" aria-hidden=\"true\"><\/i>\r\n\t\t\t\t\t<span>March 20, 2026<\/span>\r\n\t\t\t\t<\/div>\r\n\t\t\t\r\n\t\t\t\t\t\t\t<span class=\"premium-blog-meta-separator\">\u2022<\/span>\r\n\t\t\t\t<div class=\"premium-blog-post-categories premium-blog-meta-data\">\r\n\t\t\t\t\t<i class=\"fa fa-align-left fa-fw\" aria-hidden=\"true\"><\/i>\r\n\t\t\t\t\t<a href=\"https:\/\/elsembradorministries.com\/esne\/desde-el-vaticano\/category\/el-vaticano\/\" rel=\"category tag\">El Vaticano<\/a>\t\t\t\t<\/div>\r\n\t\t\t\r\n\t\t\t\t\t<\/div>\r\n\t\t\r\n\t\t\t\t\t<\/div>\r\n\r\n\t\t\t\t\t\t\t<div class=\"premium-blog-content-inner-wrapper\">\r\n\t\t<p class=\"premium-blog-post-content\">Con motivo del d\u00e9cimo aniversario de la exhortaci\u00f3n apost\u00f3lica postsinodal del Papa Francisco, Le\u00f3n XIV convoca para el pr\u00f3ximo mes de octubre \u2026<\/p>\t\t<\/div>\r\n\t\t\t\t\t\t\t\r\n\t\t\t\t<\/div>\r\n\t\t\t<\/div>\r\n\t\t<\/div>\r\n\r\n\t\t\t\t<div class=\"premium-blog-post-outer-container\" data-total=\"9\">\r\n\t\t\t<div class=\"premium-blog-post-container premium-blog-skin-classic\">\r\n\t\t\t\t\t\t\t\t\t<div class=\"premium-blog-thumb-effect-wrapper\">\r\n\t\t\t\t\t\t<div class=\"premium-blog-thumbnail-container premium-blog-zoomin-effect\">\r\n\t\t\t\t\t\t\t<img loading=\"lazy\" decoding=\"async\" width=\"1280\" height=\"720\" src=\"https:\/\/elsembradorministries.com\/esne\/desde-el-vaticano\/wp-content\/uploads\/sites\/24\/2026\/03\/Fotografia-10.jpg\" class=\"attachment-full size-full wp-image-1459\" alt=\"\" srcset=\"https:\/\/elsembradorministries.com\/esne\/desde-el-vaticano\/wp-content\/uploads\/sites\/24\/2026\/03\/Fotografia-10.jpg 1280w, https:\/\/elsembradorministries.com\/esne\/desde-el-vaticano\/wp-content\/uploads\/sites\/24\/2026\/03\/Fotografia-10-300x169.jpg 300w, https:\/\/elsembradorministries.com\/esne\/desde-el-vaticano\/wp-content\/uploads\/sites\/24\/2026\/03\/Fotografia-10-1024x576.jpg 1024w, https:\/\/elsembradorministries.com\/esne\/desde-el-vaticano\/wp-content\/uploads\/sites\/24\/2026\/03\/Fotografia-10-768x432.jpg 768w, https:\/\/elsembradorministries.com\/esne\/desde-el-vaticano\/wp-content\/uploads\/sites\/24\/2026\/03\/Fotografia-10-800x450.jpg 800w\" sizes=\"(max-width: 1280px) 100vw, 1280px\" \/>\t\t\t\t\t\t<\/div>\r\n\t\t\t\t\t\t\t\t\t\t\t\t\t<div class=\"premium-blog-thumbnail-overlay\">\r\n\t\t\t\t\t\t\t\t<a class=\"elementor-icon\" href=\"https:\/\/elsembradorministries.com\/esne\/desde-el-vaticano\/el-presidente-de-la-conferencia-episcopal-italiana-el-grito-de-los-que-sufren-nos-interpela\/\" target=\"_self\"><\/a>\r\n\t\t\t\t\t\t\t<\/div>\r\n\r\n\t\t\t\t\t\t\t\t\t\t\t\t\t\t\t\t\t\t<\/div>\r\n\t\t\t\t\t\t\t\t\t\t\t\t<div class=\"premium-blog-content-wrapper \">\r\n\r\n\t\t\t\t\t<div class=\"premium-blog-inner-container\">\r\n\r\n\t\t\t\t\t\t\t\t\t\t\t\t\t\t<h2 class=\"premium-blog-entry-title\">\r\n\t\t\t<a href=\"https:\/\/elsembradorministries.com\/esne\/desde-el-vaticano\/el-presidente-de-la-conferencia-episcopal-italiana-el-grito-de-los-que-sufren-nos-interpela\/\" target=\"_self\">\r\n\t\t\t\tEl presidente de la Conferencia Episcopal Italiana: &#8220;El grito de los que sufren nos interpela&#8221;\t\t\t<\/a>\r\n\t\t<\/h2>\r\n\t\t\t\t<div class=\"premium-blog-entry-meta\">\r\n\t\t\t\r\n\t\t\t\t\t\t\t<span class=\"premium-blog-meta-separator\">\u2022<\/span>\r\n\t\t\t\t<div class=\"premium-blog-post-time premium-blog-meta-data\">\r\n\t\t\t\t\t<i class=\"fa fa-calendar-alt\" aria-hidden=\"true\"><\/i>\r\n\t\t\t\t\t<span>March 12, 2026<\/span>\r\n\t\t\t\t<\/div>\r\n\t\t\t\r\n\t\t\t\t\t\t\t<span class=\"premium-blog-meta-separator\">\u2022<\/span>\r\n\t\t\t\t<div class=\"premium-blog-post-categories premium-blog-meta-data\">\r\n\t\t\t\t\t<i class=\"fa fa-align-left fa-fw\" aria-hidden=\"true\"><\/i>\r\n\t\t\t\t\t<a href=\"https:\/\/elsembradorministries.com\/esne\/desde-el-vaticano\/category\/otra\/\" rel=\"category tag\">Otra<\/a>\t\t\t\t<\/div>\r\n\t\t\t\r\n\t\t\t\t\t<\/div>\r\n\t\t\r\n\t\t\t\t\t<\/div>\r\n\r\n\t\t\t\t\t\t\t<div class=\"premium-blog-content-inner-wrapper\">\r\n\t\t<p class=\"premium-blog-post-content\">El cardenal Matteo Maria Zuppi, arzobispo de Bolonia y presidente de la Conferencia Episcopal Italiana, expres\u00f3 su preocupaci\u00f3n por la escalada de \u2026<\/p>\t\t<\/div>\r\n\t\t\t\t\t\t\t\r\n\t\t\t\t<\/div>\r\n\t\t\t<\/div>\r\n\t\t<\/div>\r\n\r\n\t\t\t\t<div class=\"premium-blog-post-outer-container\" data-total=\"9\">\r\n\t\t\t<div class=\"premium-blog-post-container premium-blog-skin-classic\">\r\n\t\t\t\t\t\t\t\t\t<div class=\"premium-blog-thumb-effect-wrapper\">\r\n\t\t\t\t\t\t<div class=\"premium-blog-thumbnail-container premium-blog-zoomin-effect\">\r\n\t\t\t\t\t\t\t<img loading=\"lazy\" decoding=\"async\" width=\"1280\" height=\"720\" src=\"https:\/\/elsembradorministries.com\/esne\/desde-el-vaticano\/wp-content\/uploads\/sites\/24\/2026\/03\/Fotografia-7.jpg\" class=\"attachment-full size-full wp-image-1455\" alt=\"\" srcset=\"https:\/\/elsembradorministries.com\/esne\/desde-el-vaticano\/wp-content\/uploads\/sites\/24\/2026\/03\/Fotografia-7.jpg 1280w, https:\/\/elsembradorministries.com\/esne\/desde-el-vaticano\/wp-content\/uploads\/sites\/24\/2026\/03\/Fotografia-7-300x169.jpg 300w, https:\/\/elsembradorministries.com\/esne\/desde-el-vaticano\/wp-content\/uploads\/sites\/24\/2026\/03\/Fotografia-7-1024x576.jpg 1024w, https:\/\/elsembradorministries.com\/esne\/desde-el-vaticano\/wp-content\/uploads\/sites\/24\/2026\/03\/Fotografia-7-768x432.jpg 768w, https:\/\/elsembradorministries.com\/esne\/desde-el-vaticano\/wp-content\/uploads\/sites\/24\/2026\/03\/Fotografia-7-800x450.jpg 800w\" sizes=\"(max-width: 1280px) 100vw, 1280px\" \/>\t\t\t\t\t\t<\/div>\r\n\t\t\t\t\t\t\t\t\t\t\t\t\t<div class=\"premium-blog-thumbnail-overlay\">\r\n\t\t\t\t\t\t\t\t<a class=\"elementor-icon\" href=\"https:\/\/elsembradorministries.com\/esne\/desde-el-vaticano\/el-papa-a-los-lideres-de-las-naciones-abandonen-los-planes-de-muerte-y-renuncien-a-las-armas\/\" target=\"_self\"><\/a>\r\n\t\t\t\t\t\t\t<\/div>\r\n\r\n\t\t\t\t\t\t\t\t\t\t\t\t\t\t\t\t\t\t<\/div>\r\n\t\t\t\t\t\t\t\t\t\t\t\t<div class=\"premium-blog-content-wrapper \">\r\n\r\n\t\t\t\t\t<div class=\"premium-blog-inner-container\">\r\n\r\n\t\t\t\t\t\t\t\t\t\t\t\t\t\t<h2 class=\"premium-blog-entry-title\">\r\n\t\t\t<a href=\"https:\/\/elsembradorministries.com\/esne\/desde-el-vaticano\/el-papa-a-los-lideres-de-las-naciones-abandonen-los-planes-de-muerte-y-renuncien-a-las-armas\/\" target=\"_self\">\r\n\t\t\t\tEl Papa a los l\u00edderes de las naciones: abandonen los planes de muerte y renuncien a las armas\t\t\t<\/a>\r\n\t\t<\/h2>\r\n\t\t\t\t<div class=\"premium-blog-entry-meta\">\r\n\t\t\t\r\n\t\t\t\t\t\t\t<span class=\"premium-blog-meta-separator\">\u2022<\/span>\r\n\t\t\t\t<div class=\"premium-blog-post-time premium-blog-meta-data\">\r\n\t\t\t\t\t<i class=\"fa fa-calendar-alt\" aria-hidden=\"true\"><\/i>\r\n\t\t\t\t\t<span>March 5, 2026<\/span>\r\n\t\t\t\t<\/div>\r\n\t\t\t\r\n\t\t\t\t\t\t\t<span class=\"premium-blog-meta-separator\">\u2022<\/span>\r\n\t\t\t\t<div class=\"premium-blog-post-categories premium-blog-meta-data\">\r\n\t\t\t\t\t<i class=\"fa fa-align-left fa-fw\" aria-hidden=\"true\"><\/i>\r\n\t\t\t\t\t<a href=\"https:\/\/elsembradorministries.com\/esne\/desde-el-vaticano\/category\/el-vaticano\/\" rel=\"category tag\">El Vaticano<\/a>\t\t\t\t<\/div>\r\n\t\t\t\r\n\t\t\t\t\t<\/div>\r\n\t\t\r\n\t\t\t\t\t<\/div>\r\n\r\n\t\t\t\t\t\t\t<div class=\"premium-blog-content-inner-wrapper\">\r\n\t\t<p class=\"premium-blog-post-content\">En el video de las intenciones de oraci\u00f3n para el mes de marzo, titulado &#8220;Por el desarme y la paz&#8221;, Le\u00f3n XIV \u2026<\/p>\t\t<\/div>\r\n\t\t\t\t\t\t\t\r\n\t\t\t\t<\/div>\r\n\t\t\t<\/div>\r\n\t\t<\/div>\r\n\r\n\t\t\t\t<div class=\"premium-blog-post-outer-container\" data-total=\"9\">\r\n\t\t\t<div class=\"premium-blog-post-container premium-blog-skin-classic\">\r\n\t\t\t\t\t\t\t\t\t<div class=\"premium-blog-thumb-effect-wrapper\">\r\n\t\t\t\t\t\t<div class=\"premium-blog-thumbnail-container premium-blog-zoomin-effect\">\r\n\t\t\t\t\t\t\t<img loading=\"lazy\" decoding=\"async\" width=\"1280\" height=\"720\" src=\"https:\/\/elsembradorministries.com\/esne\/desde-el-vaticano\/wp-content\/uploads\/sites\/24\/2026\/02\/Fotografia-9.jpg\" class=\"attachment-full size-full wp-image-1452\" alt=\"\" srcset=\"https:\/\/elsembradorministries.com\/esne\/desde-el-vaticano\/wp-content\/uploads\/sites\/24\/2026\/02\/Fotografia-9.jpg 1280w, https:\/\/elsembradorministries.com\/esne\/desde-el-vaticano\/wp-content\/uploads\/sites\/24\/2026\/02\/Fotografia-9-300x169.jpg 300w, https:\/\/elsembradorministries.com\/esne\/desde-el-vaticano\/wp-content\/uploads\/sites\/24\/2026\/02\/Fotografia-9-1024x576.jpg 1024w, https:\/\/elsembradorministries.com\/esne\/desde-el-vaticano\/wp-content\/uploads\/sites\/24\/2026\/02\/Fotografia-9-768x432.jpg 768w, https:\/\/elsembradorministries.com\/esne\/desde-el-vaticano\/wp-content\/uploads\/sites\/24\/2026\/02\/Fotografia-9-800x450.jpg 800w\" sizes=\"(max-width: 1280px) 100vw, 1280px\" \/>\t\t\t\t\t\t<\/div>\r\n\t\t\t\t\t\t\t\t\t\t\t\t\t<div class=\"premium-blog-thumbnail-overlay\">\r\n\t\t\t\t\t\t\t\t<a class=\"elementor-icon\" href=\"https:\/\/elsembradorministries.com\/esne\/desde-el-vaticano\/africa-espana-y-monaco-tras-el-jubileo-el-papa-reanuda-sus-viajes\/\" target=\"_self\"><\/a>\r\n\t\t\t\t\t\t\t<\/div>\r\n\r\n\t\t\t\t\t\t\t\t\t\t\t\t\t\t\t\t\t\t<\/div>\r\n\t\t\t\t\t\t\t\t\t\t\t\t<div class=\"premium-blog-content-wrapper \">\r\n\r\n\t\t\t\t\t<div class=\"premium-blog-inner-container\">\r\n\r\n\t\t\t\t\t\t\t\t\t\t\t\t\t\t<h2 class=\"premium-blog-entry-title\">\r\n\t\t\t<a href=\"https:\/\/elsembradorministries.com\/esne\/desde-el-vaticano\/africa-espana-y-monaco-tras-el-jubileo-el-papa-reanuda-sus-viajes\/\" target=\"_self\">\r\n\t\t\t\t\u00c1frica, Espa\u00f1a y M\u00f3naco: tras el Jubileo, el Papa reanuda sus viajes\t\t\t<\/a>\r\n\t\t<\/h2>\r\n\t\t\t\t<div class=\"premium-blog-entry-meta\">\r\n\t\t\t\r\n\t\t\t\t\t\t\t<span class=\"premium-blog-meta-separator\">\u2022<\/span>\r\n\t\t\t\t<div class=\"premium-blog-post-time premium-blog-meta-data\">\r\n\t\t\t\t\t<i class=\"fa fa-calendar-alt\" aria-hidden=\"true\"><\/i>\r\n\t\t\t\t\t<span>February 26, 2026<\/span>\r\n\t\t\t\t<\/div>\r\n\t\t\t\r\n\t\t\t\t\t\t\t<span class=\"premium-blog-meta-separator\">\u2022<\/span>\r\n\t\t\t\t<div class=\"premium-blog-post-categories premium-blog-meta-data\">\r\n\t\t\t\t\t<i class=\"fa fa-align-left fa-fw\" aria-hidden=\"true\"><\/i>\r\n\t\t\t\t\t<a href=\"https:\/\/elsembradorministries.com\/esne\/desde-el-vaticano\/category\/viajes-papales\/\" rel=\"category tag\">Viajes Papales<\/a>\t\t\t\t<\/div>\r\n\t\t\t\r\n\t\t\t\t\t<\/div>\r\n\t\t\r\n\t\t\t\t\t<\/div>\r\n\r\n\t\t\t\t\t\t\t<div class=\"premium-blog-content-inner-wrapper\">\r\n\t\t<p class=\"premium-blog-post-content\">Hoy se han anunciado los viajes apost\u00f3licos de Le\u00f3n XIV: diez d\u00edas en \u00c1frica entre Argelia, Camer\u00fan, Angola y Guinea Ecuatorial, un \u2026<\/p>\t\t<\/div>\r\n\t\t\t\t\t\t\t\r\n\t\t\t\t<\/div>\r\n\t\t\t<\/div>\r\n\t\t<\/div>\r\n\r\n\t\t\t\t<div class=\"premium-blog-post-outer-container\" data-total=\"9\">\r\n\t\t\t<div class=\"premium-blog-post-container premium-blog-skin-classic\">\r\n\t\t\t\t\t\t\t\t\t<div class=\"premium-blog-thumb-effect-wrapper\">\r\n\t\t\t\t\t\t<div class=\"premium-blog-thumbnail-container premium-blog-zoomin-effect\">\r\n\t\t\t\t\t\t\t<img loading=\"lazy\" decoding=\"async\" width=\"2560\" height=\"1440\" src=\"https:\/\/elsembradorministries.com\/esne\/desde-el-vaticano\/wp-content\/uploads\/sites\/24\/2026\/02\/Fotografia-5.jpg\" class=\"attachment-full size-full wp-image-1449\" alt=\"\" srcset=\"https:\/\/elsembradorministries.com\/esne\/desde-el-vaticano\/wp-content\/uploads\/sites\/24\/2026\/02\/Fotografia-5.jpg 2560w, https:\/\/elsembradorministries.com\/esne\/desde-el-vaticano\/wp-content\/uploads\/sites\/24\/2026\/02\/Fotografia-5-300x169.jpg 300w, https:\/\/elsembradorministries.com\/esne\/desde-el-vaticano\/wp-content\/uploads\/sites\/24\/2026\/02\/Fotografia-5-1024x576.jpg 1024w, https:\/\/elsembradorministries.com\/esne\/desde-el-vaticano\/wp-content\/uploads\/sites\/24\/2026\/02\/Fotografia-5-768x432.jpg 768w, https:\/\/elsembradorministries.com\/esne\/desde-el-vaticano\/wp-content\/uploads\/sites\/24\/2026\/02\/Fotografia-5-1536x864.jpg 1536w, https:\/\/elsembradorministries.com\/esne\/desde-el-vaticano\/wp-content\/uploads\/sites\/24\/2026\/02\/Fotografia-5-2048x1152.jpg 2048w, https:\/\/elsembradorministries.com\/esne\/desde-el-vaticano\/wp-content\/uploads\/sites\/24\/2026\/02\/Fotografia-5-800x450.jpg 800w\" sizes=\"(max-width: 2560px) 100vw, 2560px\" \/>\t\t\t\t\t\t<\/div>\r\n\t\t\t\t\t\t\t\t\t\t\t\t\t<div class=\"premium-blog-thumbnail-overlay\">\r\n\t\t\t\t\t\t\t\t<a class=\"elementor-icon\" href=\"https:\/\/elsembradorministries.com\/esne\/desde-el-vaticano\/anuncian-visitas-pastorales-del-papa-a-7-ciudades-italianas\/\" target=\"_self\"><\/a>\r\n\t\t\t\t\t\t\t<\/div>\r\n\r\n\t\t\t\t\t\t\t\t\t\t\t\t\t\t\t\t\t\t<\/div>\r\n\t\t\t\t\t\t\t\t\t\t\t\t<div class=\"premium-blog-content-wrapper \">\r\n\r\n\t\t\t\t\t<div class=\"premium-blog-inner-container\">\r\n\r\n\t\t\t\t\t\t\t\t\t\t\t\t\t\t<h2 class=\"premium-blog-entry-title\">\r\n\t\t\t<a href=\"https:\/\/elsembradorministries.com\/esne\/desde-el-vaticano\/anuncian-visitas-pastorales-del-papa-a-7-ciudades-italianas\/\" target=\"_self\">\r\n\t\t\t\tAnuncian visitas pastorales del Papa a 7 ciudades italianas\t\t\t<\/a>\r\n\t\t<\/h2>\r\n\t\t\t\t<div class=\"premium-blog-entry-meta\">\r\n\t\t\t\r\n\t\t\t\t\t\t\t<span class=\"premium-blog-meta-separator\">\u2022<\/span>\r\n\t\t\t\t<div class=\"premium-blog-post-time premium-blog-meta-data\">\r\n\t\t\t\t\t<i class=\"fa fa-calendar-alt\" aria-hidden=\"true\"><\/i>\r\n\t\t\t\t\t<span>February 19, 2026<\/span>\r\n\t\t\t\t<\/div>\r\n\t\t\t\r\n\t\t\t\t\t\t\t<span class=\"premium-blog-meta-separator\">\u2022<\/span>\r\n\t\t\t\t<div class=\"premium-blog-post-categories premium-blog-meta-data\">\r\n\t\t\t\t\t<i class=\"fa fa-align-left fa-fw\" aria-hidden=\"true\"><\/i>\r\n\t\t\t\t\t<a href=\"https:\/\/elsembradorministries.com\/esne\/desde-el-vaticano\/category\/viajes-papales\/\" rel=\"category tag\">Viajes Papales<\/a>\t\t\t\t<\/div>\r\n\t\t\t\r\n\t\t\t\t\t<\/div>\r\n\t\t\r\n\t\t\t\t\t<\/div>\r\n\r\n\t\t\t\t\t\t\t<div class=\"premium-blog-content-inner-wrapper\">\r\n\t\t<p class=\"premium-blog-post-content\">El Papa Le\u00f3n XIV realizar\u00e1 una serie de visitas pastorales entre mayo y agosto de 2026 en siete ciudades de Italia, con \u2026<\/p>\t\t<\/div>\r\n\t\t\t\t\t\t\t\r\n\t\t\t\t<\/div>\r\n\t\t\t<\/div>\r\n\t\t<\/div>\r\n\r\n\t\t\t\t<div class=\"premium-blog-post-outer-container\" data-total=\"9\">\r\n\t\t\t<div class=\"premium-blog-post-container premium-blog-skin-classic\">\r\n\t\t\t\t\t\t\t\t\t<div class=\"premium-blog-thumb-effect-wrapper\">\r\n\t\t\t\t\t\t<div class=\"premium-blog-thumbnail-container premium-blog-zoomin-effect\">\r\n\t\t\t\t\t\t\t<img loading=\"lazy\" decoding=\"async\" width=\"1280\" height=\"720\" src=\"https:\/\/elsembradorministries.com\/esne\/desde-el-vaticano\/wp-content\/uploads\/sites\/24\/2026\/02\/Fotografia.jpg\" class=\"attachment-full size-full wp-image-1426\" alt=\"\" srcset=\"https:\/\/elsembradorministries.com\/esne\/desde-el-vaticano\/wp-content\/uploads\/sites\/24\/2026\/02\/Fotografia.jpg 1280w, https:\/\/elsembradorministries.com\/esne\/desde-el-vaticano\/wp-content\/uploads\/sites\/24\/2026\/02\/Fotografia-300x169.jpg 300w, https:\/\/elsembradorministries.com\/esne\/desde-el-vaticano\/wp-content\/uploads\/sites\/24\/2026\/02\/Fotografia-1024x576.jpg 1024w, https:\/\/elsembradorministries.com\/esne\/desde-el-vaticano\/wp-content\/uploads\/sites\/24\/2026\/02\/Fotografia-768x432.jpg 768w, https:\/\/elsembradorministries.com\/esne\/desde-el-vaticano\/wp-content\/uploads\/sites\/24\/2026\/02\/Fotografia-800x450.jpg 800w\" sizes=\"(max-width: 1280px) 100vw, 1280px\" \/>\t\t\t\t\t\t<\/div>\r\n\t\t\t\t\t\t\t\t\t\t\t\t\t<div class=\"premium-blog-thumbnail-overlay\">\r\n\t\t\t\t\t\t\t\t<a class=\"elementor-icon\" href=\"https:\/\/elsembradorministries.com\/esne\/desde-el-vaticano\/el-papa-senor-ensenanos-a-reconocer-tu-rostro-en-cada-nino-que-sufre\/\" target=\"_self\"><\/a>\r\n\t\t\t\t\t\t\t<\/div>\r\n\r\n\t\t\t\t\t\t\t\t\t\t\t\t\t\t\t\t\t\t<\/div>\r\n\t\t\t\t\t\t\t\t\t\t\t\t<div class=\"premium-blog-content-wrapper \">\r\n\r\n\t\t\t\t\t<div class=\"premium-blog-inner-container\">\r\n\r\n\t\t\t\t\t\t\t\t\t\t\t\t\t\t<h2 class=\"premium-blog-entry-title\">\r\n\t\t\t<a href=\"https:\/\/elsembradorministries.com\/esne\/desde-el-vaticano\/el-papa-senor-ensenanos-a-reconocer-tu-rostro-en-cada-nino-que-sufre\/\" target=\"_self\">\r\n\t\t\t\tEl Papa: Se\u00f1or, ens\u00e9\u00f1anos a reconocer tu rostro en cada ni\u00f1o que sufre\t\t\t<\/a>\r\n\t\t<\/h2>\r\n\t\t\t\t<div class=\"premium-blog-entry-meta\">\r\n\t\t\t\r\n\t\t\t\t\t\t\t<span class=\"premium-blog-meta-separator\">\u2022<\/span>\r\n\t\t\t\t<div class=\"premium-blog-post-time premium-blog-meta-data\">\r\n\t\t\t\t\t<i class=\"fa fa-calendar-alt\" aria-hidden=\"true\"><\/i>\r\n\t\t\t\t\t<span>February 5, 2026<\/span>\r\n\t\t\t\t<\/div>\r\n\t\t\t\r\n\t\t\t\t\t\t\t<span class=\"premium-blog-meta-separator\">\u2022<\/span>\r\n\t\t\t\t<div class=\"premium-blog-post-categories premium-blog-meta-data\">\r\n\t\t\t\t\t<i class=\"fa fa-align-left fa-fw\" aria-hidden=\"true\"><\/i>\r\n\t\t\t\t\t<a href=\"https:\/\/elsembradorministries.com\/esne\/desde-el-vaticano\/category\/el-vaticano\/\" rel=\"category tag\">El Vaticano<\/a>\t\t\t\t<\/div>\r\n\t\t\t\r\n\t\t\t\t\t<\/div>\r\n\t\t\r\n\t\t\t\t\t<\/div>\r\n\r\n\t\t\t\t\t\t\t<div class=\"premium-blog-content-inner-wrapper\">\r\n\t\t<p class=\"premium-blog-post-content\">La intenci\u00f3n de oraci\u00f3n del Santo Padre para este mes de febrero, difundida por la campa\u00f1a \u201cReza con el Papa\u201d, est\u00e1 dedicada \u2026<\/p>\t\t<\/div>\r\n\t\t\t\t\t\t\t\r\n\t\t\t\t<\/div>\r\n\t\t\t<\/div>\r\n\t\t<\/div>\r\n\r\n\t\t\t\t<div class=\"premium-blog-post-outer-container\" data-total=\"9\">\r\n\t\t\t<div class=\"premium-blog-post-container premium-blog-skin-classic\">\r\n\t\t\t\t\t\t\t\t\t<div class=\"premium-blog-thumb-effect-wrapper\">\r\n\t\t\t\t\t\t<div class=\"premium-blog-thumbnail-container premium-blog-zoomin-effect\">\r\n\t\t\t\t\t\t\t<img loading=\"lazy\" decoding=\"async\" width=\"1280\" height=\"720\" src=\"https:\/\/elsembradorministries.com\/esne\/desde-el-vaticano\/wp-content\/uploads\/sites\/24\/2026\/01\/Fotografia-1.jpg\" class=\"attachment-full size-full wp-image-1420\" alt=\"\" srcset=\"https:\/\/elsembradorministries.com\/esne\/desde-el-vaticano\/wp-content\/uploads\/sites\/24\/2026\/01\/Fotografia-1.jpg 1280w, https:\/\/elsembradorministries.com\/esne\/desde-el-vaticano\/wp-content\/uploads\/sites\/24\/2026\/01\/Fotografia-1-300x169.jpg 300w, https:\/\/elsembradorministries.com\/esne\/desde-el-vaticano\/wp-content\/uploads\/sites\/24\/2026\/01\/Fotografia-1-1024x576.jpg 1024w, https:\/\/elsembradorministries.com\/esne\/desde-el-vaticano\/wp-content\/uploads\/sites\/24\/2026\/01\/Fotografia-1-768x432.jpg 768w, https:\/\/elsembradorministries.com\/esne\/desde-el-vaticano\/wp-content\/uploads\/sites\/24\/2026\/01\/Fotografia-1-800x450.jpg 800w\" sizes=\"(max-width: 1280px) 100vw, 1280px\" \/>\t\t\t\t\t\t<\/div>\r\n\t\t\t\t\t\t\t\t\t\t\t\t\t<div class=\"premium-blog-thumbnail-overlay\">\r\n\t\t\t\t\t\t\t\t<a class=\"elementor-icon\" href=\"https:\/\/elsembradorministries.com\/esne\/desde-el-vaticano\/sera-beatificado-fray-augusto-ramirez-asesinado-por-odio-a-la-fe-en-guatemala\/\" target=\"_self\"><\/a>\r\n\t\t\t\t\t\t\t<\/div>\r\n\r\n\t\t\t\t\t\t\t\t\t\t\t\t\t\t\t\t\t\t<\/div>\r\n\t\t\t\t\t\t\t\t\t\t\t\t<div class=\"premium-blog-content-wrapper \">\r\n\r\n\t\t\t\t\t<div class=\"premium-blog-inner-container\">\r\n\r\n\t\t\t\t\t\t\t\t\t\t\t\t\t\t<h2 class=\"premium-blog-entry-title\">\r\n\t\t\t<a href=\"https:\/\/elsembradorministries.com\/esne\/desde-el-vaticano\/sera-beatificado-fray-augusto-ramirez-asesinado-por-odio-a-la-fe-en-guatemala\/\" target=\"_self\">\r\n\t\t\t\tSer\u00e1 beatificado fray Augusto Ram\u00edrez: asesinado por odio a la fe en Guatemala\t\t\t<\/a>\r\n\t\t<\/h2>\r\n\t\t\t\t<div class=\"premium-blog-entry-meta\">\r\n\t\t\t\r\n\t\t\t\t\t\t\t<span class=\"premium-blog-meta-separator\">\u2022<\/span>\r\n\t\t\t\t<div class=\"premium-blog-post-time premium-blog-meta-data\">\r\n\t\t\t\t\t<i class=\"fa fa-calendar-alt\" aria-hidden=\"true\"><\/i>\r\n\t\t\t\t\t<span>January 22, 2026<\/span>\r\n\t\t\t\t<\/div>\r\n\t\t\t\r\n\t\t\t\t\t\t\t<span class=\"premium-blog-meta-separator\">\u2022<\/span>\r\n\t\t\t\t<div class=\"premium-blog-post-categories premium-blog-meta-data\">\r\n\t\t\t\t\t<i class=\"fa fa-align-left fa-fw\" aria-hidden=\"true\"><\/i>\r\n\t\t\t\t\t<a href=\"https:\/\/elsembradorministries.com\/esne\/desde-el-vaticano\/category\/otra\/\" rel=\"category tag\">Otra<\/a>\t\t\t\t<\/div>\r\n\t\t\t\r\n\t\t\t\t\t<\/div>\r\n\t\t\r\n\t\t\t\t\t<\/div>\r\n\r\n\t\t\t\t\t\t\t<div class=\"premium-blog-content-inner-wrapper\">\r\n\t\t<p class=\"premium-blog-post-content\">Se ha reconocido el martirio del fraile menor guatemalteco Augusto Rafael Ram\u00edrez Monasterio y un milagro atribuido a la intercesi\u00f3n de la \u2026<\/p>\t\t<\/div>\r\n\t\t\t\t\t\t\t\r\n\t\t\t\t<\/div>\r\n\t\t\t<\/div>\r\n\t\t<\/div>\r\n\r\n\t\t\t\t<div class=\"premium-blog-post-outer-container\" data-total=\"9\">\r\n\t\t\t<div class=\"premium-blog-post-container premium-blog-skin-classic\">\r\n\t\t\t\t\t\t\t\t\t<div class=\"premium-blog-thumb-effect-wrapper\">\r\n\t\t\t\t\t\t<div class=\"premium-blog-thumbnail-container premium-blog-zoomin-effect\">\r\n\t\t\t\t\t\t\t<img loading=\"lazy\" decoding=\"async\" width=\"1280\" height=\"720\" src=\"https:\/\/elsembradorministries.com\/esne\/desde-el-vaticano\/wp-content\/uploads\/sites\/24\/2026\/01\/Fotografia.jpg\" class=\"attachment-full size-full wp-image-1417\" alt=\"\" srcset=\"https:\/\/elsembradorministries.com\/esne\/desde-el-vaticano\/wp-content\/uploads\/sites\/24\/2026\/01\/Fotografia.jpg 1280w, https:\/\/elsembradorministries.com\/esne\/desde-el-vaticano\/wp-content\/uploads\/sites\/24\/2026\/01\/Fotografia-300x169.jpg 300w, https:\/\/elsembradorministries.com\/esne\/desde-el-vaticano\/wp-content\/uploads\/sites\/24\/2026\/01\/Fotografia-1024x576.jpg 1024w, https:\/\/elsembradorministries.com\/esne\/desde-el-vaticano\/wp-content\/uploads\/sites\/24\/2026\/01\/Fotografia-768x432.jpg 768w, https:\/\/elsembradorministries.com\/esne\/desde-el-vaticano\/wp-content\/uploads\/sites\/24\/2026\/01\/Fotografia-800x450.jpg 800w\" sizes=\"(max-width: 1280px) 100vw, 1280px\" \/>\t\t\t\t\t\t<\/div>\r\n\t\t\t\t\t\t\t\t\t\t\t\t\t<div class=\"premium-blog-thumbnail-overlay\">\r\n\t\t\t\t\t\t\t\t<a class=\"elementor-icon\" href=\"https:\/\/elsembradorministries.com\/esne\/desde-el-vaticano\/presentan-al-papa-su-retrato-en-mosaico-para-la-basilica-de-san-pablo\/\" target=\"_self\"><\/a>\r\n\t\t\t\t\t\t\t<\/div>\r\n\r\n\t\t\t\t\t\t\t\t\t\t\t\t\t\t\t\t\t\t<\/div>\r\n\t\t\t\t\t\t\t\t\t\t\t\t<div class=\"premium-blog-content-wrapper \">\r\n\r\n\t\t\t\t\t<div class=\"premium-blog-inner-container\">\r\n\r\n\t\t\t\t\t\t\t\t\t\t\t\t\t\t<h2 class=\"premium-blog-entry-title\">\r\n\t\t\t<a href=\"https:\/\/elsembradorministries.com\/esne\/desde-el-vaticano\/presentan-al-papa-su-retrato-en-mosaico-para-la-basilica-de-san-pablo\/\" target=\"_self\">\r\n\t\t\t\tPresentan al Papa su retrato en mosaico para la Bas\u00edlica de San Pablo\t\t\t<\/a>\r\n\t\t<\/h2>\r\n\t\t\t\t<div class=\"premium-blog-entry-meta\">\r\n\t\t\t\r\n\t\t\t\t\t\t\t<span class=\"premium-blog-meta-separator\">\u2022<\/span>\r\n\t\t\t\t<div class=\"premium-blog-post-time premium-blog-meta-data\">\r\n\t\t\t\t\t<i class=\"fa fa-calendar-alt\" aria-hidden=\"true\"><\/i>\r\n\t\t\t\t\t<span>January 15, 2026<\/span>\r\n\t\t\t\t<\/div>\r\n\t\t\t\r\n\t\t\t\t\t\t\t<span class=\"premium-blog-meta-separator\">\u2022<\/span>\r\n\t\t\t\t<div class=\"premium-blog-post-categories premium-blog-meta-data\">\r\n\t\t\t\t\t<i class=\"fa fa-align-left fa-fw\" aria-hidden=\"true\"><\/i>\r\n\t\t\t\t\t<a href=\"https:\/\/elsembradorministries.com\/esne\/desde-el-vaticano\/category\/el-vaticano\/\" rel=\"category tag\">El Vaticano<\/a>\t\t\t\t<\/div>\r\n\t\t\t\r\n\t\t\t\t\t<\/div>\r\n\t\t\r\n\t\t\t\t\t<\/div>\r\n\r\n\t\t\t\t\t\t\t<div class=\"premium-blog-content-inner-wrapper\">\r\n\t\t<p class=\"premium-blog-post-content\">En la peque\u00f1a sala contigua al Aula Pablo VI, Le\u00f3n XIV pudo admirar el cl\u00edpeo de mosaico dedicado a \u00e9l que ser\u00e1 \u2026<\/p>\t\t<\/div>\r\n\t\t\t\t\t\t\t\r\n\t\t\t\t<\/div>\r\n\t\t\t<\/div>\r\n\t\t<\/div>\r\n\r\n\t\t\t\t<div class=\"premium-blog-post-outer-container\" data-total=\"9\">\r\n\t\t\t<div class=\"premium-blog-post-container premium-blog-skin-classic\">\r\n\t\t\t\t\t\t\t\t\t<div class=\"premium-blog-thumb-effect-wrapper\">\r\n\t\t\t\t\t\t<div class=\"premium-blog-thumbnail-container premium-blog-zoomin-effect\">\r\n\t\t\t\t\t\t\t<img loading=\"lazy\" decoding=\"async\" width=\"1280\" height=\"720\" src=\"https:\/\/elsembradorministries.com\/esne\/desde-el-vaticano\/wp-content\/uploads\/sites\/24\/2026\/01\/Fotografia-6.jpg\" class=\"attachment-full size-full wp-image-1414\" alt=\"\" srcset=\"https:\/\/elsembradorministries.com\/esne\/desde-el-vaticano\/wp-content\/uploads\/sites\/24\/2026\/01\/Fotografia-6.jpg 1280w, https:\/\/elsembradorministries.com\/esne\/desde-el-vaticano\/wp-content\/uploads\/sites\/24\/2026\/01\/Fotografia-6-300x169.jpg 300w, https:\/\/elsembradorministries.com\/esne\/desde-el-vaticano\/wp-content\/uploads\/sites\/24\/2026\/01\/Fotografia-6-1024x576.jpg 1024w, https:\/\/elsembradorministries.com\/esne\/desde-el-vaticano\/wp-content\/uploads\/sites\/24\/2026\/01\/Fotografia-6-768x432.jpg 768w, https:\/\/elsembradorministries.com\/esne\/desde-el-vaticano\/wp-content\/uploads\/sites\/24\/2026\/01\/Fotografia-6-800x450.jpg 800w\" sizes=\"(max-width: 1280px) 100vw, 1280px\" \/>\t\t\t\t\t\t<\/div>\r\n\t\t\t\t\t\t\t\t\t\t\t\t\t<div class=\"premium-blog-thumbnail-overlay\">\r\n\t\t\t\t\t\t\t\t<a class=\"elementor-icon\" href=\"https:\/\/elsembradorministries.com\/esne\/desde-el-vaticano\/el-papa-bautiza-a-bebes-de-sus-padres-reciben-la-vida-y-hoy-reciben-el-sentido-para-vivirla\/\" target=\"_self\"><\/a>\r\n\t\t\t\t\t\t\t<\/div>\r\n\r\n\t\t\t\t\t\t\t\t\t\t\t\t\t\t\t\t\t\t<\/div>\r\n\t\t\t\t\t\t\t\t\t\t\t\t<div class=\"premium-blog-content-wrapper \">\r\n\r\n\t\t\t\t\t<div class=\"premium-blog-inner-container\">\r\n\r\n\t\t\t\t\t\t\t\t\t\t\t\t\t\t<h2 class=\"premium-blog-entry-title\">\r\n\t\t\t<a href=\"https:\/\/elsembradorministries.com\/esne\/desde-el-vaticano\/el-papa-bautiza-a-bebes-de-sus-padres-reciben-la-vida-y-hoy-reciben-el-sentido-para-vivirla\/\" target=\"_self\">\r\n\t\t\t\tEl Papa bautiza a beb\u00e9s: \u201cde sus padres reciben la vida y hoy reciben el sentido para vivirla\u201d\t\t\t<\/a>\r\n\t\t<\/h2>\r\n\t\t\t\t<div class=\"premium-blog-entry-meta\">\r\n\t\t\t\r\n\t\t\t\t\t\t\t<span class=\"premium-blog-meta-separator\">\u2022<\/span>\r\n\t\t\t\t<div class=\"premium-blog-post-time premium-blog-meta-data\">\r\n\t\t\t\t\t<i class=\"fa fa-calendar-alt\" aria-hidden=\"true\"><\/i>\r\n\t\t\t\t\t<span>January 11, 2026<\/span>\r\n\t\t\t\t<\/div>\r\n\t\t\t\r\n\t\t\t\t\t\t\t<span class=\"premium-blog-meta-separator\">\u2022<\/span>\r\n\t\t\t\t<div class=\"premium-blog-post-categories premium-blog-meta-data\">\r\n\t\t\t\t\t<i class=\"fa fa-align-left fa-fw\" aria-hidden=\"true\"><\/i>\r\n\t\t\t\t\t<a href=\"https:\/\/elsembradorministries.com\/esne\/desde-el-vaticano\/category\/el-vaticano\/\" rel=\"category tag\">El Vaticano<\/a>\t\t\t\t<\/div>\r\n\t\t\t\r\n\t\t\t\t\t<\/div>\r\n\t\t\r\n\t\t\t\t\t<\/div>\r\n\r\n\t\t\t\t\t\t\t<div class=\"premium-blog-content-inner-wrapper\">\r\n\t\t<p class=\"premium-blog-post-content\">En la ma\u00f1ana de este domingo 11 de enero en el que celebramos la Fiesta del Bautismo del Se\u00f1or, el Papa Le\u00f3n \u2026<\/p>\t\t<\/div>\r\n\t\t\t\t\t\t\t\r\n\t\t\t\t<\/div>\r\n\t\t\t<\/div>\r\n\t\t<\/div>\r\n\r\n\t\t\t\t\t\t\t<\/div>\r\n\r\n\t\t\r\n\t\t\r\n\t\t\t\t\t\t<\/div>\n\t\t\t\t<\/div>\n\t\t\t\t\t<\/div>\n\t\t<\/div>\n\t\t\t\t\t<\/div>\n\t\t<\/section>\n\t\t\t\t<section class=\"has_eae_slider elementor-section elementor-top-section elementor-element elementor-element-9f1a5de elementor-section-full_width elementor-section-height-default elementor-section-height-default\" data-eae-slider=\"26454\" data-id=\"9f1a5de\" data-element_type=\"section\" data-e-type=\"section\">\n\t\t\t\t\t\t<div class=\"elementor-container elementor-column-gap-no\">\n\t\t\t\t\t<div class=\"has_eae_slider elementor-column elementor-col-100 elementor-top-column elementor-element elementor-element-6e65287\" data-eae-slider=\"1374\" data-id=\"6e65287\" data-element_type=\"column\" data-e-type=\"column\">\n\t\t\t<div class=\"elementor-widget-wrap elementor-element-populated\">\n\t\t\t\t\t\t<div class=\"elementor-element elementor-element-916eefa elementor-widget elementor-widget-image\" data-id=\"916eefa\" data-element_type=\"widget\" data-e-type=\"widget\" data-widget_type=\"image.default\">\n\t\t\t\t<div class=\"elementor-widget-container\">\n\t\t\t\t\t\t\t\t\t\t\t\t\t\t\t<img loading=\"lazy\" decoding=\"async\" width=\"2048\" height=\"500\" src=\"https:\/\/elsembradorministries.com\/esne\/desde-el-vaticano\/wp-content\/uploads\/sites\/24\/2025\/05\/desde-el-vaticano-banner.jpg\" class=\"attachment-full size-full wp-image-1164\" alt=\"\" srcset=\"https:\/\/elsembradorministries.com\/esne\/desde-el-vaticano\/wp-content\/uploads\/sites\/24\/2025\/05\/desde-el-vaticano-banner.jpg 2048w, https:\/\/elsembradorministries.com\/esne\/desde-el-vaticano\/wp-content\/uploads\/sites\/24\/2025\/05\/desde-el-vaticano-banner-300x73.jpg 300w, https:\/\/elsembradorministries.com\/esne\/desde-el-vaticano\/wp-content\/uploads\/sites\/24\/2025\/05\/desde-el-vaticano-banner-1024x250.jpg 1024w, https:\/\/elsembradorministries.com\/esne\/desde-el-vaticano\/wp-content\/uploads\/sites\/24\/2025\/05\/desde-el-vaticano-banner-768x188.jpg 768w, https:\/\/elsembradorministries.com\/esne\/desde-el-vaticano\/wp-content\/uploads\/sites\/24\/2025\/05\/desde-el-vaticano-banner-1536x375.jpg 1536w\" sizes=\"(max-width: 2048px) 100vw, 2048px\" \/>\t\t\t\t\t\t\t\t\t\t\t\t\t\t\t<\/div>\n\t\t\t\t<\/div>\n\t\t\t\t\t<\/div>\n\t\t<\/div>\n\t\t\t\t\t<\/div>\n\t\t<\/section>\n\t\t\t\t<\/div>\n\t\t","protected":false},"excerpt":{"rendered":"<p>AUDIENCIAS DEL PAPA Vatican News se hace eco de la entrevista de Noel D\u00edaz al Papa Francisco Vatican News se hace eco de la entrevista de Noel D\u00edaz al Papa Francisco\u00a0 Su confianza total en Dios,&#8230; Leer m\u00e1s Jos\u00e9, un so\u00f1ador que prefer\u00eda hechos concretos m\u00e1s que palabras al viento Secci\u00f3n noticias ESNE\/ Fuente: Vatican [&hellip;]<\/p>\n","protected":false},"author":1,"featured_media":0,"parent":0,"menu_order":0,"comment_status":"closed","ping_status":"closed","template":"elementor_header_footer","meta":{"ocean_post_layout":"","ocean_both_sidebars_style":"","ocean_both_sidebars_content_width":0,"ocean_both_sidebars_sidebars_width":0,"ocean_sidebar":"0","ocean_second_sidebar":"0","ocean_disable_margins":"enable","ocean_add_body_class":"","ocean_shortcode_before_top_bar":"","ocean_shortcode_after_top_bar":"","ocean_shortcode_before_header":"","ocean_shortcode_after_header":"","ocean_has_shortcode":"","ocean_shortcode_after_title":"","ocean_shortcode_before_footer_widgets":"","ocean_shortcode_after_footer_widgets":"","ocean_shortcode_before_footer_bottom":"","ocean_shortcode_after_footer_bottom":"","ocean_display_top_bar":"default","ocean_display_header":"default","ocean_header_style":"","ocean_center_header_left_menu":"0","ocean_custom_header_template":"0","ocean_custom_logo":0,"ocean_custom_retina_logo":0,"ocean_custom_logo_max_width":0,"ocean_custom_logo_tablet_max_width":0,"ocean_custom_logo_mobile_max_width":0,"ocean_custom_logo_max_height":0,"ocean_custom_logo_tablet_max_height":0,"ocean_custom_logo_mobile_max_height":0,"ocean_header_custom_menu":"0","ocean_menu_typo_font_family":"0","ocean_menu_typo_font_subset":"","ocean_menu_typo_font_size":0,"ocean_menu_typo_font_size_tablet":0,"ocean_menu_typo_font_size_mobile":0,"ocean_menu_typo_font_size_unit":"px","ocean_menu_typo_font_weight":"","ocean_menu_typo_font_weight_tablet":"","ocean_menu_typo_font_weight_mobile":"","ocean_menu_typo_transform":"","ocean_menu_typo_transform_tablet":"","ocean_menu_typo_transform_mobile":"","ocean_menu_typo_line_height":0,"ocean_menu_typo_line_height_tablet":0,"ocean_menu_typo_line_height_mobile":0,"ocean_menu_typo_line_height_unit":"","ocean_menu_typo_spacing":0,"ocean_menu_typo_spacing_tablet":0,"ocean_menu_typo_spacing_mobile":0,"ocean_menu_typo_spacing_unit":"","ocean_menu_link_color":"","ocean_menu_link_color_hover":"","ocean_menu_link_color_active":"","ocean_menu_link_background":"","ocean_menu_link_hover_background":"","ocean_menu_link_active_background":"","ocean_menu_social_links_bg":"","ocean_menu_social_hover_links_bg":"","ocean_menu_social_links_color":"","ocean_menu_social_hover_links_color":"","ocean_disable_title":"default","ocean_disable_heading":"default","ocean_post_title":"","ocean_post_subheading":"","ocean_post_title_style":"","ocean_post_title_background_color":"","ocean_post_title_background":0,"ocean_post_title_bg_image_position":"","ocean_post_title_bg_image_attachment":"","ocean_post_title_bg_image_repeat":"","ocean_post_title_bg_image_size":"","ocean_post_title_height":0,"ocean_post_title_bg_overlay":0.5,"ocean_post_title_bg_overlay_color":"","ocean_disable_breadcrumbs":"default","ocean_breadcrumbs_color":"","ocean_breadcrumbs_separator_color":"","ocean_breadcrumbs_links_color":"","ocean_breadcrumbs_links_hover_color":"","ocean_display_footer_widgets":"default","ocean_display_footer_bottom":"default","ocean_custom_footer_template":"0","footnotes":""},"categories":[],"class_list":["post-419","page","type-page","status-publish","hentry","entry","has-media"],"publishpress_future_action":{"enabled":false,"date":"2026-05-08 21:18:55","action":"change-status","newStatus":"draft","terms":[],"taxonomy":"category","extraData":[]},"publishpress_future_workflow_manual_trigger":{"enabledWorkflows":[]},"_links":{"self":[{"href":"https:\/\/elsembradorministries.com\/esne\/desde-el-vaticano\/wp-json\/wp\/v2\/pages\/419","targetHints":{"allow":["GET"]}}],"collection":[{"href":"https:\/\/elsembradorministries.com\/esne\/desde-el-vaticano\/wp-json\/wp\/v2\/pages"}],"about":[{"href":"https:\/\/elsembradorministries.com\/esne\/desde-el-vaticano\/wp-json\/wp\/v2\/types\/page"}],"author":[{"embeddable":true,"href":"https:\/\/elsembradorministries.com\/esne\/desde-el-vaticano\/wp-json\/wp\/v2\/users\/1"}],"replies":[{"embeddable":true,"href":"https:\/\/elsembradorministries.com\/esne\/desde-el-vaticano\/wp-json\/wp\/v2\/comments?post=419"}],"version-history":[{"count":6,"href":"https:\/\/elsembradorministries.com\/esne\/desde-el-vaticano\/wp-json\/wp\/v2\/pages\/419\/revisions"}],"predecessor-version":[{"id":1167,"href":"https:\/\/elsembradorministries.com\/esne\/desde-el-vaticano\/wp-json\/wp\/v2\/pages\/419\/revisions\/1167"}],"wp:attachment":[{"href":"https:\/\/elsembradorministries.com\/esne\/desde-el-vaticano\/wp-json\/wp\/v2\/media?parent=419"}],"wp:term":[{"taxonomy":"category","embeddable":true,"href":"https:\/\/elsembradorministries.com\/esne\/desde-el-vaticano\/wp-json\/wp\/v2\/categories?post=419"}],"curies":[{"name":"wp","href":"https:\/\/api.w.org\/{rel}","templated":true}]}}