{"id":434,"date":"2017-01-01T00:00:19","date_gmt":"2017-01-01T08:00:19","guid":{"rendered":"http:\/\/elsembradorministries.org\/esne-mobile\/?page_id=2"},"modified":"2026-04-15T11:17:34","modified_gmt":"2026-04-15T18:17:34","slug":"las-buenas-nuevas","status":"publish","type":"page","link":"https:\/\/elsembradorministries.com\/esne\/mobile\/las-buenas-nuevas\/","title":{"rendered":"Las Buenas Nuevas"},"content":{"rendered":"<div>\u00a0<\/div>\n<p><img fetchpriority=\"high\" decoding=\"async\" class=\"aligncenter size-full wp-image-5851\" src=\"https:\/\/elsembradorministries.com\/esne\/mobile\/wp-content\/uploads\/sites\/2\/2026\/03\/web-newsletter-26-04-top.jpg\" alt=\"\" width=\"960\" height=\"302\" srcset=\"https:\/\/elsembradorministries.com\/esne\/mobile\/wp-content\/uploads\/sites\/2\/2026\/03\/web-newsletter-26-04-top.jpg 960w, https:\/\/elsembradorministries.com\/esne\/mobile\/wp-content\/uploads\/sites\/2\/2026\/03\/web-newsletter-26-04-top-300x94.jpg 300w, https:\/\/elsembradorministries.com\/esne\/mobile\/wp-content\/uploads\/sites\/2\/2026\/03\/web-newsletter-26-04-top-768x242.jpg 768w\" sizes=\"(max-width: 960px) 100vw, 960px\" \/><\/p>\n<h2 style=\"text-align: center;\"><span style=\"font-weight: 400;\">LA SEMANA M\u00c1S PODEROSA DE SUFRIMIENTO\u00a0 DE VICTORIA<\/span><\/h2>\n<p>&nbsp;<\/p>\n<p style=\"text-align: justify;\">Como cat\u00f3licos, cada a\u00f1o vivimos esta memoria de la Semana Santa y es cuando m\u00e1s cat\u00f3licos van a los templos.<\/p>\n<p style=\"text-align: justify;\">Si Jes\u00fas solo hubiese vivido y si solo hubiese fallecido, lo m\u00e1s probable es que \u00e9l hubiese quedado solo como un personaje m\u00e1s de la historia, as\u00ed como hay muchos personajes que dejaron su huella por los siglos hasta hoy. Podemos mencionar, por ejemplo, a fil\u00f3sofos que dejaron huella por su forma de pensar: S\u00f3crates, Plat\u00f3n y Arist\u00f3teles. As\u00ed estar\u00edamos al igual hoy, al hablar de Jes\u00fas, dir\u00edamos que fue un hombre que en su tiempo san\u00f3 a enfermos y expuls\u00f3 malos esp\u00edritus, etc. Sin embargo, en su \u00faltima semana antes de que viviera su sacrificio y muerte en la cruz, siendo atestiguado por miles de personas que pudieron ver y saber de la muerte m\u00e1s severa de ese entonces, Jes\u00fas ya hab\u00eda anunciado en varias ocasiones a sus disc\u00edpulos mientras caminaba con ellos por los pueblos, que iba a sufrir, pero tambi\u00e9n les anunciaba que vencer\u00eda a la muerte. Aqu\u00ed est\u00e1n sus palabras dirigidas a sus disc\u00edpulos: Cuando Jes\u00fas sub\u00eda hacia Jerusal\u00e9n, tom\u00f3 aparte a los Doce [disc\u00edpulos] y por el camino les dijo: \u2014M<em><strong>iren, subimos a Jerusal\u00e9n, y el Hijo del Hombre ser\u00e1 entregado a los sumos sacerdotes y letrados que lo condenar\u00e1n a muerte. Lo entregar\u00e1n a los paganos para que lo maltraten, lo azoten y lo crucifiquen. Al tercer d\u00eda resucitar\u00e1.<\/strong> <\/em>(Mt 20, 17-19) \u00a1Aqu\u00ed podemos ver que \u00e9l ya anunciaba lo que iba a padecer, pero aqu\u00ed hay que reconocer lo que al final dice: que resucitar\u00eda al tercer d\u00eda! Jes\u00fas pas\u00f3 por todo esto durante esa semana, donde fue arrestado y despu\u00e9s juzgado, para luego ser llevado al matadero, es decir, al Calvario, ese lugar destinado para este tipo de muertes. Cada a\u00f1o la Iglesia nos lleva a recordar y entender lo que significa esa semana santa. El Viernes Santo se nos recuerda c\u00f3mo fue su sacrificio y muerte en la cruz. Sus enemigos creyeron que ya se hab\u00eda terminado la vida de Jes\u00fas y que ya no atraer\u00eda m\u00e1s multitudes a seguirlo; sin embargo, la mayor\u00eda de todos los que lo vieron morir no pod\u00edan creer que \u00e9l venciera la muerte. Por lo tanto, nos dicen las Sagradas Escrituras que el domingo por la ma\u00f1ana lleg\u00f3 Mar\u00eda Magdalena, una mujer que hab\u00eda sido liberada por Jes\u00fas de malos esp\u00edritus, encontrando que la tumba estaba vac\u00eda: el primer d\u00eda de la semana, muy temprano, cuando todav\u00eda estaba oscuro, Mar\u00eda Magdalena va al sepulcro y observa que la piedra est\u00e1 retirada del sepulcro. Llega corriendo a donde estaban Sim\u00f3n Pedro y el otro disc\u00edpulo, el que era muy amigo de Jes\u00fas, y les dice: \u2014<em><strong>Se han llevado del sepulcro al Se\u00f1or y no sabemos d\u00f3nde lo han puesto<\/strong><\/em>. (Jn 20, 1-2) M\u00e1s adelante el mismo Jes\u00fas le dice: \u2014<em><strong>Mujer, \u00bfpor qu\u00e9 lloras? \u00bfA qui\u00e9n buscas? Ella, creyendo que era el jardinero, le dice: \u2014Se\u00f1or, si t\u00fa te lo has llevado, dime d\u00f3nde lo has puesto y yo ir\u00e9 a buscarlo. Jes\u00fas le dice: \u2014\u00a1Mar\u00eda! Ella se vuelve y le dice en hebreo: \u2014Rabbuni \u2013que significa maestro\u2013. Le dice Jes\u00fas: \u2014D\u00e9jame, que todav\u00eda no he subido al Padre. Ve a decir a mis hermanos: Subo a mi Padre, el Padre de ustedes, a mi Dios, el Dios de ustedes. Mar\u00eda Magdalena fue a anunciar a los disc\u00edpulos: \u2014He visto al Se\u00f1or y me ha dicho esto<\/strong><\/em>. (Jn 20, 15-18) \u00a1\u00a1Aqu\u00ed ella se convierte en la primera testigo y evangelizadora porque es enviada a decirle a los disc\u00edpulos que Jes\u00fas estaba vivo!!<\/p>\n<p style=\"text-align: justify;\">Jes\u00fas con su resurrecci\u00f3n demostr\u00f3 que la muerte f\u00edsica no es el fin de la vida y que Dios Padre que nos form\u00f3 en el vientre de nuestra madre tiene el poder de resucitarnos. Jes\u00fas ya lo hab\u00eda dicho al decir: <em><strong>Yo soy el pan vivo bajado del cielo. Quien coma de este pan vivir\u00e1 siempre. El pan que yo doy para la vida del mundo es mi carne<\/strong><\/em>. (Jn 6, 51)<\/p>\n<p style=\"text-align: justify;\">\u00c9l le dijo a Martha hermana de L\u00e1zaro estas palabras que para m\u00ed han sido tan poderosas que me confirman cada vez que las leo, que Jes\u00fas tiene el poder de ofrecernos la vida eterna si creemos en \u00e9l. \u00c9l dijo: <em><strong>Yo soy la resurrecci\u00f3n y la vida. Quien cree en m\u00ed, aunque muera, vivir\u00e1; y quien vive y cree en m\u00ed no morir\u00e1 para siempre. \u00bfLo crees?<\/strong><\/em> (Jn 11, 25-26) Esta es la gran victoria de nosotros los cristianos, por eso se llenan las iglesias el Domingo de Resurrecci\u00f3n y eso es muy lindo, pero las siguientes semanas esas multitudes ya no van a misa y en esto podemos ver que solo son devotos de esos d\u00edas de la Semana Santa, pero no reconocen que Jes\u00fas muri\u00f3 para que ninguno se quede con la muerte eterna, que es morir sin Dios y terminar en el fuego del infierno, ocurriendo una muerte doble, la muerte f\u00edsica y la muerte eterna; en cambio, quienes hemos cre\u00eddo en su resurrecci\u00f3n y vivimos la vida que Jes\u00fas nos ense\u00f1a, entonces viviremos esta vida temporal con muchas bendiciones y la muerte f\u00edsica no la veremos como el final, porque hemos puesto nuestra confianza en el que todo lo puede, y si el venci\u00f3 la muerte, entonces le ha mostrado al mundo que quienes crean en \u00e9l, la vencer\u00e1n, pues as\u00ed como hay dos muertes tambi\u00e9n hay dos resurrecciones del creyente: la primera es el Metanoia, la conversi\u00f3n, pues as\u00ed como Jes\u00fas le dijo a un hombre llamado Nicodemo que era necesario nacer de nuevo: \u2014<em><strong>Te aseguro que, si uno no nace de nuevo, no puede ver el reino de Dios. Le responde Nicodemo: \u2014\u00bfC\u00f3mo puede un hombre nacer siendo viejo? \u00bfPodr\u00e1 entrar de nuevo en el vientre materno para nacer? Le contest\u00f3 Jes\u00fas: \u2014Te aseguro que, si uno no nace del agua y del Esp\u00edritu, no puede entrar en el reino de Dios. De la carne nace carne, del Esp\u00edritu nace esp\u00edritu. No te extra\u00f1es si te he dicho que hay que nacer de nuevo.<\/strong><\/em> (Jn 3, 3-7), as\u00ed nosotros debemos nacer de nuevo. Y, \u00bfqu\u00e9 significa nacer de nuevo? Dejar la muerte espiritual y resucitar a una nueva vida por medio de un Metanoia, conversi\u00f3n, un Encuentro con Jes\u00fas, esto es lo que nos llevar\u00e1 a la segunda resurrecci\u00f3n que ser\u00e1 la vida eterna, que es llegar al cielo para tener la vida para siempre.<\/p>\n<p style=\"text-align: justify;\">He conocido a personas que han vivido sus \u00faltimos d\u00edas enfermos y sufriendo, pero los pude ver con la esperanza que detr\u00e1s de su muerte estar\u00edan en un lugar en el cielo, sabiendo que, aunque les llegara la muerte, no era su fin; all\u00ed es donde se cree y se conf\u00eda en lo que dijo nuestro Salvador. \u00c9l ya hab\u00eda dicho: en la casa de mi Padre hay muchas habitaciones; si no fuera as\u00ed lo habr\u00eda dicho, porque voy a prepararles un lugar. Cuando haya ido y les tenga preparado un lugar, volver\u00e9 para llevarlos conmigo, para que donde yo est\u00e9, est\u00e9n tambi\u00e9n ustedes (Jn 14, 2-3) Aqu\u00ed podemos entender por qu\u00e9 los ap\u00f3stoles y los primeros cristianos, M\u00e1rtires de nuestra Iglesia dieron su vida creyendo en Jes\u00fas, no cre\u00edan que la muerte con la que estaban amenazados fuera su fin; tambi\u00e9n la vida de los Santos y Santas nos deja un testimonio de vida eterna. Nuestros seres queridos que ya no est\u00e1n con nosotros, pero que creyeron en Jes\u00fas y que en sus \u00faltimos segundos de vida se arrepintieron, est\u00e1n en vida eterna, por eso decimos que descansen en paz y que luzca para ellos la luz perpetua. Y por eso mismo los Cristeros dec\u00edan: \u00a1\u00a1Viva Cristo Rey!! \u00a1\u00a1Ellos no dejaron de creer en Jesucristo que es la resurrecci\u00f3n y vida eterna!! Ellos sab\u00edan que, aunque iban a morir, iban a tener vida eterna, por eso dieron sus vidas y Jes\u00fas los recibi\u00f3 en el reino de Dios. San Pablo dijo: <em><strong>Si Cristo no resucito, vana es nuestra fe.<\/strong><\/em> (1 Cor 15,14) \u00a1\u00a1La tumba est\u00e1 vac\u00eda!! \u00a1\u00a1Jes\u00fas ha resucitado!! \u00a1\u00a1Jes\u00fas est\u00e1 vivo!!<\/p>\n<p style=\"text-align: justify;\">El 3 de abril inicio mi servir al Se\u00f1or y desde entonces seguimos anunciando que en Jes\u00fas est\u00e1 la vida abundante y la vida eterna. Desde entonces El Sembrador Nueva Evangelizaci\u00f3n es un medio para que \u2018ninguna alma se pierda y todas se salven<br \/>\nPor \u00faltimo, quiero compartirles que recientemente tuve una audiencia privada con su santidad el Papa Le\u00f3n XIV, por lo que les agradezco sus oraciones por este viaje. Ha sido una maravillosa experiencia haber podido conversar con el Sucesor de Pedro y pedir su bendici\u00f3n por este apostolado y para cada uno de ustedes que son parte de esta misi\u00f3n. \u00c9l ya sabe de nosotros y conoce qui\u00e9n es ESNE, anim\u00e1ndome a que sigamos adelante con la evangelizaci\u00f3n. Gracias por todo su apoyo sembradores.<\/p>\n<p style=\"text-align: justify;\">Elevo mis oraciones a Dios para que este tiempo de Cuaresma que concluye con la Semana Santa, traiga a sus vidas los auxilios espirituales necesarios para seguir en este peregrinar camino a la morada que Jes\u00fas nos tiene reservada a quienes abrimos el coraz\u00f3n a su Palabra. Que Mar\u00eda Sant\u00edsima Nuestra Madre nos proteja en su regazo y su Hijo Jes\u00fas Resucitado nos muestre siempre su rostro glorioso. Am\u00e9n.<\/p>\n<p><span style=\"font-weight: 400;\">Noel D\u00edaz<br \/>\n<\/span><img decoding=\"async\" class=\"size-full wp-image-4557 alignleft\" src=\"https:\/\/elsembradorministries.com\/esne\/mobile\/wp-content\/uploads\/sites\/2\/2024\/11\/newletter-sign.png\" alt=\"Noel D\u00edaz\" width=\"350\" height=\"173\" srcset=\"https:\/\/elsembradorministries.com\/esne\/mobile\/wp-content\/uploads\/sites\/2\/2024\/11\/newletter-sign.png 350w, https:\/\/elsembradorministries.com\/esne\/mobile\/wp-content\/uploads\/sites\/2\/2024\/11\/newletter-sign-300x148.png 300w\" sizes=\"(max-width: 350px) 100vw, 350px\" \/><\/p>\n","protected":false},"excerpt":{"rendered":"<p>\u00a0 LA SEMANA M\u00c1S PODEROSA DE SUFRIMIENTO\u00a0 DE VICTORIA &nbsp; Como cat\u00f3licos, cada a\u00f1o vivimos esta memoria de la Semana Santa y es cuando m\u00e1s cat\u00f3licos van a los templos. Si Jes\u00fas solo hubiese vivido y si solo hubiese fallecido, lo m\u00e1s probable es que \u00e9l hubiese quedado solo como un personaje m\u00e1s de la [&hellip;]<\/p>\n","protected":false},"author":1,"featured_media":0,"parent":0,"menu_order":0,"comment_status":"closed","ping_status":"closed","template":"","meta":{"_acf_changed":false,"ocean_post_layout":"","ocean_both_sidebars_style":"","ocean_both_sidebars_content_width":0,"ocean_both_sidebars_sidebars_width":0,"ocean_sidebar":"0","ocean_second_sidebar":"0","ocean_disable_margins":"enable","ocean_add_body_class":"","ocean_shortcode_before_top_bar":"","ocean_shortcode_after_top_bar":"","ocean_shortcode_before_header":"","ocean_shortcode_after_header":"","ocean_has_shortcode":"","ocean_shortcode_after_title":"","ocean_shortcode_before_footer_widgets":"","ocean_shortcode_after_footer_widgets":"","ocean_shortcode_before_footer_bottom":"","ocean_shortcode_after_footer_bottom":"","ocean_display_top_bar":"off","ocean_display_header":"off","ocean_header_style":"","ocean_center_header_left_menu":"0","ocean_custom_header_template":"0","ocean_custom_logo":0,"ocean_custom_retina_logo":0,"ocean_custom_logo_max_width":0,"ocean_custom_logo_tablet_max_width":0,"ocean_custom_logo_mobile_max_width":0,"ocean_custom_logo_max_height":0,"ocean_custom_logo_tablet_max_height":0,"ocean_custom_logo_mobile_max_height":0,"ocean_header_custom_menu":"0","ocean_menu_typo_font_family":"0","ocean_menu_typo_font_subset":"","ocean_menu_typo_font_size":0,"ocean_menu_typo_font_size_tablet":0,"ocean_menu_typo_font_size_mobile":0,"ocean_menu_typo_font_size_unit":"px","ocean_menu_typo_font_weight":"","ocean_menu_typo_font_weight_tablet":"","ocean_menu_typo_font_weight_mobile":"","ocean_menu_typo_transform":"","ocean_menu_typo_transform_tablet":"","ocean_menu_typo_transform_mobile":"","ocean_menu_typo_line_height":0,"ocean_menu_typo_line_height_tablet":0,"ocean_menu_typo_line_height_mobile":0,"ocean_menu_typo_line_height_unit":"","ocean_menu_typo_spacing":0,"ocean_menu_typo_spacing_tablet":0,"ocean_menu_typo_spacing_mobile":0,"ocean_menu_typo_spacing_unit":"","ocean_menu_link_color":"","ocean_menu_link_color_hover":"","ocean_menu_link_color_active":"","ocean_menu_link_background":"","ocean_menu_link_hover_background":"","ocean_menu_link_active_background":"","ocean_menu_social_links_bg":"","ocean_menu_social_hover_links_bg":"","ocean_menu_social_links_color":"","ocean_menu_social_hover_links_color":"","ocean_disable_title":"on","ocean_disable_heading":"default","ocean_post_title":"","ocean_post_subheading":"","ocean_post_title_style":"","ocean_post_title_background_color":"","ocean_post_title_background":0,"ocean_post_title_bg_image_position":"","ocean_post_title_bg_image_attachment":"","ocean_post_title_bg_image_repeat":"","ocean_post_title_bg_image_size":"","ocean_post_title_height":0,"ocean_post_title_bg_overlay":0.5,"ocean_post_title_bg_overlay_color":"","ocean_disable_breadcrumbs":"default","ocean_breadcrumbs_color":"","ocean_breadcrumbs_separator_color":"","ocean_breadcrumbs_links_color":"","ocean_breadcrumbs_links_hover_color":"","ocean_display_footer_widgets":"default","ocean_display_footer_bottom":"default","ocean_custom_footer_template":"0","footnotes":""},"class_list":["post-434","page","type-page","status-publish","hentry","entry"],"acf":[],"publishpress_future_action":{"enabled":false,"date":"2026-05-07 08:41:02","action":"change-status","newStatus":"draft","terms":[],"taxonomy":"","extraData":[]},"publishpress_future_workflow_manual_trigger":{"enabledWorkflows":[]},"_links":{"self":[{"href":"https:\/\/elsembradorministries.com\/esne\/mobile\/wp-json\/wp\/v2\/pages\/434","targetHints":{"allow":["GET"]}}],"collection":[{"href":"https:\/\/elsembradorministries.com\/esne\/mobile\/wp-json\/wp\/v2\/pages"}],"about":[{"href":"https:\/\/elsembradorministries.com\/esne\/mobile\/wp-json\/wp\/v2\/types\/page"}],"author":[{"embeddable":true,"href":"https:\/\/elsembradorministries.com\/esne\/mobile\/wp-json\/wp\/v2\/users\/1"}],"replies":[{"embeddable":true,"href":"https:\/\/elsembradorministries.com\/esne\/mobile\/wp-json\/wp\/v2\/comments?post=434"}],"version-history":[{"count":7,"href":"https:\/\/elsembradorministries.com\/esne\/mobile\/wp-json\/wp\/v2\/pages\/434\/revisions"}],"predecessor-version":[{"id":5702,"href":"https:\/\/elsembradorministries.com\/esne\/mobile\/wp-json\/wp\/v2\/pages\/434\/revisions\/5702"}],"wp:attachment":[{"href":"https:\/\/elsembradorministries.com\/esne\/mobile\/wp-json\/wp\/v2\/media?parent=434"}],"curies":[{"name":"wp","href":"https:\/\/api.w.org\/{rel}","templated":true}]}}