{"id":22360,"date":"2019-07-16T15:45:16","date_gmt":"2019-07-16T22:45:16","guid":{"rendered":"http:\/\/elsembradorministries.com\/esne\/?page_id=22360"},"modified":"2024-11-13T13:50:22","modified_gmt":"2024-11-13T21:50:22","slug":"oraciones-por-la-familia","status":"publish","type":"page","link":"https:\/\/elsembradorministries.com\/esne\/oraciones-y-devocionales\/oraciones-por-la-familia\/","title":{"rendered":"Oraciones por la Familia"},"content":{"rendered":"\t\t<div data-elementor-type=\"wp-post\" data-elementor-id=\"22360\" class=\"elementor elementor-22360\">\n\t\t\t\t\t\t<section class=\"has_eae_slider elementor-section elementor-top-section elementor-element elementor-element-4c2ad7f elementor-section-stretched elementor-section-full_width elementor-section-height-default elementor-section-height-default\" data-eae-slider=\"78271\" data-id=\"4c2ad7f\" data-element_type=\"section\" data-e-type=\"section\" data-settings=\"{&quot;stretch_section&quot;:&quot;section-stretched&quot;}\">\n\t\t\t\t\t\t<div class=\"elementor-container elementor-column-gap-no\">\n\t\t\t\t\t<div class=\"has_eae_slider elementor-column elementor-col-100 elementor-top-column elementor-element elementor-element-1b72fcaf\" data-eae-slider=\"52496\" data-id=\"1b72fcaf\" data-element_type=\"column\" data-e-type=\"column\">\n\t\t\t<div class=\"elementor-widget-wrap elementor-element-populated\">\n\t\t\t\t\t\t<div class=\"elementor-element elementor-element-67b1b8fa elementor-hidden-mobile elementor-widget elementor-widget-image\" data-id=\"67b1b8fa\" data-element_type=\"widget\" data-e-type=\"widget\" data-widget_type=\"image.default\">\n\t\t\t\t<div class=\"elementor-widget-container\">\n\t\t\t\t\t\t\t\t\t\t\t\t\t\t\t<img fetchpriority=\"high\" decoding=\"async\" width=\"1920\" height=\"747\" src=\"https:\/\/elsembradorministries.com\/esne\/wp-content\/uploads\/2019\/07\/familia-web-2.jpg\" class=\"attachment-full size-full wp-image-22517\" alt=\"\" srcset=\"https:\/\/elsembradorministries.com\/esne\/wp-content\/uploads\/2019\/07\/familia-web-2.jpg 1920w, https:\/\/elsembradorministries.com\/esne\/wp-content\/uploads\/2019\/07\/familia-web-2-300x117.jpg 300w, https:\/\/elsembradorministries.com\/esne\/wp-content\/uploads\/2019\/07\/familia-web-2-768x299.jpg 768w, https:\/\/elsembradorministries.com\/esne\/wp-content\/uploads\/2019\/07\/familia-web-2-1024x398.jpg 1024w\" sizes=\"(max-width: 1920px) 100vw, 1920px\" \/>\t\t\t\t\t\t\t\t\t\t\t\t\t\t\t<\/div>\n\t\t\t\t<\/div>\n\t\t\t\t<div class=\"elementor-element elementor-element-3dd18692 elementor-hidden-desktop elementor-hidden-tablet elementor-widget elementor-widget-image\" data-id=\"3dd18692\" data-element_type=\"widget\" data-e-type=\"widget\" data-widget_type=\"image.default\">\n\t\t\t\t<div class=\"elementor-widget-container\">\n\t\t\t\t\t\t\t\t\t\t\t\t\t\t\t<img decoding=\"async\" width=\"800\" height=\"802\" src=\"https:\/\/elsembradorministries.com\/esne\/wp-content\/uploads\/2019\/07\/familia-mobile-2.jpg\" class=\"attachment-full size-full wp-image-22518\" alt=\"\" srcset=\"https:\/\/elsembradorministries.com\/esne\/wp-content\/uploads\/2019\/07\/familia-mobile-2.jpg 800w, https:\/\/elsembradorministries.com\/esne\/wp-content\/uploads\/2019\/07\/familia-mobile-2-150x150.jpg 150w, https:\/\/elsembradorministries.com\/esne\/wp-content\/uploads\/2019\/07\/familia-mobile-2-300x300.jpg 300w, https:\/\/elsembradorministries.com\/esne\/wp-content\/uploads\/2019\/07\/familia-mobile-2-768x770.jpg 768w\" sizes=\"(max-width: 800px) 100vw, 800px\" \/>\t\t\t\t\t\t\t\t\t\t\t\t\t\t\t<\/div>\n\t\t\t\t<\/div>\n\t\t\t\t\t<\/div>\n\t\t<\/div>\n\t\t\t\t\t<\/div>\n\t\t<\/section>\n\t\t\t\t<section class=\"has_eae_slider elementor-section elementor-top-section elementor-element elementor-element-73eddbff elementor-section-content-middle elementor-section-boxed elementor-section-height-default elementor-section-height-default\" data-eae-slider=\"8640\" data-id=\"73eddbff\" data-element_type=\"section\" data-e-type=\"section\" data-settings=\"{&quot;background_background&quot;:&quot;classic&quot;}\">\n\t\t\t\t\t\t<div class=\"elementor-container elementor-column-gap-no\">\n\t\t\t\t\t<div class=\"has_eae_slider elementor-column elementor-col-100 elementor-top-column elementor-element elementor-element-59518b65\" data-eae-slider=\"56021\" data-id=\"59518b65\" data-element_type=\"column\" data-e-type=\"column\">\n\t\t\t<div class=\"elementor-widget-wrap elementor-element-populated\">\n\t\t\t\t\t\t<div class=\"elementor-element elementor-element-76c5e7e0 elementor-widget elementor-widget-text-editor\" data-id=\"76c5e7e0\" data-element_type=\"widget\" data-e-type=\"widget\" data-widget_type=\"text-editor.default\">\n\t\t\t\t<div class=\"elementor-widget-container\">\n\t\t\t\t\t\t\t\t\t<h3>Oraci\u00f3n a la Familia por San Juan Pablo II<\/h3><p>Oh Dios, de quien procede toda paternidad en el cielo y en la tierra, Padre, que eres Amor y Vida, haz que en cada familia humana sobre la tierra se convierta, por medio de tu Hijo, Jesucristo, &#8220;nacido de Mujer&#8221;, y del Esp\u00edritu Santo, fuente de caridad divina, en verdadero santuario de la vida y del amor para las generaciones porque siempre se renuevan.<br \/>Haz que tu gracia gu\u00ede a los pensamientos y las obras de los esposos hacia el bien de sus familias y de todas las familias del mundo.<br \/>Haz que las j\u00f3venes generaciones encuentren en la familia un fuerte apoyo para su humanidad y su crecimiento en la verdad y en el amor.<br \/>Haz que el amor, corroborado por la gracia del sacramento del matrimonio, se demuestre m\u00e1s fuerte que cualquier debilidad y cualquier crisis, por las que a veces pasan nuestras familias.<br \/>Haz finalmente, te lo pedimos por intercesi\u00f3n de la Sagrada Familia de Nazaret, que la Iglesia en todas las naciones de la tierra pueda cumplir fruct\u00edferamente su misi\u00f3n en la familia y por medio de la familia. T\u00fa, que eres la Vida, la Verdad y El Amor, en la unidad del Hijo y del Esp\u00edritu santo.<br \/>Amen.<\/p><p><img decoding=\"async\" data-id=\"22013\" src=\"https:\/\/elsembradorministries.com\/esne\/wp-content\/uploads\/2019\/06\/misterios-separator-esne.jpg\" alt=\"\" width=\"800\" height=\"126\" \/><\/p><p><img loading=\"lazy\" decoding=\"async\" data-id=\"22508\" src=\"https:\/\/elsembradorministries.com\/esne\/wp-content\/uploads\/2019\/07\/oraciones-familia-ind-san-jose-protector-2.jpg\" alt=\"\" width=\"800\" height=\"340\" class=\"aligncenter size-full wp-image-22508\" srcset=\"https:\/\/elsembradorministries.com\/esne\/wp-content\/uploads\/2019\/07\/oraciones-familia-ind-san-jose-protector-2.jpg 800w, https:\/\/elsembradorministries.com\/esne\/wp-content\/uploads\/2019\/07\/oraciones-familia-ind-san-jose-protector-2-300x128.jpg 300w, https:\/\/elsembradorministries.com\/esne\/wp-content\/uploads\/2019\/07\/oraciones-familia-ind-san-jose-protector-2-768x326.jpg 768w\" sizes=\"(max-width: 800px) 100vw, 800px\" \/><\/p><h3>Oraci\u00f3n a San Jos\u00e9. Protector de las familias<\/h3><p>Glorioso San Jos\u00e9, protector, modelo y gu\u00eda de las familias cristianas: Te ruego, protejas a la m\u00eda. Haz reinar en ella el esp\u00edritu de fe y de religi\u00f3n, la fidelidad a los mandamientos de Dios y de la Iglesia, la paz y la uni\u00f3n de los hijos, el desprendimiento de los bienes temporales y el amor a los asuntos del cielo.<br \/>D\u00edgnate velar sobre todos nuestros intereses. Ruega al Se\u00f1or que bendiga nuestra casa. Otorga la paz a la familia, acierto a los hijos en la elecci\u00f3n de estado. Concede a todos los miembros de nuestra familia y de todas las familias de la tierra, la gracia de vivir y morir en el amor de Jes\u00fas y de Mar\u00eda.<br \/>Am\u00e9n.<\/p><p><img decoding=\"async\" data-id=\"22013\" src=\"https:\/\/elsembradorministries.com\/esne\/wp-content\/uploads\/2019\/06\/misterios-separator-esne.jpg\" alt=\"\" width=\"800\" height=\"126\" \/><\/p><p><img loading=\"lazy\" decoding=\"async\" data-id=\"22483\" src=\"https:\/\/elsembradorministries.com\/esne\/wp-content\/uploads\/2019\/07\/oraciones-familia-ind-san-miguel.jpg\" alt=\"\" width=\"800\" height=\"340\" class=\"aligncenter size-full wp-image-22483\" srcset=\"https:\/\/elsembradorministries.com\/esne\/wp-content\/uploads\/2019\/07\/oraciones-familia-ind-san-miguel.jpg 800w, https:\/\/elsembradorministries.com\/esne\/wp-content\/uploads\/2019\/07\/oraciones-familia-ind-san-miguel-300x128.jpg 300w, https:\/\/elsembradorministries.com\/esne\/wp-content\/uploads\/2019\/07\/oraciones-familia-ind-san-miguel-768x326.jpg 768w\" sizes=\"(max-width: 800px) 100vw, 800px\" \/><\/p><h3>San Miguel Arc\u00e1ngel<\/h3><p>San Miguel Arc\u00e1ngel, defi\u00e9ndenos en la batalla, s\u00e9 nuestro amparo contra la perversidad y acechanzas del demonio.<br \/>Repr\u00edmale Dios, pedimos suplicantes, y t\u00fa, Pr\u00edncipe de la Milicia Celestial, arroja al infierno con el divino poder a Satan\u00e1s y a los otros esp\u00edritus malignos que andan dispersos por el mundo para la perdici\u00f3n de las almas. Am\u00e9n.<\/p><p><img decoding=\"async\" data-id=\"22013\" src=\"https:\/\/elsembradorministries.com\/esne\/wp-content\/uploads\/2019\/06\/misterios-separator-esne.jpg\" alt=\"\" width=\"800\" height=\"126\" \/><\/p><p><img loading=\"lazy\" decoding=\"async\" data-id=\"22509\" src=\"https:\/\/elsembradorministries.com\/esne\/wp-content\/uploads\/2019\/07\/oraciones-familia-ind-consagracion-san-jose-2.jpg\" alt=\"\" width=\"800\" height=\"340\" class=\"aligncenter size-full wp-image-22509\" srcset=\"https:\/\/elsembradorministries.com\/esne\/wp-content\/uploads\/2019\/07\/oraciones-familia-ind-consagracion-san-jose-2.jpg 800w, https:\/\/elsembradorministries.com\/esne\/wp-content\/uploads\/2019\/07\/oraciones-familia-ind-consagracion-san-jose-2-300x128.jpg 300w, https:\/\/elsembradorministries.com\/esne\/wp-content\/uploads\/2019\/07\/oraciones-familia-ind-consagracion-san-jose-2-768x326.jpg 768w\" sizes=\"(max-width: 800px) 100vw, 800px\" \/><\/p><h3>Consagraci\u00f3n al Cast\u00edsimo Coraz\u00f3n de San Jos\u00e9<\/h3><p>San Jos\u00e9, esposo de la Virgen Mar\u00eda, consagramos a tu Cast\u00edsimo Coraz\u00f3n, nuestra familia, para que en todos reine el amor y la comprensi\u00f3n, que nuestros hogares sean un refugio del amor de Dios, donde se defienda la vida, pureza, dignidad, y castidad, donde florezcan todas las virtudes cristianas.<br \/>Amado San Jos\u00e9, acepta esta consagraci\u00f3n, que t\u00fa siempre seas nuestro custodio, padre y gu\u00eda en el camino de la salvaci\u00f3n. Obtennos una gran pureza de coraz\u00f3n y una ferviente devoci\u00f3n a la vida interior.<br \/>Conc\u00e9deme que, siguiendo tu ejemplo, podamos dirigir todas nuestras acciones hacia la mayor gloria de Dios, en uni\u00f3n con el Sagrado Coraz\u00f3n de Jes\u00fas y el Inmaculado Coraz\u00f3n de Mar\u00eda.<br \/>Oh San Jos\u00e9, que fuiste bendecido por el Se\u00f1or con la beatitud prometida a los puros de coraz\u00f3n, ya que durante tu vida terrena compartiste la vida de Jes\u00fas y viviste en Su presencia visible. D\u00edgnate interceder por nosotros ante tu amado Hijo. P\u00eddele que nos ayude, para que nuestra conciencia sea recta y veraz, y que nuestros corazones sean puros. Lib\u00e9rame del doblez y la malicia. Llena mi coraz\u00f3n de esperanza para que nunca dilate innecesariamente en mis pesares. Te pido con fe simple y ardiente para que pueda servir a mis hermanos y hermanas con un coraz\u00f3n generoso. De esta manera, como t\u00fa, me deleitar\u00e9 en el profundo gozo y en la paz de la presencia misericordiosa de Dios.<br \/>Que con tu ayuda nuestra familia sea una f\u00e1brica de santos, donde broten vocaciones a la vida matrimonial, sacerdotal y religiosa, que cada uno seg\u00fan los designios de Dios como, podamos ser constructores eficaces de la civilizaci\u00f3n del amor. Para que todos los matrimonios cat\u00f3licos podamos dar testimonio de vida cristiana, llevando la buena nueva de salvaci\u00f3n a los necesitados, con predicaci\u00f3n, caridad y buen ejemplo. Moldeadnos seg\u00fan tu car\u00e1cter, para que reinen en todas nuestras familias la paz de Cristo Jes\u00fas, Se\u00f1or Nuestro. Am\u00e9n<\/p><p><img decoding=\"async\" data-id=\"22013\" src=\"https:\/\/elsembradorministries.com\/esne\/wp-content\/uploads\/2019\/06\/misterios-separator-esne.jpg\" alt=\"\" width=\"800\" height=\"126\" \/><\/p><p><img loading=\"lazy\" decoding=\"async\" data-id=\"22485\" src=\"https:\/\/elsembradorministries.com\/esne\/wp-content\/uploads\/2019\/07\/oraciones-familia-ind-bajo-tu-amparo.jpg\" alt=\"\" width=\"800\" height=\"340\" class=\"aligncenter size-full wp-image-22485\" srcset=\"https:\/\/elsembradorministries.com\/esne\/wp-content\/uploads\/2019\/07\/oraciones-familia-ind-bajo-tu-amparo.jpg 800w, https:\/\/elsembradorministries.com\/esne\/wp-content\/uploads\/2019\/07\/oraciones-familia-ind-bajo-tu-amparo-300x128.jpg 300w, https:\/\/elsembradorministries.com\/esne\/wp-content\/uploads\/2019\/07\/oraciones-familia-ind-bajo-tu-amparo-768x326.jpg 768w\" sizes=\"(max-width: 800px) 100vw, 800px\" \/><\/p><h3>Oraci\u00f3n bajo tu amparo<\/h3><p>Bajo tu amparo nos acogemos, santa Madre de Dios;<br \/>no deseches las oraciones que te dirigimos en nuestras necesidades,<br \/>antes bien l\u00edbranos de todo peligro,<br \/>\u00a1oh Virgen gloriosa y bendita!<br \/>Am\u00e9n.<\/p><p><img decoding=\"async\" data-id=\"22013\" src=\"https:\/\/elsembradorministries.com\/esne\/wp-content\/uploads\/2019\/06\/misterios-separator-esne.jpg\" alt=\"\" width=\"800\" height=\"126\" \/><\/p><p><img loading=\"lazy\" decoding=\"async\" data-id=\"22486\" src=\"https:\/\/elsembradorministries.com\/esne\/wp-content\/uploads\/2019\/07\/oraciones-familia-ind-angelus.jpg\" alt=\"\" width=\"800\" height=\"340\" class=\"aligncenter size-full wp-image-22486\" srcset=\"https:\/\/elsembradorministries.com\/esne\/wp-content\/uploads\/2019\/07\/oraciones-familia-ind-angelus.jpg 800w, https:\/\/elsembradorministries.com\/esne\/wp-content\/uploads\/2019\/07\/oraciones-familia-ind-angelus-300x128.jpg 300w, https:\/\/elsembradorministries.com\/esne\/wp-content\/uploads\/2019\/07\/oraciones-familia-ind-angelus-768x326.jpg 768w\" sizes=\"(max-width: 800px) 100vw, 800px\" \/><\/p><h3>\u00c1ngelus<\/h3><p>Monitor: El \u00e1ngel del Se\u00f1or anunci\u00f3 a Mar\u00eda.<br \/>Audiencia: Y ella concibi\u00f3 por obra y gracia del Esp\u00edritu Santo.<br \/>Dios te salve Mar\u00eda, llena eres de gracia, el Se\u00f1or es contigo; bendita T\u00fa eres entre todas las mujeres, y bendito es el fruto de tu vientre, Jes\u00fas. Santa Mar\u00eda, Madre de Dios, ruega por nosotros, pecadores, ahora y en la hora de nuestra muerte. Am\u00e9n.<br \/>Monitor: He aqu\u00ed la esclava del Se\u00f1or.<br \/>Audiencia: H\u00e1gase en m\u00ed seg\u00fan tu palabra. Dios te salve Mar\u00eda<br \/>&#8230; Santa Mar\u00eda, Madre de Dios&#8230;<br \/>Monitor: Y el Verbo de Dios se hizo carne.<br \/>Audiencia: Y habit\u00f3 entre nosotros. Dios te salve Mar\u00eda,<br \/>&#8230; Santa Mar\u00eda, Madre de Dios&#8230;<br \/>Monitor: Ruega por nosotros, Santa Madre de Dios.<br \/>Audiencia: Para que seamos dignos de alcanzar las promesas y gracias de Nuestro Se\u00f1or Jesucristo. Am\u00e9n.<br \/><strong>Oraci\u00f3n:<\/strong><br \/>Infunde, Se\u00f1or tu gracia en nuestros corazones para que cuantos, por el anuncio del \u00e1ngel, hemos conocido la encarnaci\u00f3n de tu Hijo Jesucristo, por su pasi\u00f3n y su cruz lleguemos a la gloria de su resurrecci\u00f3n.<br \/>Por Jesucristo, Nuestro Se\u00f1or. Am\u00e9n.<\/p>\t\t\t\t\t\t\t\t<\/div>\n\t\t\t\t<\/div>\n\t\t\t\t\t<\/div>\n\t\t<\/div>\n\t\t\t\t\t<\/div>\n\t\t<\/section>\n\t\t\t\t<section class=\"has_eae_slider elementor-section elementor-top-section elementor-element elementor-element-28f14eeb elementor-section-full_width elementor-section-height-default elementor-section-height-default\" data-eae-slider=\"6577\" data-id=\"28f14eeb\" data-element_type=\"section\" data-e-type=\"section\">\n\t\t\t\t\t\t<div class=\"elementor-container elementor-column-gap-default\">\n\t\t\t\t\t<div class=\"has_eae_slider elementor-column elementor-col-100 elementor-top-column elementor-element elementor-element-2c341b0f\" data-eae-slider=\"96864\" data-id=\"2c341b0f\" data-element_type=\"column\" data-e-type=\"column\">\n\t\t\t<div class=\"elementor-widget-wrap elementor-element-populated\">\n\t\t\t\t\t\t<div class=\"elementor-element elementor-element-6a90e1a4 elementor-widget elementor-widget-image\" data-id=\"6a90e1a4\" data-element_type=\"widget\" data-e-type=\"widget\" data-widget_type=\"image.default\">\n\t\t\t\t<div class=\"elementor-widget-container\">\n\t\t\t\t\t\t\t\t\t\t\t\t\t\t\t<img loading=\"lazy\" decoding=\"async\" width=\"190\" height=\"160\" src=\"https:\/\/elsembradorministries.com\/esne\/wp-content\/uploads\/2019\/06\/rosario-bottom-1.png\" class=\"attachment-full size-full wp-image-21967\" alt=\"\" \/>\t\t\t\t\t\t\t\t\t\t\t\t\t\t\t<\/div>\n\t\t\t\t<\/div>\n\t\t\t\t\t<\/div>\n\t\t<\/div>\n\t\t\t\t\t<\/div>\n\t\t<\/section>\n\t\t\t\t<section class=\"has_eae_slider elementor-section elementor-top-section elementor-element elementor-element-bc36e0f elementor-section-boxed elementor-section-height-default elementor-section-height-default\" data-eae-slider=\"16814\" data-id=\"bc36e0f\" data-element_type=\"section\" data-e-type=\"section\">\n\t\t\t\t\t\t<div class=\"elementor-container elementor-column-gap-default\">\n\t\t\t\t\t<div class=\"has_eae_slider elementor-column elementor-col-100 elementor-top-column elementor-element elementor-element-1aff9a0\" data-eae-slider=\"62987\" data-id=\"1aff9a0\" data-element_type=\"column\" data-e-type=\"column\">\n\t\t\t<div class=\"elementor-widget-wrap elementor-element-populated\">\n\t\t\t\t\t\t<div class=\"elementor-element elementor-element-89ce685 elementor-widget elementor-widget-html\" data-id=\"89ce685\" data-element_type=\"widget\" data-e-type=\"widget\" data-widget_type=\"html.default\">\n\t\t\t\t<div class=\"elementor-widget-container\">\n\t\t\t\t\t<!-- Remove Cusotm floating main menu -->\r\n<style>\r\n#center12 {\r\n    display: none;\r\n}\r\n<\/style>\t\t\t\t<\/div>\n\t\t\t\t<\/div>\n\t\t\t\t\t<\/div>\n\t\t<\/div>\n\t\t\t\t\t<\/div>\n\t\t<\/section>\n\t\t\t\t<\/div>\n\t\t","protected":false},"excerpt":{"rendered":"<p>Oraci\u00f3n a la Familia por San Juan Pablo II Oh Dios, de quien procede toda paternidad en el cielo y en la tierra, Padre, que eres Amor y Vida, haz que en cada familia humana sobre la tierra se convierta, por medio de tu Hijo, Jesucristo, &#8220;nacido de Mujer&#8221;, y del Esp\u00edritu Santo, fuente de [&hellip;]<\/p>\n","protected":false},"author":1,"featured_media":0,"parent":22334,"menu_order":0,"comment_status":"closed","ping_status":"closed","template":"elementor_canvas","meta":{"_acf_changed":false,"ocean_post_layout":"","ocean_both_sidebars_style":"","ocean_both_sidebars_content_width":0,"ocean_both_sidebars_sidebars_width":0,"ocean_sidebar":"0","ocean_second_sidebar":"0","ocean_disable_margins":"enable","ocean_add_body_class":"","ocean_shortcode_before_top_bar":"","ocean_shortcode_after_top_bar":"","ocean_shortcode_before_header":"","ocean_shortcode_after_header":"","ocean_has_shortcode":"","ocean_shortcode_after_title":"","ocean_shortcode_before_footer_widgets":"","ocean_shortcode_after_footer_widgets":"","ocean_shortcode_before_footer_bottom":"","ocean_shortcode_after_footer_bottom":"","ocean_display_top_bar":"default","ocean_display_header":"default","ocean_header_style":"","ocean_center_header_left_menu":"0","ocean_custom_header_template":"0","ocean_custom_logo":0,"ocean_custom_retina_logo":0,"ocean_custom_logo_max_width":0,"ocean_custom_logo_tablet_max_width":0,"ocean_custom_logo_mobile_max_width":0,"ocean_custom_logo_max_height":0,"ocean_custom_logo_tablet_max_height":0,"ocean_custom_logo_mobile_max_height":0,"ocean_header_custom_menu":"0","ocean_menu_typo_font_family":"0","ocean_menu_typo_font_subset":"","ocean_menu_typo_font_size":0,"ocean_menu_typo_font_size_tablet":0,"ocean_menu_typo_font_size_mobile":0,"ocean_menu_typo_font_size_unit":"px","ocean_menu_typo_font_weight":"","ocean_menu_typo_font_weight_tablet":"","ocean_menu_typo_font_weight_mobile":"","ocean_menu_typo_transform":"","ocean_menu_typo_transform_tablet":"","ocean_menu_typo_transform_mobile":"","ocean_menu_typo_line_height":0,"ocean_menu_typo_line_height_tablet":0,"ocean_menu_typo_line_height_mobile":0,"ocean_menu_typo_line_height_unit":"","ocean_menu_typo_spacing":0,"ocean_menu_typo_spacing_tablet":0,"ocean_menu_typo_spacing_mobile":0,"ocean_menu_typo_spacing_unit":"","ocean_menu_link_color":"","ocean_menu_link_color_hover":"","ocean_menu_link_color_active":"","ocean_menu_link_background":"","ocean_menu_link_hover_background":"","ocean_menu_link_active_background":"","ocean_menu_social_links_bg":"","ocean_menu_social_hover_links_bg":"","ocean_menu_social_links_color":"","ocean_menu_social_hover_links_color":"","ocean_disable_title":"on","ocean_disable_heading":"default","ocean_post_title":"","ocean_post_subheading":"","ocean_post_title_style":"","ocean_post_title_background_color":"","ocean_post_title_background":0,"ocean_post_title_bg_image_position":"","ocean_post_title_bg_image_attachment":"","ocean_post_title_bg_image_repeat":"","ocean_post_title_bg_image_size":"","ocean_post_title_height":0,"ocean_post_title_bg_overlay":0.5,"ocean_post_title_bg_overlay_color":"","ocean_disable_breadcrumbs":"default","ocean_breadcrumbs_color":"","ocean_breadcrumbs_separator_color":"","ocean_breadcrumbs_links_color":"","ocean_breadcrumbs_links_hover_color":"","ocean_display_footer_widgets":"default","ocean_display_footer_bottom":"default","ocean_custom_footer_template":"0","footnotes":""},"categories":[16],"class_list":["post-22360","page","type-page","status-publish","hentry","category-oraciones-y-devocionales","entry"],"acf":[],"publishpress_future_action":{"enabled":false,"date":"2026-05-05 09:19:29","action":"change-status","newStatus":"draft","terms":[],"taxonomy":"category","extraData":[]},"publishpress_future_workflow_manual_trigger":{"enabledWorkflows":[]},"_links":{"self":[{"href":"https:\/\/elsembradorministries.com\/esne\/wp-json\/wp\/v2\/pages\/22360","targetHints":{"allow":["GET"]}}],"collection":[{"href":"https:\/\/elsembradorministries.com\/esne\/wp-json\/wp\/v2\/pages"}],"about":[{"href":"https:\/\/elsembradorministries.com\/esne\/wp-json\/wp\/v2\/types\/page"}],"author":[{"embeddable":true,"href":"https:\/\/elsembradorministries.com\/esne\/wp-json\/wp\/v2\/users\/1"}],"replies":[{"embeddable":true,"href":"https:\/\/elsembradorministries.com\/esne\/wp-json\/wp\/v2\/comments?post=22360"}],"version-history":[{"count":6,"href":"https:\/\/elsembradorministries.com\/esne\/wp-json\/wp\/v2\/pages\/22360\/revisions"}],"predecessor-version":[{"id":53135,"href":"https:\/\/elsembradorministries.com\/esne\/wp-json\/wp\/v2\/pages\/22360\/revisions\/53135"}],"up":[{"embeddable":true,"href":"https:\/\/elsembradorministries.com\/esne\/wp-json\/wp\/v2\/pages\/22334"}],"wp:attachment":[{"href":"https:\/\/elsembradorministries.com\/esne\/wp-json\/wp\/v2\/media?parent=22360"}],"wp:term":[{"taxonomy":"category","embeddable":true,"href":"https:\/\/elsembradorministries.com\/esne\/wp-json\/wp\/v2\/categories?post=22360"}],"curies":[{"name":"wp","href":"https:\/\/api.w.org\/{rel}","templated":true}]}}