{"id":22412,"date":"2019-07-17T09:45:03","date_gmt":"2019-07-17T16:45:03","guid":{"rendered":"http:\/\/elsembradorministries.com\/esne\/?page_id=22412"},"modified":"2024-11-13T13:50:39","modified_gmt":"2024-11-13T21:50:39","slug":"oraciones-por-los-jovenes","status":"publish","type":"page","link":"https:\/\/elsembradorministries.com\/esne\/oraciones-y-devocionales\/oraciones-por-los-jovenes\/","title":{"rendered":"Oraciones por los J\u00f3venes"},"content":{"rendered":"\t\t<div data-elementor-type=\"wp-post\" data-elementor-id=\"22412\" class=\"elementor elementor-22412\">\n\t\t\t\t\t\t<section class=\"has_eae_slider elementor-section elementor-top-section elementor-element elementor-element-129c9c93 elementor-section-stretched elementor-section-full_width elementor-section-height-default elementor-section-height-default\" data-eae-slider=\"23345\" data-id=\"129c9c93\" data-element_type=\"section\" data-e-type=\"section\" data-settings=\"{&quot;stretch_section&quot;:&quot;section-stretched&quot;}\">\n\t\t\t\t\t\t<div class=\"elementor-container elementor-column-gap-no\">\n\t\t\t\t\t<div class=\"has_eae_slider elementor-column elementor-col-100 elementor-top-column elementor-element elementor-element-39d3477d\" data-eae-slider=\"68944\" data-id=\"39d3477d\" data-element_type=\"column\" data-e-type=\"column\">\n\t\t\t<div class=\"elementor-widget-wrap elementor-element-populated\">\n\t\t\t\t\t\t<div class=\"elementor-element elementor-element-569a2ca7 elementor-hidden-mobile elementor-widget elementor-widget-image\" data-id=\"569a2ca7\" data-element_type=\"widget\" data-e-type=\"widget\" data-widget_type=\"image.default\">\n\t\t\t\t<div class=\"elementor-widget-container\">\n\t\t\t\t\t\t\t\t\t\t\t\t\t\t\t<img fetchpriority=\"high\" decoding=\"async\" width=\"1920\" height=\"747\" src=\"https:\/\/elsembradorministries.com\/esne\/wp-content\/uploads\/2019\/07\/jovenes-web-2.jpg\" class=\"attachment-full size-full wp-image-22526\" alt=\"\" srcset=\"https:\/\/elsembradorministries.com\/esne\/wp-content\/uploads\/2019\/07\/jovenes-web-2.jpg 1920w, https:\/\/elsembradorministries.com\/esne\/wp-content\/uploads\/2019\/07\/jovenes-web-2-300x117.jpg 300w, https:\/\/elsembradorministries.com\/esne\/wp-content\/uploads\/2019\/07\/jovenes-web-2-768x299.jpg 768w, https:\/\/elsembradorministries.com\/esne\/wp-content\/uploads\/2019\/07\/jovenes-web-2-1024x398.jpg 1024w\" sizes=\"(max-width: 1920px) 100vw, 1920px\" \/>\t\t\t\t\t\t\t\t\t\t\t\t\t\t\t<\/div>\n\t\t\t\t<\/div>\n\t\t\t\t<div class=\"elementor-element elementor-element-4e75790a elementor-hidden-desktop elementor-hidden-tablet elementor-widget elementor-widget-image\" data-id=\"4e75790a\" data-element_type=\"widget\" data-e-type=\"widget\" data-widget_type=\"image.default\">\n\t\t\t\t<div class=\"elementor-widget-container\">\n\t\t\t\t\t\t\t\t\t\t\t\t\t\t\t<img decoding=\"async\" width=\"800\" height=\"802\" src=\"https:\/\/elsembradorministries.com\/esne\/wp-content\/uploads\/2019\/07\/jovenes-mobile-2.jpg\" class=\"attachment-full size-full wp-image-22527\" alt=\"\" srcset=\"https:\/\/elsembradorministries.com\/esne\/wp-content\/uploads\/2019\/07\/jovenes-mobile-2.jpg 800w, https:\/\/elsembradorministries.com\/esne\/wp-content\/uploads\/2019\/07\/jovenes-mobile-2-150x150.jpg 150w, https:\/\/elsembradorministries.com\/esne\/wp-content\/uploads\/2019\/07\/jovenes-mobile-2-300x300.jpg 300w, https:\/\/elsembradorministries.com\/esne\/wp-content\/uploads\/2019\/07\/jovenes-mobile-2-768x770.jpg 768w\" sizes=\"(max-width: 800px) 100vw, 800px\" \/>\t\t\t\t\t\t\t\t\t\t\t\t\t\t\t<\/div>\n\t\t\t\t<\/div>\n\t\t\t\t\t<\/div>\n\t\t<\/div>\n\t\t\t\t\t<\/div>\n\t\t<\/section>\n\t\t\t\t<section class=\"has_eae_slider elementor-section elementor-top-section elementor-element elementor-element-90616d3 elementor-section-content-middle elementor-section-boxed elementor-section-height-default elementor-section-height-default\" data-eae-slider=\"53901\" data-id=\"90616d3\" data-element_type=\"section\" data-e-type=\"section\" data-settings=\"{&quot;background_background&quot;:&quot;classic&quot;}\">\n\t\t\t\t\t\t<div class=\"elementor-container elementor-column-gap-no\">\n\t\t\t\t\t<div class=\"has_eae_slider elementor-column elementor-col-100 elementor-top-column elementor-element elementor-element-765a560a\" data-eae-slider=\"84101\" data-id=\"765a560a\" data-element_type=\"column\" data-e-type=\"column\">\n\t\t\t<div class=\"elementor-widget-wrap elementor-element-populated\">\n\t\t\t\t\t\t<div class=\"elementor-element elementor-element-150c363a elementor-widget elementor-widget-text-editor\" data-id=\"150c363a\" data-element_type=\"widget\" data-e-type=\"widget\" data-widget_type=\"text-editor.default\">\n\t\t\t\t<div class=\"elementor-widget-container\">\n\t\t\t\t\t\t\t\t\t<h3>Oraci\u00f3n a San Juan Bosco para los j\u00f3venes<\/h3><p>Oh glorioso San Juan Bosco, que para conducir a los j\u00f3venes a los pies del divino Maestro y moldearlos a la luz de la fe y de la moral cristiana, te sacrificaste heroicamente hasta el final de tu vida y creaste un Instituto religioso propio destinado a perdurar y a llevar hasta los confines m\u00e1s lejanos de la tierra tu obra gloriosa, Obt\u00e9n tambi\u00e9n para nosotros de Nuestro Se\u00f1or un amor santo por los j\u00f3venes que est\u00e1n expuestos a tantas seducciones, para que podamos gastarnos generosamente en sostenerlos contra las trampas del diablo, en mantenerlos a salvo de los peligros del mundo, y en guiarlos, puros y santos, en el camino que conduce a Dios.<\/p><p>Am\u00e9n.<\/p><p><img decoding=\"async\" data-id=\"22013\" src=\"https:\/\/elsembradorministries.com\/esne\/wp-content\/uploads\/2019\/06\/misterios-separator-esne.jpg\" alt=\"\" width=\"800\" height=\"126\" \/><\/p><p><img loading=\"lazy\" decoding=\"async\" data-id=\"22497\" src=\"https:\/\/elsembradorministries.com\/esne\/wp-content\/uploads\/2019\/07\/oraciones-jovenes-ind-consagracion-a-maria.jpg\" alt=\"\" width=\"800\" height=\"340\" class=\"aligncenter size-full wp-image-22497\" srcset=\"https:\/\/elsembradorministries.com\/esne\/wp-content\/uploads\/2019\/07\/oraciones-jovenes-ind-consagracion-a-maria.jpg 800w, https:\/\/elsembradorministries.com\/esne\/wp-content\/uploads\/2019\/07\/oraciones-jovenes-ind-consagracion-a-maria-300x128.jpg 300w, https:\/\/elsembradorministries.com\/esne\/wp-content\/uploads\/2019\/07\/oraciones-jovenes-ind-consagracion-a-maria-768x326.jpg 768w\" sizes=\"(max-width: 800px) 100vw, 800px\" \/><\/p><h3>ACTO DE CONSAGRACI\u00d3N DE LOS J\u00d3VENES A MAR\u00cdA<\/h3><p><strong><em>Fuente: <a href=\"https:\/\/w2.vatican.va\/content\/john-paul-ii\/es\/prayers.index.1.html\">P\u00e1gina de El Vaticano<\/a> <\/em><\/strong><\/p><p>\u00abHe ah\u00ed a tu Madre\u00bb (Jn 19, 27).<br \/>Es Jes\u00fas, oh Virgen Mar\u00eda,<br \/>quien desde la cruz<br \/>nos quiso encomendar a ti,<br \/>no para atenuar,<br \/>sino para reafirmar<br \/>su papel exclusivo de Salvador del mundo.<\/p><p>Si en el disc\u00edpulo Juan<br \/>te han sido encomendados<br \/>todos los hijos de la Iglesia,<br \/>mucho m\u00e1s me complace<br \/>ver encomendados a ti, oh Mar\u00eda,<br \/>a los j\u00f3venes del mundo.<\/p><p>A ti, dulce Madre,<br \/>cuya protecci\u00f3n he experimentado siempre,<br \/>esta tarde los encomiendo de nuevo.<br \/>Bajo tu manto,<br \/>bajo tu protecci\u00f3n,<br \/>todos buscan refugio.<\/p><p>T\u00fa, Madre de la divina gracia,<br \/>haz que resplandezcan con la belleza de Cristo.<br \/>Son los j\u00f3venes de este siglo,<br \/>que en el alba del nuevo milenio<br \/>viven a\u00fan los tormentos que derivan del pecado,<br \/>del odio, de la violencia,<br \/>del terrorismo y de la guerra.<\/p><p>Pero son tambi\u00e9n los j\u00f3venes a quienes la Iglesia<br \/>mira con confianza, con la certeza<br \/>de que, con la ayuda de la gracia de Dios,<br \/>lograr\u00e1n creer y vivir<br \/>como testigos del Evangelio<br \/>en el hoy de la historia.<\/p><p>Oh Mar\u00eda,<br \/>ay\u00fadales a responder a su vocaci\u00f3n.<br \/>Gu\u00edalos al conocimiento del amor verdadero<br \/>y bendice sus afectos.<br \/>Sostenlos en el momento del sufrimiento.<br \/>Convi\u00e9rtelos en anunciadores intr\u00e9pidos<br \/>del saludo de Cristo<br \/>el d\u00eda de Pascua: \u00a1La paz est\u00e9 con vosotros!<\/p><p>Juntamente con ellos,<br \/>tambi\u00e9n yo me encomiendo<br \/>una vez m\u00e1s a ti,<br \/>y con afecto confiado te repito: <br \/>Totus tuus ego sum!<br \/>\u00a1Soy todo tuyo!<br \/>Y tambi\u00e9n cada uno de ellos,<br \/>conmigo, te dice: <br \/>Totus tuus!<br \/>Totus tuus!<\/p><p>Am\u00e9n.<\/p>\t\t\t\t\t\t\t\t<\/div>\n\t\t\t\t<\/div>\n\t\t\t\t\t<\/div>\n\t\t<\/div>\n\t\t\t\t\t<\/div>\n\t\t<\/section>\n\t\t\t\t<section class=\"has_eae_slider elementor-section elementor-top-section elementor-element elementor-element-34c6a7fd elementor-section-full_width elementor-section-height-default elementor-section-height-default\" data-eae-slider=\"95135\" data-id=\"34c6a7fd\" data-element_type=\"section\" data-e-type=\"section\">\n\t\t\t\t\t\t<div class=\"elementor-container elementor-column-gap-default\">\n\t\t\t\t\t<div class=\"has_eae_slider elementor-column elementor-col-100 elementor-top-column elementor-element elementor-element-57765f97\" data-eae-slider=\"54866\" data-id=\"57765f97\" data-element_type=\"column\" data-e-type=\"column\">\n\t\t\t<div class=\"elementor-widget-wrap elementor-element-populated\">\n\t\t\t\t\t\t<div class=\"elementor-element elementor-element-68c36af3 elementor-widget elementor-widget-image\" data-id=\"68c36af3\" data-element_type=\"widget\" data-e-type=\"widget\" data-widget_type=\"image.default\">\n\t\t\t\t<div class=\"elementor-widget-container\">\n\t\t\t\t\t\t\t\t\t\t\t\t\t\t\t<img loading=\"lazy\" decoding=\"async\" width=\"190\" height=\"160\" src=\"https:\/\/elsembradorministries.com\/esne\/wp-content\/uploads\/2019\/06\/rosario-bottom-1.png\" class=\"attachment-full size-full wp-image-21967\" alt=\"\" \/>\t\t\t\t\t\t\t\t\t\t\t\t\t\t\t<\/div>\n\t\t\t\t<\/div>\n\t\t\t\t\t<\/div>\n\t\t<\/div>\n\t\t\t\t\t<\/div>\n\t\t<\/section>\n\t\t\t\t<section class=\"has_eae_slider elementor-section elementor-top-section elementor-element elementor-element-42c5f64d elementor-section-boxed elementor-section-height-default elementor-section-height-default\" data-eae-slider=\"64186\" data-id=\"42c5f64d\" data-element_type=\"section\" data-e-type=\"section\">\n\t\t\t\t\t\t<div class=\"elementor-container elementor-column-gap-default\">\n\t\t\t\t\t<div class=\"has_eae_slider elementor-column elementor-col-100 elementor-top-column elementor-element elementor-element-24aa5aa0\" data-eae-slider=\"61620\" data-id=\"24aa5aa0\" data-element_type=\"column\" data-e-type=\"column\">\n\t\t\t<div class=\"elementor-widget-wrap elementor-element-populated\">\n\t\t\t\t\t\t<div class=\"elementor-element elementor-element-1d7ef173 elementor-widget elementor-widget-html\" data-id=\"1d7ef173\" data-element_type=\"widget\" data-e-type=\"widget\" data-widget_type=\"html.default\">\n\t\t\t\t<div class=\"elementor-widget-container\">\n\t\t\t\t\t<!-- Remove Cusotm floating main menu -->\r\n<style>\r\n#center12 {\r\n    display: none;\r\n}\r\n<\/style>\t\t\t\t<\/div>\n\t\t\t\t<\/div>\n\t\t\t\t\t<\/div>\n\t\t<\/div>\n\t\t\t\t\t<\/div>\n\t\t<\/section>\n\t\t\t\t<\/div>\n\t\t","protected":false},"excerpt":{"rendered":"<p>Oraci\u00f3n a San Juan Bosco para los j\u00f3venes Oh glorioso San Juan Bosco, que para conducir a los j\u00f3venes a los pies del divino Maestro y moldearlos a la luz de la fe y de la moral cristiana, te sacrificaste heroicamente hasta el final de tu vida y creaste un Instituto religioso propio destinado a [&hellip;]<\/p>\n","protected":false},"author":1,"featured_media":0,"parent":22334,"menu_order":0,"comment_status":"closed","ping_status":"closed","template":"elementor_canvas","meta":{"_acf_changed":false,"ocean_post_layout":"","ocean_both_sidebars_style":"","ocean_both_sidebars_content_width":0,"ocean_both_sidebars_sidebars_width":0,"ocean_sidebar":"0","ocean_second_sidebar":"0","ocean_disable_margins":"enable","ocean_add_body_class":"","ocean_shortcode_before_top_bar":"","ocean_shortcode_after_top_bar":"","ocean_shortcode_before_header":"","ocean_shortcode_after_header":"","ocean_has_shortcode":"","ocean_shortcode_after_title":"","ocean_shortcode_before_footer_widgets":"","ocean_shortcode_after_footer_widgets":"","ocean_shortcode_before_footer_bottom":"","ocean_shortcode_after_footer_bottom":"","ocean_display_top_bar":"default","ocean_display_header":"default","ocean_header_style":"","ocean_center_header_left_menu":"0","ocean_custom_header_template":"0","ocean_custom_logo":0,"ocean_custom_retina_logo":0,"ocean_custom_logo_max_width":0,"ocean_custom_logo_tablet_max_width":0,"ocean_custom_logo_mobile_max_width":0,"ocean_custom_logo_max_height":0,"ocean_custom_logo_tablet_max_height":0,"ocean_custom_logo_mobile_max_height":0,"ocean_header_custom_menu":"0","ocean_menu_typo_font_family":"0","ocean_menu_typo_font_subset":"","ocean_menu_typo_font_size":0,"ocean_menu_typo_font_size_tablet":0,"ocean_menu_typo_font_size_mobile":0,"ocean_menu_typo_font_size_unit":"px","ocean_menu_typo_font_weight":"","ocean_menu_typo_font_weight_tablet":"","ocean_menu_typo_font_weight_mobile":"","ocean_menu_typo_transform":"","ocean_menu_typo_transform_tablet":"","ocean_menu_typo_transform_mobile":"","ocean_menu_typo_line_height":0,"ocean_menu_typo_line_height_tablet":0,"ocean_menu_typo_line_height_mobile":0,"ocean_menu_typo_line_height_unit":"","ocean_menu_typo_spacing":0,"ocean_menu_typo_spacing_tablet":0,"ocean_menu_typo_spacing_mobile":0,"ocean_menu_typo_spacing_unit":"","ocean_menu_link_color":"","ocean_menu_link_color_hover":"","ocean_menu_link_color_active":"","ocean_menu_link_background":"","ocean_menu_link_hover_background":"","ocean_menu_link_active_background":"","ocean_menu_social_links_bg":"","ocean_menu_social_hover_links_bg":"","ocean_menu_social_links_color":"","ocean_menu_social_hover_links_color":"","ocean_disable_title":"on","ocean_disable_heading":"default","ocean_post_title":"","ocean_post_subheading":"","ocean_post_title_style":"","ocean_post_title_background_color":"","ocean_post_title_background":0,"ocean_post_title_bg_image_position":"","ocean_post_title_bg_image_attachment":"","ocean_post_title_bg_image_repeat":"","ocean_post_title_bg_image_size":"","ocean_post_title_height":0,"ocean_post_title_bg_overlay":0.5,"ocean_post_title_bg_overlay_color":"","ocean_disable_breadcrumbs":"default","ocean_breadcrumbs_color":"","ocean_breadcrumbs_separator_color":"","ocean_breadcrumbs_links_color":"","ocean_breadcrumbs_links_hover_color":"","ocean_display_footer_widgets":"default","ocean_display_footer_bottom":"default","ocean_custom_footer_template":"0","footnotes":""},"categories":[16],"class_list":["post-22412","page","type-page","status-publish","hentry","category-oraciones-y-devocionales","entry"],"acf":[],"publishpress_future_action":{"enabled":false,"date":"2026-05-05 04:25:23","action":"change-status","newStatus":"draft","terms":[],"taxonomy":"category","extraData":[]},"publishpress_future_workflow_manual_trigger":{"enabledWorkflows":[]},"_links":{"self":[{"href":"https:\/\/elsembradorministries.com\/esne\/wp-json\/wp\/v2\/pages\/22412","targetHints":{"allow":["GET"]}}],"collection":[{"href":"https:\/\/elsembradorministries.com\/esne\/wp-json\/wp\/v2\/pages"}],"about":[{"href":"https:\/\/elsembradorministries.com\/esne\/wp-json\/wp\/v2\/types\/page"}],"author":[{"embeddable":true,"href":"https:\/\/elsembradorministries.com\/esne\/wp-json\/wp\/v2\/users\/1"}],"replies":[{"embeddable":true,"href":"https:\/\/elsembradorministries.com\/esne\/wp-json\/wp\/v2\/comments?post=22412"}],"version-history":[{"count":6,"href":"https:\/\/elsembradorministries.com\/esne\/wp-json\/wp\/v2\/pages\/22412\/revisions"}],"predecessor-version":[{"id":53141,"href":"https:\/\/elsembradorministries.com\/esne\/wp-json\/wp\/v2\/pages\/22412\/revisions\/53141"}],"up":[{"embeddable":true,"href":"https:\/\/elsembradorministries.com\/esne\/wp-json\/wp\/v2\/pages\/22334"}],"wp:attachment":[{"href":"https:\/\/elsembradorministries.com\/esne\/wp-json\/wp\/v2\/media?parent=22412"}],"wp:term":[{"taxonomy":"category","embeddable":true,"href":"https:\/\/elsembradorministries.com\/esne\/wp-json\/wp\/v2\/categories?post=22412"}],"curies":[{"name":"wp","href":"https:\/\/api.w.org\/{rel}","templated":true}]}}